{"id":1276,"date":"2026-04-03T10:17:03","date_gmt":"2026-04-03T10:17:03","guid":{"rendered":"https:\/\/gemeentegrot.nl\/?page_id=1276"},"modified":"2026-04-28T21:11:42","modified_gmt":"2026-04-28T21:11:42","slug":"ueber-uns","status":"publish","type":"page","link":"https:\/\/gemeentegrot.nl\/de\/kontakt\/ueber-uns\/","title":{"rendered":"\u00dcber uns"},"content":{"rendered":"<section class=\"banner  align wp-block-acf-banner\" style=\"background: url(https:\/\/gemeentegrot.nl\/wp-content\/uploads\/2026\/03\/bg-banner.png) 50% 50% no-repeat; background-size: cover;\">\n    \n    <div class=\"container\">\n                <div class=\"row d-none d-lg-flex d-md-flex justify-content-center\">\n            <div class=\"col-xxl-5 text-center col-lg-7 col-md-12 col-12 pb-5 pb-lg-0\">\n                <h1 class=\"display-1\">\u00dcber uns<\/h1>                    <div class=\"buttons justify-content-center\">\n                                                        <a href=\"https:\/\/gemeentegrot.nl\/de\/tickets\/\"\n                                   class=\"btn btn-default\"\n                                   target=\"\">\n                                    Tickets<i class=\"fa fa-angle-right\"><\/i>\n                                <\/a>\n                                                                        <\/div>\n                \n                \n            <\/div>\n        <\/div>\n        \n        <div class=\"row d-flex d-lg-none d-md-none justify-content-center\">\n            <div class=\"col-xxl-5 text-center col-lg-12 col-md-12 col-10\">\n                <div class=\"text-wrapper\">\n                <h1 class=\"display-1\">\u00dcber uns<\/h1>  \n                                    <div class=\"buttons justify-content-center\">\n                                                        <a href=\"https:\/\/gemeentegrot.nl\/de\/tickets\/\"\n                                   class=\"btn btn-default\"\n                                   target=\"\">\n                                    Tickets <i class=\"fa fa-angle-right\"><\/i>\n                                <\/a>\n                                                                        <\/div>\n                                <\/div>\n            <\/div>\n        <\/div>\n    <\/div>\n    <img decoding=\"async\" class=\"art\" src=\"https:\/\/gemeentegrot.nl\/wp-content\/themes\/gemeentegrotvalkenburg\/assets\/img\/banner-art.png\" alt=\"\" \/>\n    <div class=\"texture\"><\/div>\n<\/section>\n\n\n<section class=\"text-carousel slider texture  align wp-block-acf-textcarousel\">\n    <div class=\"container-fluid\">\n        <div class=\"row\">\n            <div class=\"col-xxl-12 p-0 col-lg-12 col-md-12 col-12\">\n                <div class=\"owl-carousel owl-theme slider-carousel\">\n                                                                    <div class=\"item\">\n                            <div class=\"bg\" style=\"background: url(https:\/\/gemeentegrot.nl\/wp-content\/uploads\/2026\/03\/slider-bg-1.png) 50% 50% no-repeat; background-size: cover;\">\n                                <div>\n                                                                            <img decoding=\"async\" src=\"https:\/\/gemeentegrot.nl\/wp-content\/uploads\/2026\/03\/slider-icon-1.png\" alt=\"Echte und ehrliche Geschichten\" \/>\n                                                                                                                <!-- Debug: heading_level= display_class=display-3 -->\n                                        <h3 class=\"display-3\">Echte und ehrliche Geschichten<\/h3>\n                                                                    <\/div>\n                            <\/div>\n                        <\/div>\n                                                <div class=\"item\">\n                            <div class=\"bg\" style=\"background: url(https:\/\/gemeentegrot.nl\/wp-content\/uploads\/2026\/03\/slider-bg-2.png) 50% 50% no-repeat; background-size: cover;\">\n                                <div>\n                                                                            <img decoding=\"async\" src=\"https:\/\/gemeentegrot.nl\/wp-content\/uploads\/2026\/03\/slider-icon-2.png\" alt=\"Echtes historisches Erbe\" \/>\n                                                                                                                <!-- Debug: heading_level= display_class=display-3 -->\n                                        <h3 class=\"display-3\">Echtes historisches Erbe<\/h3>\n                                                                    <\/div>\n                            <\/div>\n                        <\/div>\n                                                <div class=\"item\">\n                            <div class=\"bg\" style=\"background: url(https:\/\/gemeentegrot.nl\/wp-content\/uploads\/2026\/03\/slider-bg-3.png) 50% 50% no-repeat; background-size: cover;\">\n                                <div>\n                                                                            <img decoding=\"async\" src=\"https:\/\/gemeentegrot.nl\/wp-content\/uploads\/2026\/03\/slider-icon-3.png\" alt=\"Leidenschaftliche Guides mit pers\u00f6nlichen Geschichten\" \/>\n                                                                                                                <!-- Debug: heading_level= display_class=display-3 -->\n                                        <h3 class=\"display-3\">Leidenschaftliche Guides mit pers\u00f6nlichen Geschichten<\/h3>\n                                                                    <\/div>\n                            <\/div>\n                        <\/div>\n                                                <div class=\"item\">\n                            <div class=\"bg\" style=\"background: url(https:\/\/gemeentegrot.nl\/wp-content\/uploads\/2026\/03\/slider-bg-4.png) 50% 50% no-repeat; background-size: cover;\">\n                                <div>\n                                                                            <img decoding=\"async\" src=\"https:\/\/gemeentegrot.nl\/wp-content\/uploads\/2026\/03\/slider-icon-4.png\" alt=\"Einzigartiges Zugerlebnis\" \/>\n                                                                                                                <!-- Debug: heading_level= display_class=display-3 -->\n                                        <h3 class=\"display-3\">Einzigartiges Zugerlebnis<\/h3>\n                                                                    <\/div>\n                            <\/div>\n                        <\/div>\n                                                <div class=\"item\">\n                            <div class=\"bg\" style=\"background: url(https:\/\/gemeentegrot.nl\/wp-content\/uploads\/2026\/04\/img-map.png) 50% 50% no-repeat; background-size: cover;\">\n                                <div>\n                                                                            <img decoding=\"async\" src=\"https:\/\/gemeentegrot.nl\/wp-content\/uploads\/2026\/04\/110-Hectare.png\" alt=\"110 Hektar Tunnelsystem\" \/>\n                                                                                                                <!-- Debug: heading_level= display_class=display-3 -->\n                                        <h3 class=\"display-3\">110 Hektar Tunnelsystem<\/h3>\n                                                                    <\/div>\n                            <\/div>\n                        <\/div>\n                                                <div class=\"item\">\n                            <div class=\"bg\" style=\"background: url(https:\/\/gemeentegrot.nl\/wp-content\/uploads\/2026\/04\/imgi_3_vaste-bewoners.jpeg) 50% 50% no-repeat; background-size: cover;\">\n                                <div>\n                                                                            <img decoding=\"async\" src=\"https:\/\/gemeentegrot.nl\/wp-content\/uploads\/2026\/04\/Google-review.png\" alt=\"4,3 bei Google-Bewertungen\" \/>\n                                                                                                                <!-- Debug: heading_level= display_class=display-3 -->\n                                        <h3 class=\"display-3\">4,3 bei Google-Bewertungen<\/h3>\n                                                                    <\/div>\n                            <\/div>\n                        <\/div>\n                                                <div class=\"item\">\n                            <div class=\"bg\" style=\"background: url(https:\/\/gemeentegrot.nl\/wp-content\/uploads\/2026\/03\/plan-6-e1776242412198.png) 50% 50% no-repeat; background-size: cover;\">\n                                <div>\n                                                                            <img decoding=\"async\" src=\"https:\/\/gemeentegrot.nl\/wp-content\/uploads\/2026\/04\/Toegankelijkheid.png\" alt=\"F\u00fcr jeden zug\u00e4nglich\" \/>\n                                                                                                                <!-- Debug: heading_level= display_class=display-3 -->\n                                        <h3 class=\"display-3\">F\u00fcr jeden zug\u00e4nglich<\/h3>\n                                                                    <\/div>\n                            <\/div>\n                        <\/div>\n                                                            <\/div>\n                            <\/div>\n        <\/div>\n    <\/div>\n<\/section>\n\n\n<section class=\"timeline  align wp-block-acf-timeline\">\n    <div class=\"timeline discovery texture\">\n        <div class=\"container\">\n            <div class=\"row justify-content-center\">\n                <div class=\"col-xxl-6 text-center col-lg-12 col-md-12 col-12\">\n                    <div class=\"section-title\">\n                        <h2 class=\"display-2\">Die verborgene Geschichte<\/h2><div class=\"section-intro\"><p>Die Gemeindegrotte blickt auf eine jahrhundertelange Geschichte zur\u00fcck. Im Laufe der Zeit hat jede Epoche ihre eigenen Spuren und Geschichten hinterlassen. Zusammen bilden sie ein Gangsystem mit einer reichen Vergangenheit, die bis heute sichtbar ist. In der folgenden Zeitleiste nehmen wir dich mit auf eine Reise zu einigen H\u00f6hepunkten dieser Geschichte.<\/p>\n<\/div><div class=\"buttons justify-content-center\"><a href=\"https:\/\/gemeentegrot.nl\/de\/unsere-fuehrungen\/\" class=\"btn btn-primary\" target=\"\">Unsere F\u00fchrungen <i class=\"fa fa-angle-right\"><\/i><\/a><a href=\"https:\/\/gemeentegrot.nl\/de\/tickets\/\" class=\"btn btn-default\" target=\"\">Tickets <i class=\"fa fa-angle-right\"><\/i><\/a><\/div>                    <\/div>\n                <\/div>\n            <\/div>\n        <\/div>\n    <\/div>\n\n    <div class=\"years-section timeline-section texture\">\n        <div class=\"container\">\n            <div class=\"row top\">\n                <div class=\"col-xxl-4 col-lg-4 col-md-12 col-12\">\n                    <div class=\"swiper timeline-main\">\n                        <div class=\"swiper-wrapper\">\n                            <div class=\"swiper-slide\"><div class=\"timeline-card\"><div class=\"timeline-text\"><div class=\"section-title\"><h2 class=\"display-2\">1250 <\/h2><p><p>Beginn des Mergelabbaus in der Gemeindegrotte mit Schlagmei\u00dfeln und S\u00e4gen.<\/p>\n<\/p><\/div><\/div><\/div><\/div><div class=\"swiper-slide\"><div class=\"timeline-card\"><div class=\"timeline-text\"><div class=\"section-title\"><h2 class=\"display-2\">1650<\/h2><p><p>Der Schlagmei\u00dfel wird nach und nach durch den Stechmei\u00dfel ersetzt.<\/p>\n<\/p><\/div><\/div><\/div><\/div><div class=\"swiper-slide\"><div class=\"timeline-card\"><div class=\"timeline-text\"><div class=\"section-title\"><h2 class=\"display-2\">1845-1846<\/h2><p><p>Gro\u00dfer Einsturz in der Grotte. Der Durchgang zur Samth\u00f6hle ist blockiert.<\/p>\n<\/p><\/div><\/div><\/div><\/div><div class=\"swiper-slide\"><div class=\"timeline-card\"><div class=\"timeline-text\"><div class=\"section-title\"><h2 class=\"display-2\">1885<\/h2><p><p>Die erste Touristeninformation wurde er\u00f6ffnet, was den Beginn des Tourismus in Valkenburg markierte.<\/p>\n<\/p><\/div><\/div><\/div><\/div><div class=\"swiper-slide\"><div class=\"timeline-card\"><div class=\"timeline-text\"><div class=\"section-title\"><h2 class=\"display-2\">1886<\/h2><p><p>Erneuter gro\u00dfer Einsturz. Ein Teil der Grotte wird f\u00fcr den Mergelabbau unbrauchbar, und es werden Grubenverwalter eingesetzt.<\/p>\n<\/p><\/div><\/div><\/div><\/div><div class=\"swiper-slide\"><div class=\"timeline-card\"><div class=\"timeline-text\"><div class=\"section-title\"><h2 class=\"display-2\">1939<\/h2><p><p>In der H\u00f6hle werden Markierungen angebracht, um zu zeigen, wo sich Menschen bei Kriegsgefahr verstecken konnten.<\/p>\n<\/p><\/div><\/div><\/div><\/div><div class=\"swiper-slide\"><div class=\"timeline-card\"><div class=\"timeline-text\"><div class=\"section-title\"><h2 class=\"display-2\">September 1944 <\/h2><p><p>Etwa 3000 Einwohner von Valkenburg suchten w\u00e4hrend der Befreiung Zuflucht in der Gemeindegrotte.<\/p>\n<\/p><\/div><\/div><\/div><\/div><div class=\"swiper-slide\"><div class=\"timeline-card\"><div class=\"timeline-text\"><div class=\"section-title\"><h2 class=\"display-2\">Nach dem Zweiten Weltkrieg<\/h2><p><p>Mergelsteine aus der Grotte werden verwendet, um besch\u00e4digte H\u00e4user in Valkenburg wiederherzustellen.<\/p>\n<\/p><\/div><\/div><\/div><\/div><div class=\"swiper-slide\"><div class=\"timeline-card\"><div class=\"timeline-text\"><div class=\"section-title\"><h2 class=\"display-2\">1948 <\/h2><p><p>Erste Rad-Weltmeisterschaft in Valkenburg mit dem Cauberg als Ziel. Der Beginn der Radsportgeschichte in der Grotte.<\/p>\n<\/p><\/div><\/div><\/div><\/div><div class=\"swiper-slide\"><div class=\"timeline-card\"><div class=\"timeline-text\"><div class=\"section-title\"><h2 class=\"display-2\">1975 <\/h2><p><p>Baubeginn eines gro\u00dfen Schutzbunkers in der Grotte w\u00e4hrend des Kalten Krieges.<\/p>\n<\/p><\/div><\/div><\/div><\/div><div class=\"swiper-slide\"><div class=\"timeline-card\"><div class=\"timeline-text\"><div class=\"section-title\"><h2 class=\"display-2\">1979<\/h2><p><p>Der Schutzkeller f\u00fcr etwa 15.000 Menschen wird fertiggestellt.<\/p>\n<\/p><\/div><\/div><\/div><\/div><div class=\"swiper-slide\"><div class=\"timeline-card\"><div class=\"timeline-text\"><div class=\"section-title\"><h2 class=\"display-2\">1989<\/h2><p><p>Die Instandhaltung des Luftschutzbunkers wird nach dem Ende des Kalten Krieges eingestellt.<\/p>\n<\/p><\/div><\/div><\/div><\/div>                        <\/div>\n                    <\/div>\n                <\/div>\n                <div class=\"col-xxl-8 col-lg-8 col-md-12 col-12\">\n                    <div class=\"swiper image-slider\">\n                        <div class=\"swiper-wrapper\">\n                            <div class=\"swiper-slide\"><img decoding=\"async\" class=\"f1\" src=\"https:\/\/gemeentegrot.nl\/wp-content\/uploads\/2026\/04\/time-line-2.png\" alt=\"1250 \"><\/div><div class=\"swiper-slide\"><img decoding=\"async\" class=\"f1\" src=\"https:\/\/gemeentegrot.nl\/wp-content\/uploads\/2026\/04\/time-line-1.png\" alt=\"1650\"><\/div><div class=\"swiper-slide\"><\/div><div class=\"swiper-slide\"><\/div><div class=\"swiper-slide\"><\/div><div class=\"swiper-slide\"><\/div><div class=\"swiper-slide\"><\/div><div class=\"swiper-slide\"><\/div><div class=\"swiper-slide\"><\/div><div class=\"swiper-slide\"><\/div><div class=\"swiper-slide\"><\/div><div class=\"swiper-slide\"><\/div>                        <\/div>\n                    <\/div>\n                <\/div>\n            <\/div>\n            <div class=\"row\">\n                <div class=\"col-xxl-12 position-relative col-lg-12 col-md-12 col-12\">\n                    <div class=\"swiper timeline-years\">\n                        <div class=\"swiper-wrapper\">\n                            <div class=\"swiper-slide\">1250 <\/div><div class=\"swiper-slide\">1650<\/div><div class=\"swiper-slide\">1845-1846<\/div><div class=\"swiper-slide\">1885<\/div><div class=\"swiper-slide\">1886<\/div><div class=\"swiper-slide\">1939<\/div><div class=\"swiper-slide\">September 1944 <\/div><div class=\"swiper-slide\">Nach dem Zweiten Weltkrieg<\/div><div class=\"swiper-slide\">1948 <\/div><div class=\"swiper-slide\">1975 <\/div><div class=\"swiper-slide\">1979<\/div><div class=\"swiper-slide\">1989<\/div>                        <\/div>\n                    <\/div>\n                    <div class=\"timeline-nav\">\n                        <div class=\"timeline-btn prev\"><img decoding=\"async\" src=\"\/wp-content\/themes\/gemeentegrotvalkenburg\/assets\/img\/arrow-left.png\" alt=\"Previous\"><\/div>\n                        <div class=\"timeline-btn next\"><img decoding=\"async\" src=\"\/wp-content\/themes\/gemeentegrotvalkenburg\/assets\/img\/arrow-right.png\" alt=\"Next\"><\/div>\n                    <\/div>\n                <\/div>\n            <\/div>\n        <\/div>\n    <\/div>\n<\/section>\n\n\n<section class=\"divider before-has-background-color-transparent  align wp-block-acf-divider\" >\n    <div class=\"texture\"><\/div>\n    <img decoding=\"async\" class=\" art\" src=\"https:\/\/gemeentegrot.nl\/wp-content\/uploads\/2026\/03\/stone-img-slider-scaled.png\" alt=\"\">            <div class=\"infobtn\" style=\"top: 30%; left: 20%;\">\n                <a class=\"tooltip-anchor active\">\n                    <img decoding=\"async\" src=\"https:\/\/gemeentegrot.nl\/wp-content\/themes\/gemeentegrotvalkenburg\/assets\/img\/info.png\" alt=\"\">\n                <\/a>\n                <div class=\"infodiv d-none\">\n                    <img decoding=\"async\" src=\"https:\/\/gemeentegrot.nl\/wp-content\/themes\/gemeentegrotvalkenburg\/assets\/img\/info2.png\" alt=\"\">\n                    <a class=\"closebtn\"><img decoding=\"async\" src=\"https:\/\/gemeentegrot.nl\/wp-content\/themes\/gemeentegrotvalkenburg\/blocks\/divider\/close.png\" alt=\"\"><\/a>\n                    <p>Der Mergel aus den Grotten wurde nicht nur vor Ort verwendet, sondern auch in andere Teile der Niederlande exportiert.<\/p>\n                <\/div>\n            <\/div>\n                    <div class=\"infobtn\" style=\"top: 50%; left: 80%;\">\n                <a class=\"tooltip-anchor \">\n                    <img decoding=\"async\" src=\"https:\/\/gemeentegrot.nl\/wp-content\/themes\/gemeentegrotvalkenburg\/assets\/img\/info.png\" alt=\"\">\n                <\/a>\n                <div class=\"infodiv d-none\">\n                    <img decoding=\"async\" src=\"https:\/\/gemeentegrot.nl\/wp-content\/themes\/gemeentegrotvalkenburg\/assets\/img\/info2.png\" alt=\"\">\n                    <a class=\"closebtn\"><img decoding=\"async\" src=\"https:\/\/gemeentegrot.nl\/wp-content\/themes\/gemeentegrotvalkenburg\/blocks\/divider\/close.png\" alt=\"\"><\/a>\n                    <p>In der Gemeindegrotte wurde von etwa 1250 bis 1920 Mergel von Steinbrechern abgebaut.<\/p>\n                <\/div>\n            <\/div>\n        <\/section>\n\n\n<section class=\"img-slider homepage  align wp-block-acf-imgslider\">\n    <div class=\"container-fluid\">\n        <div class=\"row\">\n            <div class=\"col-xxl-12 p-0 col-lg-12 col-md-12 col-12\">\n                <div id=\"homepage-img-carousel\" class=\"owl-carousel owl-theme img-carousel\">\n                                                                    <div class=\"item\">\n                            <div class=\"main\">\n                                                                    <img decoding=\"async\" class=\"w-100 d-inline-block\" src=\"https:\/\/gemeentegrot.nl\/wp-content\/uploads\/2026\/04\/Gemeentegrot-BrandinginMotion-LR-179.jpg\" alt=\"\" \/>\n                                                                                            <\/div>\n                        <\/div>\n                                                <div class=\"item\">\n                            <div class=\"main\">\n                                                                    <img decoding=\"async\" class=\"w-100 d-inline-block\" src=\"https:\/\/gemeentegrot.nl\/wp-content\/uploads\/2026\/04\/Gemeentegrot-BrandinginMotion-LR-177.jpg\" alt=\"\" \/>\n                                                                                            <\/div>\n                        <\/div>\n                                                            <\/div>\n                <div class=\"container\">\n                    <div class=\"row align-items-end\">\n                        <div class=\"col-xxl-4 col-lg-6 col-md-12 col-12\">\n                            <div class=\"align-text\">\n                                                                                            <\/div>\n                        <\/div>\n                    <\/div>\n                <\/div>\n                <div class=\"custom-pagination3 custom-pager white\">\n                    <span class=\"current\">1<\/span> \/ <span class=\"total\">1<\/span>\n                <\/div>\n                <div class=\"img-carousel-nav\">\n                    <button type=\"button\" role=\"presentation\" class=\"img-carousel-prev\" data-target=\"#homepage-img-carousel\"><img decoding=\"async\" src=\"https:\/\/gemeentegrot.nl\/wp-content\/themes\/gemeentegrotvalkenburg\/assets\/img\/arrow-left-white.png\" alt=\"\" aria-hidden=\"true\"><\/button>\n                    <button type=\"button\" role=\"presentation\" class=\"img-carousel-next\" data-target=\"#homepage-img-carousel\"><img decoding=\"async\" src=\"https:\/\/gemeentegrot.nl\/wp-content\/themes\/gemeentegrotvalkenburg\/assets\/img\/arrow-right-white.png\" alt=\"\" aria-hidden=\"true\"><\/button>\n                <\/div>\n            <\/div>\n        <\/div>\n    <\/div>\n<\/section>\n\n\n<section class=\"discovery-slider did-know texture has-background-color-licht-beige align wp-block-acf-discoveryslider\" style=\"\">\n        <div class=\"container\">\n        <div class=\"row align-items-center\">\n            <div class=\"col-xxl-4 col-lg-4 col-md-12 col-12 order-lg-1 order-md-2 order-1 \">\n                <div class=\"section-title\">\n                    <h2 class=\"display-2\">Wusstest du das?!<\/h2><p>In den G\u00e4ngen der Grotte sind noch immer Spuren der Vergangenheit zu finden. Hinter jeder Ecke verbirgt sich ein besonderes Detail oder eine Geschichte. Wusstest du, dass\u2026<\/p>\n                                            <div class=\"buttons justify-content-center justify-content-lg-start\">\n                                                                <a href=\"https:\/\/gemeentegrot.nl\/de\/unsere-fuehrungen\/\"\n                                       class=\"btn btn-primary\"\n                                       target=\"\">\n                                        Unsere F\u00fchrungen <i class=\"fa fa-angle-right\"><\/i>\n                                    <\/a>\n                                                                    <a href=\"https:\/\/gemeentegrot.nl\/de\/tickets\/\"\n                                       class=\"btn btn-default\"\n                                       target=\"\">\n                                        Tickets <i class=\"fa fa-angle-right\"><\/i>\n                                    <\/a>\n                                                        <\/div>\n                                    <\/div>\n            <\/div>\n            <div class=\"col-xxl-8 col-lg-8 col-md-12 col-12 order-lg- order-1 slider-col\">\n                <div class=\"owl-carousel owl-theme didknow-carousel\">\n                                                <div class=\"item\">\n                                <div class=\"bg\" style=\"background: url(https:\/\/gemeentegrot.nl\/wp-content\/uploads\/2026\/04\/Gemeentegrot-BrandinginMotion-LR-21.jpg) 50% 50% no-repeat; background-size: cover;\">\n                                    <div>\n                                        <p>\u2026Steinbrecher oft mit einer Kombination aus S\u00e4ge und Mei\u00dfel arbeiteten, weil S\u00e4gen schnell stumpf wurden und das Sch\u00e4rfen teuer war?<\/p>                                            <div class=\"buttons\">\n                                                                                            <\/div>\n                                                                            <\/div>\n                                <\/div>\n                            <\/div>\n                                                    <div class=\"item\">\n                                <div class=\"bg\" style=\"background: url(https:\/\/gemeentegrot.nl\/wp-content\/uploads\/2026\/03\/bg-know-2.png) 50% 50% no-repeat; background-size: cover;\">\n                                    <div>\n                                        <p>\u2026dass sich in der Grotte eine Kapelle aus der Zeit Napoleons befindet, als der katholische Glaube vor\u00fcbergehend verboten war?<\/p>                                            <div class=\"buttons\">\n                                                                                            <\/div>\n                                                                            <\/div>\n                                <\/div>\n                            <\/div>\n                                                    <div class=\"item\">\n                                <div class=\"bg\" style=\"background: url(https:\/\/gemeentegrot.nl\/wp-content\/uploads\/2026\/04\/Gemeentegrot-BrandinginMotion-LR-23.jpg) 50% 50% no-repeat; background-size: cover;\">\n                                    <div>\n                                        <p>\u2026die Gemeindegrotte nicht nur f\u00fcr F\u00fchrungen genutzt wird, sondern auch f\u00fcr Kunstwerke von K\u00fcnstlern unter anderem aus Breda und Amsterdam?<\/p>                                            <div class=\"buttons\">\n                                                                                            <\/div>\n                                                                            <\/div>\n                                <\/div>\n                            <\/div>\n                                        <\/div>\n                <div class=\"custom-pagination2\">\n                    <span class=\"current\">1<\/span> \/ <span class=\"total\">1<\/span>\n                <\/div>\n            <\/div>\n        <\/div>\n    <\/div>\n<\/section>\n\n\n<section class=\"discovery homepage texture  align wp-block-acf-discovery\">\n    <div class=\"container\">\n        <div class=\"row justify-content-center\">\n            <div class=\"col-xxl-6 text-center col-lg-8 col-md-12 col-12 \">\n                <div class=\"section-title\">\n                    <h2 class=\"display-2\">Unsere Guides<\/h2><p>Tauche gemeinsam mit unseren leidenschaftlichen Guides ins Unbekannte ein. Sie kennen jeden Stein, jedes Geheimnis und jeden Bewohner. Entdecke, was diesen Ort f\u00fcr sie so besonders macht.<\/p>\n                                            <div class=\"buttons justify-content-center\">\n                                                                <a href=\"https:\/\/gemeentegrot.nl\/de\/unsere-guides\/\"\n                                       class=\"btn btn-primary\"\n                                       target=\"\">\n                                        Lerne unsere Guides kennen <i class=\"fa fa-angle-right\"><\/i>\n                                    <\/a>\n                                                                    <a href=\"https:\/\/gemeentegrot.nl\/de\/plane-deinen-besuch\/\"\n                                       class=\"btn btn-primary\"\n                                       target=\"\">\n                                        Plane deinen Besuch <i class=\"fa fa-angle-right\"><\/i>\n                                    <\/a>\n                                                        <\/div>\n                                    <\/div>\n            <\/div>\n        <\/div>\n                <div class=\"row d-none d-lg-flex d-md-flex justify-content-center\">\n            <div class=\"col-xxl-6 col-lg-6 col-md-12 col-12 order-lg-2 order-md-1 order-1\">\n                <div class=\"row\">\n                    <div class=\"col-xxl-12 col-lg-12 col-md-12 col-12\">\n                                                <div class=\"bg\" style=\"background: url(https:\/\/gemeentegrot.nl\/wp-content\/uploads\/2026\/04\/Gemeentegrot-BrandinginMotion-LR-39.jpg) 50% 50% no-repeat; background-size: cover;\">\n                            <div>\n                                <h3 class=\"display-3\">Ferry<\/h3><p>Pass gut auf das auf, was hier hergestellt wurde.<\/p>                            <\/div>\n                        <\/div>\n                                            <\/div>\n                <\/div>\n                <div class=\"row\">\n                                        <div class=\"col-xxl-6 col-lg-6 col-md-6 col-12\">\n                        <div class=\"bg two\" style=\"background: url(https:\/\/gemeentegrot.nl\/wp-content\/uploads\/2026\/04\/Gemeentegrot-BrandinginMotion-LR-189.jpg) 50% 50% no-repeat; background-size: cover;\">\n                                                        <div>\n                                <h3 class=\"display-3\">John<\/h3><p>Geschichten m\u00fcssen weitergegeben werden.<\/p>                            <\/div>\n                        <\/div>\n                    <\/div>\n                                        <div class=\"col-xxl-6 col-lg-6 col-md-6 col-12\">\n                        <div class=\"bg two\" style=\"background: url(https:\/\/gemeentegrot.nl\/wp-content\/uploads\/2026\/04\/Gemeentegrot-BrandinginMotion-LR-75.jpg) 50% 50% no-repeat; background-size: cover;\">\n                                                        <div>\n                                <h3 class=\"display-3\">Rachelle<\/h3><p>Die H\u00f6hle ist einzigartig, so wie sie ist.<\/p>                            <\/div>\n                        <\/div>\n                    <\/div>\n                                    <\/div>\n            <\/div>\n            <div class=\"col-xxl-6 col-lg-6 col-md-12 col-12 order-lg-1 order-md-2 order-2\">\n                <div class=\"row\">\n                    <div class=\"col-xxl-12 col-lg-12 col-md-12 col-12\">\n                                                <div class=\"bg full\" style=\"background: url(https:\/\/gemeentegrot.nl\/wp-content\/uploads\/2026\/04\/Gemeentegrot-BrandinginMotion-LR-54.jpg) 50% 50% no-repeat; background-size: cover;\">\n                            <div>\n                                <h3 class=\"display-3\">Henk<\/h3><p>Jede Epoche hat hier ihre Spuren hinterlassen.<\/p>                            <\/div>\n                        <\/div>\n                                            <\/div>\n                <\/div>\n            <\/div>\n        <\/div>\n        <div class=\"row d-flex d-lg-none d-md-none justify-content-center\">\n            <div class=\"col-xxl-12 pe-0 col-lg-12 col-md-12 col-12\">\n                <div class=\"owl-carousel owl-theme discovery-mobile-carousel\">\n                                            <div class=\"item\">\n                            <div class=\"bg\" style=\"background: url(https:\/\/gemeentegrot.nl\/wp-content\/uploads\/2026\/04\/Gemeentegrot-BrandinginMotion-LR-54.jpg) 50% 50% no-repeat; background-size: cover;\">\n                                                                <div>\n                                    <h3 class=\"display-3\">Henk<\/h3><p>Jede Epoche hat hier ihre Spuren hinterlassen.<\/p>                                <\/div>\n                            <\/div>\n                        <\/div>\n                                            <div class=\"item\">\n                            <div class=\"bg\" style=\"background: url(https:\/\/gemeentegrot.nl\/wp-content\/uploads\/2026\/04\/Gemeentegrot-BrandinginMotion-LR-39.jpg) 50% 50% no-repeat; background-size: cover;\">\n                                                                <div>\n                                    <h3 class=\"display-3\">Ferry<\/h3><p>Pass gut auf das auf, was hier hergestellt wurde.<\/p>                                <\/div>\n                            <\/div>\n                        <\/div>\n                                            <div class=\"item\">\n                            <div class=\"bg\" style=\"background: url(https:\/\/gemeentegrot.nl\/wp-content\/uploads\/2026\/04\/Gemeentegrot-BrandinginMotion-LR-189.jpg) 50% 50% no-repeat; background-size: cover;\">\n                                                                <div>\n                                    <h3 class=\"display-3\">John<\/h3><p>Geschichten m\u00fcssen weitergegeben werden.<\/p>                                <\/div>\n                            <\/div>\n                        <\/div>\n                                            <div class=\"item\">\n                            <div class=\"bg\" style=\"background: url(https:\/\/gemeentegrot.nl\/wp-content\/uploads\/2026\/04\/Gemeentegrot-BrandinginMotion-LR-75.jpg) 50% 50% no-repeat; background-size: cover;\">\n                                                                <div>\n                                    <h3 class=\"display-3\">Rachelle<\/h3><p>Die H\u00f6hle ist einzigartig, so wie sie ist.<\/p>                                <\/div>\n                            <\/div>\n                        <\/div>\n                                    <\/div>\n            <\/div>\n            <div class=\"col-xxl-12 text-end col-lg-12 col-md-12 col-12\">\n                <div class=\"custom-arrow-align mt-3\">\n                    <div class=\"center-block\">\n                        <div class=\"custom-pagination-discovery-mobile custom-pager\">\n                            <span class=\"current\">1<\/span> \/ <span class=\"total\">1<\/span>\n                        <\/div>\n                    <\/div>\n                    <div class=\"custom-nav mt-2 owl-theme\">\n                    <\/div>\n                <\/div>\n            <\/div>\n        <\/div>\n            <\/div>\n<\/section>\n\n\n<section class=\"img-slider-center who-we-do texture  align wp-block-acf-imgslidercenter\">\n        <div class=\"owl-carousel owl-theme who-we-do-image-carousel\">\n                    <div class=\"item\">\n                                    <img decoding=\"async\" class=\"w-100 d-none d-lg-inline-block d-md-inline-block\" src=\"https:\/\/gemeentegrot.nl\/wp-content\/uploads\/2026\/04\/Gemeentegrot-BrandinginMotion-LR-174.jpg\" alt=\"\" \/>\n                                            <\/div>\n                    <div class=\"item\">\n                                    <img decoding=\"async\" class=\"w-100 d-none d-lg-inline-block d-md-inline-block\" src=\"https:\/\/gemeentegrot.nl\/wp-content\/uploads\/2026\/04\/Gemeentegrot-BrandinginMotion-LR-150.jpg\" alt=\"\" \/>\n                                            <\/div>\n                    <div class=\"item\">\n                                    <img decoding=\"async\" class=\"w-100 d-none d-lg-inline-block d-md-inline-block\" src=\"https:\/\/gemeentegrot.nl\/wp-content\/uploads\/2026\/04\/Gemeentegrot-BrandinginMotion-LR-178.jpg\" alt=\"\" \/>\n                                            <\/div>\n            <\/div>\n    <div class=\"align\">\n        <div class=\"container\">\n            <div class=\"row justify-content-center\">\n                <div class=\"col-xxl-5 text-center col-lg-12 col-md-12 col-12\">\n                    <div class=\"owl-carousel owl-theme who-we-do-carousel\">\n                                                    <div class=\"item\">\n                                <div class=\"section-title white\">\n                                    <h2 class=\"display-2\">Unsere Geschichte<\/h2><p>Seit Jahrtausenden sind Menschen von Grotten fasziniert. Von au\u00dfen sieht man nicht, was eine Grotte birgt. Doch wer einen Schritt hineinmacht, betritt eine Welt, in der die W\u00e4nde fl\u00fcstern. Geschichte um Geschichte. Schicht um Schicht. Wir erz\u00e4hlen diese wahre Geschichte, damit die Vergangenheit in der Zukunft weiterlebt.<\/p>\n                                                                    <\/div>\n                            <\/div>\n                                                    <div class=\"item\">\n                                <div class=\"section-title white\">\n                                    <h2 class=\"display-2\">Unsere Geschichte<\/h2><p>Begleite uns hinab ins Unbekannte, wo nur Dunkelheit und Geschichte zur\u00fcckbleiben. Unsere leidenschaftlichen Guides kennen jeden Stein, jedes Geheimnis und jeden Bewohner. Wir teilen die Grotte mit der Natur und Jahrhunderten der Geschichte. Aber wir teilen sie auch mit dir.<\/p>\n                                                                    <\/div>\n                            <\/div>\n                                                    <div class=\"item\">\n                                <div class=\"section-title white\">\n                                    <h2 class=\"display-2\">Unsere Geschichte<\/h2><p>Schlendere durch die G\u00e4nge und sp\u00fcre den Atem derer, die einst hier lebten, oder lass dich mit unserem Zug bis ins Innere des Caubergs entf\u00fchren. Denn was von au\u00dfen verborgen scheint, kommt im Inneren langsam ans Licht. Traust du dich hinzuschauen?<\/p>\n                                                                    <\/div>\n                            <\/div>\n                                            <\/div>\n                    <div class=\"custom-pagination6 custom-pager white\">\n                        <span class=\"current\">1<\/span> \/ <span class=\"total\">1<\/span>\n                    <\/div>\n                <\/div>\n            <\/div>\n        <\/div>\n    <\/div>\n        <img decoding=\"async\" class=\"art\" src=\"https:\/\/gemeentegrot.nl\/wp-content\/themes\/gemeentegrotvalkenburg\/assets\/img\/banner-art.png\" alt=\"\" aria-hidden=\"true\" \/>\n<\/section>\n\n\n<section class=\"discovery homepage texture  align wp-block-acf-discovery\">\n    <div class=\"container\">\n        <div class=\"row justify-content-center\">\n            <div class=\"col-xxl-6 text-center col-lg-8 col-md-12 col-12 \">\n                <div class=\"section-title\">\n                    <h2 class=\"display-2\">Unsere F\u00fchrungen<\/h2><p>Begib dich mit unseren begeisterten Guides auf ein Abenteuer durch die Gemeindegrotte. Erkunde die jahrhundertealten G\u00e4nge zu Fu\u00df oder mit dem Zug, entdecke die Verstecke aus dem Kalten Krieg und dem Zweiten Weltkrieg oder tauche ein in die Radsportgalerie.<\/p>\n                                    <\/div>\n            <\/div>\n        <\/div>\n                <div class=\"row d-none d-lg-flex d-md-flex justify-content-center\">\n            <div class=\"col-xxl-6 col-lg-6 col-md-12 col-12 order-lg-1 order-md-1 order-1\">\n                <div class=\"row\">\n                    <div class=\"col-xxl-12 col-lg-12 col-md-12 col-12\">\n                                                <div class=\"bg\" style=\"background: url(https:\/\/gemeentegrot.nl\/wp-content\/uploads\/2026\/03\/discovery-bg-1.png) 50% 50% no-repeat; background-size: cover;\">\n                            <div>\n                                <h3 class=\"display-3\">F\u00fchrung zu Fu\u00df<\/h3><p>Komm mit auf eine Reise, schlendere durch die jahrhundertealten G\u00e4nge und sp\u00fcre den Atem derer, die einst hier lebten.<\/p>                                    <div class=\"buttons\">\n                                                                                        <a href=\"https:\/\/gemeentegrot.nl\/de\/unsere-fuehrungen\/fuehrung-zu-fuss\/\"\n                                                   class=\"btn btn-default\"\n                                                   target=\"\">\n                                                    Mehr Info <i class=\"fa fa-angle-right\"><\/i>\n                                                <\/a>\n                                                                                            <a href=\"https:\/\/gemeentegrot.nl\/de\/tickets\/\"\n                                                   class=\"btn btn-default\"\n                                                   target=\"\">\n                                                    Tickets <i class=\"fa fa-angle-right\"><\/i>\n                                                <\/a>\n                                                                                <\/div>\n                                                            <\/div>\n                        <\/div>\n                                            <\/div>\n                <\/div>\n                <div class=\"row\">\n                                        <div class=\"col-xxl-6 col-lg-6 col-md-6 col-12\">\n                        <div class=\"bg two\" style=\"background: url(https:\/\/gemeentegrot.nl\/wp-content\/uploads\/2026\/03\/discovery-bg-3.png) 50% 50% no-repeat; background-size: cover;\">\n                                                        <div>\n                                <h3 class=\"display-3\">Radsportgeschichte<\/h3><p>Entdecke die Highlights aus der Welt des Radsports.<\/p>                                    <div class=\"buttons\">\n                                                                                        <a href=\"https:\/\/gemeentegrot.nl\/de\/geschichten-der-grotte\/radsport\/\"\n                                                   class=\"btn btn-default\"\n                                                   target=\"\">\n                                                    Mehr Info <i class=\"fa fa-angle-right\"><\/i>\n                                                <\/a>\n                                                                                <\/div>\n                                                            <\/div>\n                        <\/div>\n                    <\/div>\n                                        <div class=\"col-xxl-6 col-lg-6 col-md-6 col-12\">\n                        <div class=\"bg two\" style=\"background: url(https:\/\/gemeentegrot.nl\/wp-content\/uploads\/2026\/03\/discovery-bg-4.png) 50% 50% no-repeat; background-size: cover;\">\n                                                        <div>\n                                <h3 class=\"display-3\">\u00dcberleben unter der Erde<\/h3><p>Entdecke die Schutzr\u00e4ume aus dem Kalten Krieg und dem Zweiten Weltkrieg.<\/p>                                    <div class=\"buttons\">\n                                                                                        <a href=\"https:\/\/gemeentegrot.nl\/de\/unsere-fuehrungen\/fuehrung-zuflucht-in-der-gemeindegrotte\/\"\n                                                   class=\"btn btn-default\"\n                                                   target=\"\">\n                                                    Mehr Info <i class=\"fa fa-angle-right\"><\/i>\n                                                <\/a>\n                                                                                <\/div>\n                                                            <\/div>\n                        <\/div>\n                    <\/div>\n                                    <\/div>\n            <\/div>\n            <div class=\"col-xxl-6 col-lg-6 col-md-12 col-12 order-lg-2 order-md-2 order-2\">\n                <div class=\"row\">\n                    <div class=\"col-xxl-12 col-lg-12 col-md-12 col-12\">\n                                                <div class=\"bg full\" style=\"background: url(https:\/\/gemeentegrot.nl\/wp-content\/uploads\/2026\/03\/discovery-bg-2.png) 50% 50% no-repeat; background-size: cover;\">\n                            <div>\n                                <h3 class=\"display-3\">F\u00fchrung mit dem Zug<\/h3><p>Erlebe die Geschichte und lass dich von der Vergangenheit zum Herzen des Caubergs entf\u00fchren.<\/p>                                    <div class=\"buttons\">\n                                                                                        <a href=\"https:\/\/gemeentegrot.nl\/de\/unsere-fuehrungen\/fuehrung-mit-dem-zug\/\"\n                                                   class=\"btn btn-default\"\n                                                   target=\"\">\n                                                    Mehr Info <i class=\"fa fa-angle-right\"><\/i>\n                                                <\/a>\n                                                                                            <a href=\"https:\/\/gemeentegrot.nl\/de\/tickets\/\"\n                                                   class=\"btn btn-default\"\n                                                   target=\"\">\n                                                    Tickets <i class=\"fa fa-angle-right\"><\/i>\n                                                <\/a>\n                                                                                <\/div>\n                                                            <\/div>\n                        <\/div>\n                                            <\/div>\n                <\/div>\n            <\/div>\n        <\/div>\n        <div class=\"row d-flex d-lg-none d-md-none justify-content-center\">\n            <div class=\"col-xxl-12 pe-0 col-lg-12 col-md-12 col-12\">\n                <div class=\"owl-carousel owl-theme discovery-mobile-carousel\">\n                                            <div class=\"item\">\n                            <div class=\"bg\" style=\"background: url(https:\/\/gemeentegrot.nl\/wp-content\/uploads\/2026\/03\/discovery-bg-1.png) 50% 50% no-repeat; background-size: cover;\">\n                                                                <div>\n                                    <h3 class=\"display-3\">F\u00fchrung zu Fu\u00df<\/h3><p>Komm mit auf eine Reise, schlendere durch die jahrhundertealten G\u00e4nge und sp\u00fcre den Atem derer, die einst hier lebten.<\/p>                                        <div class=\"buttons\">\n                                                                                                <a href=\"https:\/\/gemeentegrot.nl\/de\/unsere-fuehrungen\/fuehrung-zu-fuss\/\"\n                                                       class=\"btn btn-default\"\n                                                       target=\"\">\n                                                        Mehr Info <i class=\"fa fa-angle-right\"><\/i>\n                                                    <\/a>\n                                                                                                    <a href=\"https:\/\/gemeentegrot.nl\/de\/tickets\/\"\n                                                       class=\"btn btn-default\"\n                                                       target=\"\">\n                                                        Tickets <i class=\"fa fa-angle-right\"><\/i>\n                                                    <\/a>\n                                                                                        <\/div>\n                                                                    <\/div>\n                            <\/div>\n                        <\/div>\n                                            <div class=\"item\">\n                            <div class=\"bg\" style=\"background: url(https:\/\/gemeentegrot.nl\/wp-content\/uploads\/2026\/03\/discovery-bg-3.png) 50% 50% no-repeat; background-size: cover;\">\n                                                                <div>\n                                    <h3 class=\"display-3\">Radsportgeschichte<\/h3><p>Entdecke die Highlights aus der Welt des Radsports.<\/p>                                        <div class=\"buttons\">\n                                                                                                <a href=\"https:\/\/gemeentegrot.nl\/de\/geschichten-der-grotte\/radsport\/\"\n                                                       class=\"btn btn-default\"\n                                                       target=\"\">\n                                                        Mehr Info <i class=\"fa fa-angle-right\"><\/i>\n                                                    <\/a>\n                                                                                        <\/div>\n                                                                    <\/div>\n                            <\/div>\n                        <\/div>\n                                            <div class=\"item\">\n                            <div class=\"bg\" style=\"background: url(https:\/\/gemeentegrot.nl\/wp-content\/uploads\/2026\/03\/discovery-bg-4.png) 50% 50% no-repeat; background-size: cover;\">\n                                                                <div>\n                                    <h3 class=\"display-3\">\u00dcberleben unter der Erde<\/h3><p>Entdecke die Schutzr\u00e4ume aus dem Kalten Krieg und dem Zweiten Weltkrieg.<\/p>                                        <div class=\"buttons\">\n                                                                                                <a href=\"https:\/\/gemeentegrot.nl\/de\/unsere-fuehrungen\/fuehrung-zuflucht-in-der-gemeindegrotte\/\"\n                                                       class=\"btn btn-default\"\n                                                       target=\"\">\n                                                        Mehr Info <i class=\"fa fa-angle-right\"><\/i>\n                                                    <\/a>\n                                                                                        <\/div>\n                                                                    <\/div>\n                            <\/div>\n                        <\/div>\n                                            <div class=\"item\">\n                            <div class=\"bg\" style=\"background: url(https:\/\/gemeentegrot.nl\/wp-content\/uploads\/2026\/03\/discovery-bg-2.png) 50% 50% no-repeat; background-size: cover;\">\n                                                                <div>\n                                    <h3 class=\"display-3\">F\u00fchrung mit dem Zug<\/h3><p>Erlebe die Geschichte und lass dich von der Vergangenheit zum Herzen des Caubergs entf\u00fchren.<\/p>                                        <div class=\"buttons\">\n                                                                                                <a href=\"https:\/\/gemeentegrot.nl\/de\/unsere-fuehrungen\/fuehrung-mit-dem-zug\/\"\n                                                       class=\"btn btn-default\"\n                                                       target=\"\">\n                                                        Mehr Info <i class=\"fa fa-angle-right\"><\/i>\n                                                    <\/a>\n                                                                                                    <a href=\"https:\/\/gemeentegrot.nl\/de\/tickets\/\"\n                                                       class=\"btn btn-default\"\n                                                       target=\"\">\n                                                        Tickets <i class=\"fa fa-angle-right\"><\/i>\n                                                    <\/a>\n                                                                                        <\/div>\n                                                                    <\/div>\n                            <\/div>\n                        <\/div>\n                                    <\/div>\n            <\/div>\n            <div class=\"col-xxl-12 text-end col-lg-12 col-md-12 col-12\">\n                <div class=\"custom-arrow-align mt-3\">\n                    <div class=\"center-block\">\n                        <div class=\"custom-pagination-discovery-mobile custom-pager\">\n                            <span class=\"current\">1<\/span> \/ <span class=\"total\">1<\/span>\n                        <\/div>\n                    <\/div>\n                    <div class=\"custom-nav mt-2 owl-theme\">\n                    <\/div>\n                <\/div>\n            <\/div>\n        <\/div>\n            <\/div>\n<\/section>\n\n\n<section class=\"map texture discovery-stories discover-system aboutpage  align wp-block-acf-map\">\n    <div class=\"container\">\n        <div class=\"row justify-content-center\">\n            <div class=\"col-xxl-9 position-relative text-center col-lg-12 col-md-12 col-12\">\n                <div class=\"section-title\">\n                    <h2 class=\"display-2\">Entdecke das Tunnelsystem<\/h2>                                                                <\/div>\n                <\/div>\n            <\/div>\n        <\/div>\n        <div class=\"row top d-none d-lg-flex d-md-flex\">\n            <div class=\"col-xxl-12 col-lg-12 col-md-12 col-12\">\n                <div class=\"item\">\n                    <div class=\"imgbox\">\n                        <div class=\"plus-minus\">\n\t\t\t\t\t\t\t<img decoding=\"async\" class=\"plus-img\" src=\"\/wp-content\/themes\/gemeentegrotvalkenburg\/assets\/img\/plus.png\" alt=\"\"><br>\n\t\t\t\t\t\t\t<img decoding=\"async\" class=\"minus-img disabled\" src=\"\/wp-content\/themes\/gemeentegrotvalkenburg\/assets\/img\/minus.png\" alt=\"\">\n\t\t\t\t\t\t<\/div>\n                        <div class=\"map-stage\">\n                            <img decoding=\"async\" class=\"map-img\" src=\"https:\/\/gemeentegrot.nl\/wp-content\/uploads\/2026\/04\/img-map.png\" alt=\"\" \/>                                    <div class=\"infobtn\" style=\"top: 30%; left: 20%;\">\n                                        <a class=\"tooltip-anchor \">\n                                            <img decoding=\"async\" src=\"https:\/\/gemeentegrot.nl\/wp-content\/themes\/gemeentegrotvalkenburg\/assets\/img\/info.png\" alt=\"\">\n                                        <\/a>\n                                        <div class=\"infodiv d-none\">\n                                            <img decoding=\"async\" class=\"info-img\" src=\"https:\/\/gemeentegrot.nl\/wp-content\/themes\/gemeentegrotvalkenburg\/assets\/img\/info2.png\" alt=\"\">\n                                            <a class=\"closebtn\"><img decoding=\"async\" src=\"https:\/\/gemeentegrot.nl\/wp-content\/themes\/gemeentegrotvalkenburg\/blocks\/divider\/close.png\" alt=\"\"><\/a>\n                                            <div class=\"content\">\n                                                                                                    <div class=\"img\">\n                                                        <img decoding=\"async\" src=\"https:\/\/gemeentegrot.nl\/wp-content\/uploads\/2026\/03\/discovery-bg-4.png\" alt=\"\">\n                                                    <\/div>\n                                                                                                <div class=\"text\">\n                                                <p>Die G\u00e4nge der Gemeindegrotte dienen regelm\u00e4\u00dfig als Kulisse f\u00fcr Film- und Fernsehaufnahmen. So wurden hier unter anderem Szenen f\u00fcr <i>Bassie &amp; Adriaan<\/i> und Nikolausfilme gedreht.<\/p>\n                                                <\/div>\n                                                                                            <\/div>\n                                        <\/div>\n                                    <\/div>\n                                                                    <div class=\"infobtn\" style=\"top: 50%; left: 60%;\">\n                                        <a class=\"tooltip-anchor \">\n                                            <img decoding=\"async\" src=\"https:\/\/gemeentegrot.nl\/wp-content\/themes\/gemeentegrotvalkenburg\/assets\/img\/info.png\" alt=\"\">\n                                        <\/a>\n                                        <div class=\"infodiv d-none\">\n                                            <img decoding=\"async\" class=\"info-img\" src=\"https:\/\/gemeentegrot.nl\/wp-content\/themes\/gemeentegrotvalkenburg\/assets\/img\/info2.png\" alt=\"\">\n                                            <a class=\"closebtn\"><img decoding=\"async\" src=\"https:\/\/gemeentegrot.nl\/wp-content\/themes\/gemeentegrotvalkenburg\/blocks\/divider\/close.png\" alt=\"\"><\/a>\n                                            <div class=\"content\">\n                                                                                                    <div class=\"img\">\n                                                        <img decoding=\"async\" src=\"https:\/\/gemeentegrot.nl\/wp-content\/uploads\/2026\/04\/why-3.png\" alt=\"\">\n                                                    <\/div>\n                                                                                                <div class=\"text\">\n                                                <p>Die \u00e4lteste Zeichnung in der H\u00f6hle ist fast 500 Jahre alt.<\/p>\n                                                <\/div>\n                                                                                            <\/div>\n                                        <\/div>\n                                    <\/div>\n                                                        <\/div>\n                    <\/div>\n                <\/div>\n            <\/div>\n        <\/div>\n    <\/div>\n<\/section>\n<div class=\"modal fade modal-openmap\" id=\"openmap-modal\" tabindex=\"-1\" style=\"display: none;\" aria-hidden=\"true\">\n\t<div class=\"modal-dialog modal-fullscreen\">\n\t\t<div class=\"modal-content\">\n            \n\t\t\t<button type=\"button\" class=\"btn-close\" data-bs-dismiss=\"modal\" aria-label=\"Close\"><\/button>\n\t\t\t<div class=\"modal-body discovery-stories discover-system\">\n                <div class=\"texture\"><\/div>\n\t\t\t\t<div class=\"openmap-stage\">\n                    <div class=\"map-stage\">\n                        <img decoding=\"async\" class=\"map-img\" src=\"https:\/\/gemeentegrot.nl\/wp-content\/uploads\/2026\/04\/img-map.png\" alt=\"\" \/>                                <div class=\"infobtn\" style=\"top: 30%; left: 20%;\">\n                                    <a class=\"tooltip-anchor \">\n                                        <img decoding=\"async\" src=\"https:\/\/gemeentegrot.nl\/wp-content\/themes\/gemeentegrotvalkenburg\/assets\/img\/info.png\" alt=\"\">\n                                    <\/a>\n                                    <div class=\"infodiv d-none\">\n                                        <img decoding=\"async\" class=\"info-img\" src=\"https:\/\/gemeentegrot.nl\/wp-content\/themes\/gemeentegrotvalkenburg\/assets\/img\/info2.png\" alt=\"\">\n                                        <a class=\"closebtn\"><img decoding=\"async\" src=\"https:\/\/gemeentegrot.nl\/wp-content\/themes\/gemeentegrotvalkenburg\/blocks\/divider\/close.png\" alt=\"\"><\/a>\n                                        <div class=\"content\">\n                                                                                            <div class=\"img\">\n                                                    <img decoding=\"async\" src=\"https:\/\/gemeentegrot.nl\/wp-content\/uploads\/2026\/03\/discovery-bg-4.png\" alt=\"\">\n                                                <\/div>\n                                                                                        <div class=\"text\">\n                                            <p><p>Die G\u00e4nge der Gemeindegrotte dienen regelm\u00e4\u00dfig als Kulisse f\u00fcr Film- und Fernsehaufnahmen. So wurden hier unter anderem Szenen f\u00fcr <i>Bassie &amp; Adriaan<\/i> und Nikolausfilme gedreht.<\/p>\n<\/p>                                            <\/div>\n                                                                                    <\/div>\n                                    <\/div>\n                                <\/div>\n                                                            <div class=\"infobtn\" style=\"top: 50%; left: 60%;\">\n                                    <a class=\"tooltip-anchor \">\n                                        <img decoding=\"async\" src=\"https:\/\/gemeentegrot.nl\/wp-content\/themes\/gemeentegrotvalkenburg\/assets\/img\/info.png\" alt=\"\">\n                                    <\/a>\n                                    <div class=\"infodiv d-none\">\n                                        <img decoding=\"async\" class=\"info-img\" src=\"https:\/\/gemeentegrot.nl\/wp-content\/themes\/gemeentegrotvalkenburg\/assets\/img\/info2.png\" alt=\"\">\n                                        <a class=\"closebtn\"><img decoding=\"async\" src=\"https:\/\/gemeentegrot.nl\/wp-content\/themes\/gemeentegrotvalkenburg\/blocks\/divider\/close.png\" alt=\"\"><\/a>\n                                        <div class=\"content\">\n                                                                                            <div class=\"img\">\n                                                    <img decoding=\"async\" src=\"https:\/\/gemeentegrot.nl\/wp-content\/uploads\/2026\/04\/why-3.png\" alt=\"\">\n                                                <\/div>\n                                                                                        <div class=\"text\">\n                                            <p><p>Die \u00e4lteste Zeichnung in der H\u00f6hle ist fast 500 Jahre alt.<\/p>\n<\/p>                                            <\/div>\n                                                                                    <\/div>\n                                    <\/div>\n                                <\/div>\n                                                <\/div>\n                <\/div>\n\t\t\t<\/div>\n\t\t<\/div>\n\t<\/div>\n<\/div>\n\n<section class=\"reviews texture has-background-color-donker-beige align wp-block-acf-reviews\">\n    <div class=\"container\">\n        <div class=\"row\">\n            <div class=\"col-xxl-4 col-lg-4 col-md-12 col-12\">\n                <div class=\"section-title\">\n                    <h3 class=\"display-3\">Erfahrungen unserer Besucher<\/h3><p>Entdecke die Geschichten der Menschen, die vor dir hier waren, und erfahre, warum sie die Gemeindegrotte Valkenburg als den idealen Tagesausflug betrachten. Von der beeindruckenden Geschichte bis hin zu den geheimnisvollen G\u00e4ngen, unsere Besucher teilen ihre einzigartigen Erlebnisse, die die F\u00fchrung zu einem unvergesslichen Erlebnis machen. Lies, warum auch du diesen besonderen Ort entdecken solltest!<\/p>\n                                            <div class=\"buttons\">\n                                                    <\/div>\n                                    <\/div>\n            <\/div>\n        \n            <div class=\"col-xxl-8 text-center col-lg-8 col-md-8 col-12\">\n                <div class=\"row equal-height\">\n                    <div class=\"col-xxl-4 text-center col-lg-5 col-md-4 col-6\">\n                        <div class=\"bg-reviews\" style=\"background: url(https:\/\/gemeentegrot.nl\/wp-content\/uploads\/2026\/03\/bg-stars.png) 50% 50% no-repeat; background-size: cover;\">\n                                                            <img decoding=\"async\" src=\"https:\/\/gemeentegrot.nl\/wp-content\/uploads\/2026\/03\/google.png\" alt=\"\" \/>\n                                                        <div class=\"stars\">\n                                <img decoding=\"async\" src=\"https:\/\/gemeentegrot.nl\/wp-content\/themes\/gemeentegrotvalkenburg\/assets\/img\/stars.png\" alt=\"\" \/>\n                            <\/div>\n                                                            <p>4,3 basierend auf 7.500 Bewertungen<\/p>\n                                                    <\/div>\n                    <\/div>\n                    <div class=\"col-xxl-8 col-lg-7 col-md-8 col-6\">\n                        <div class=\"owl-carousel owl-theme review-carousel\">\n                                                                                            <div class=\"item\">\n                                            <div class=\"bg\">\n                                                <div>\n                                                                                                            <h3 class=\"display-3\">Jeroen Bolhuis<\/h3>\n                                                                                                                                                                <p><p>Wir haben hier eine wundersch\u00f6ne F\u00fchrung zu Fu\u00df mit einem erfahrenen Guide gemacht. Es wurde sich in aller Ruhe Zeit genommen, um uns alles zu zeigen. Fragen wurden gut beantwortet und es war eine wirklich tolle F\u00fchrung.<\/p>\n<\/p>\n                                                                                                        <div class=\"stars\">\n                                                                                                                    <img decoding=\"async\" src=\"https:\/\/gemeentegrot.nl\/wp-content\/themes\/gemeentegrotvalkenburg\/assets\/img\/stars.png\" alt=\"\" \/>\n                                                                                                            <\/div>\n                                                                                                            <div class=\"date mt-2\">November 2025<\/div>\n                                                                                                    <\/div>\n                                            <\/div>\n                                        <\/div>\n                                                                    <div class=\"item\">\n                                            <div class=\"bg\">\n                                                <div>\n                                                                                                            <h3 class=\"display-3\">Diana Bastiaansen<\/h3>\n                                                                                                                                                                <p><p>Es war ein sch\u00f6nes Erlebnis, vor allem aber die Erkl\u00e4rungen unseres Guides und des Zugf\u00fchrers. Ein absolutes Muss, wenn du in Valkenburg bist.<\/p>\n<\/p>\n                                                                                                        <div class=\"stars\">\n                                                                                                                    <img decoding=\"async\" src=\"https:\/\/gemeentegrot.nl\/wp-content\/themes\/gemeentegrotvalkenburg\/assets\/img\/stars.png\" alt=\"\" \/>\n                                                                                                            <\/div>\n                                                                                                            <div class=\"date mt-2\">Oktober 2025<\/div>\n                                                                                                    <\/div>\n                                            <\/div>\n                                        <\/div>\n                                                                    <div class=\"item\">\n                                            <div class=\"bg\">\n                                                <div>\n                                                                                                            <h3 class=\"display-3\">Jeroen de W<\/h3>\n                                                                                                                                                                <p><p>Heute haben wir an der F\u00fchrung mit Zug teilgenommen. Ein sch\u00f6nes Erlebnis, und unser 8-j\u00e4hriger Sohn fand es toll. Sehr freundlicher Guide\/Schaffner\/Fahrer. Tolle Erkl\u00e4rungen, und man bekam einen guten Eindruck davon, wie gro\u00df diese Grotte ist.<\/p>\n<\/p>\n                                                                                                        <div class=\"stars\">\n                                                                                                                    <img decoding=\"async\" src=\"https:\/\/gemeentegrot.nl\/wp-content\/themes\/gemeentegrotvalkenburg\/assets\/img\/stars.png\" alt=\"\" \/>\n                                                                                                            <\/div>\n                                                                                                            <div class=\"date mt-2\">August 2026<\/div>\n                                                                                                    <\/div>\n                                            <\/div>\n                                        <\/div>\n                                                                    <div class=\"item\">\n                                            <div class=\"bg\">\n                                                <div>\n                                                                                                            <h3 class=\"display-3\">Chris Dhous<\/h3>\n                                                                                                                                                                <p><p>In jeder Hinsicht lehrreich: Geschichte, Handwerk und der Krieg. Alle Themen kommen zur Sprache, und vor allem ist es ein gem\u00fctlicher Spaziergang unter der Erde.<\/p>\n<\/p>\n                                                                                                        <div class=\"stars\">\n                                                                                                                    <img decoding=\"async\" src=\"https:\/\/gemeentegrot.nl\/wp-content\/themes\/gemeentegrotvalkenburg\/assets\/img\/stars.png\" alt=\"\" \/>\n                                                                                                            <\/div>\n                                                                                                            <div class=\"date mt-2\">April 2026<\/div>\n                                                                                                    <\/div>\n                                            <\/div>\n                                        <\/div>\n                                                                    <div class=\"item\">\n                                            <div class=\"bg\">\n                                                <div>\n                                                                                                            <h3 class=\"display-3\">Silvester den dekker<\/h3>\n                                                                                                                                                                <p><p>Ein echter Geheimtipp, wenn du in Valkenburg bist. Wir haben die F\u00fchrung zu Fu\u00df gemacht, das hat richtig Spa\u00df gemacht. Der Guide war total begeistert und hat zwischendurch auch mal einen Witz gemacht. Wir waren mit unseren beiden Kindern dabei, und die konnten das Tempo prima mithalten.<\/p>\n<\/p>\n                                                                                                        <div class=\"stars\">\n                                                                                                                    <img decoding=\"async\" src=\"https:\/\/gemeentegrot.nl\/wp-content\/themes\/gemeentegrotvalkenburg\/assets\/img\/stars.png\" alt=\"\" \/>\n                                                                                                            <\/div>\n                                                                                                            <div class=\"date mt-2\">April 2026<\/div>\n                                                                                                    <\/div>\n                                            <\/div>\n                                        <\/div>\n                                                                    <div class=\"item\">\n                                            <div class=\"bg\">\n                                                <div>\n                                                                                                            <h3 class=\"display-3\">Jan J<\/h3>\n                                                                                                                                                                <p><p>Ganz \u00fcberraschend. Eine verborgene Welt unter der Erde. Der Guide unseres kleinen Zuges musste seine Fahrk\u00fcnste mit spannenden Erz\u00e4hlungen \u00fcber die Geschichte, die Zeichnungen und die Skulpturen verbinden. Sogar unsere Teenager fanden es cool (und k\u00fchl, also Pullover\/Jacke mitnehmen).<\/p>\n<\/p>\n                                                                                                        <div class=\"stars\">\n                                                                                                                    <img decoding=\"async\" src=\"https:\/\/gemeentegrot.nl\/wp-content\/themes\/gemeentegrotvalkenburg\/assets\/img\/stars.png\" alt=\"\" \/>\n                                                                                                            <\/div>\n                                                                                                            <div class=\"date mt-2\">April 2026<\/div>\n                                                                                                    <\/div>\n                                            <\/div>\n                                        <\/div>\n                                                                    <div class=\"item\">\n                                            <div class=\"bg\">\n                                                <div>\n                                                                                                            <h3 class=\"display-3\">Ivo Theunissen<\/h3>\n                                                                                                                                                                <p><p>Ein super interessanter Ausflug \u00fcber das Leben der Steinbrecher in Valkenburg. Dazwischen gibt\u2019s interessante Kunstwerke und Darstellungen, wie Tiere und die Natur fr\u00fcher ausgesehen haben k\u00f6nnten.<\/p>\n<\/p>\n                                                                                                        <div class=\"stars\">\n                                                                                                                    <img decoding=\"async\" src=\"https:\/\/gemeentegrot.nl\/wp-content\/themes\/gemeentegrotvalkenburg\/assets\/img\/stars.png\" alt=\"\" \/>\n                                                                                                            <\/div>\n                                                                                                            <div class=\"date mt-2\">Oktober 2026<\/div>\n                                                                                                    <\/div>\n                                            <\/div>\n                                        <\/div>\n                                                                    <div class=\"item\">\n                                            <div class=\"bg\">\n                                                <div>\n                                                                                                            <h3 class=\"display-3\">Rob Kok<\/h3>\n                                                                                                                                                                <p><p>Ger, der Reiseleiter, ist einfach klasse. Wir waren mit acht Leuten und vier Kindern unterwegs, und es war super interessant und wurde total unterhaltsam erz\u00e4hlt.<\/p>\n<\/p>\n                                                                                                        <div class=\"stars\">\n                                                                                                                    <img decoding=\"async\" src=\"https:\/\/gemeentegrot.nl\/wp-content\/themes\/gemeentegrotvalkenburg\/assets\/img\/stars.png\" alt=\"\" \/>\n                                                                                                            <\/div>\n                                                                                                            <div class=\"date mt-2\">April 2026<\/div>\n                                                                                                    <\/div>\n                                            <\/div>\n                                        <\/div>\n                                    \n                                                    <\/div>\n                        <div class=\"custom-pagination4 custom-pager\">\n                            <span class=\"current\">1<\/span> \/ <span class=\"total\">1<\/span>\n                        <\/div>\n                    <\/div>\n                <\/div>\n            <\/div>\n        <\/div>\n    <\/div>\n<\/section>\n\n\n\n\n\n<section class=\"plans texture has-background-color-licht-beige has-background-color-licht-beige align wp-block-acf-plans\">\n    <div class=\"container\">\n        <div class=\"row justify-content-center\">\n            <div class=\"col-xxl-9 text-center col-lg-12 col-md-12 col-12\">\n                <div class=\"section-title\">\n                    <h2 class=\"display-2\">Plane deinen Besuch<\/h2><div class=\"section-intro\"><p>Hier findest du alle Informationen, die du brauchst, um einen abenteuerlichen Ausflug zur Gemeindegrotte zu planen. So erlebst du im Vorfeld keine \u00dcberraschungen \u2026 die heben wir uns f\u00fcr die Grotte selbst auf.<\/p>\n<\/div><div class=\"buttons\"><\/div>                <\/div>\n            <\/div>\n        <\/div>\n\n                    <div class=\"row\">\n                                <div class=\"col-xxl-4 col-lg-4 col-md-12 col-12\">\n                    <div class=\"box1\">\n                        <div class=\"imgbox\" style=\"background: url(https:\/\/gemeentegrot.nl\/wp-content\/uploads\/2026\/04\/Gemeentegrot-BrandinginMotion-LR-46-2-e1777025013114.jpg) 50% 50% no-repeat; background-size: cover;\">\n                            <div>\n                                <h3 class=\"display-3\">\u00d6ffnungszeiten<br><span>2026<\/span><\/h3>\n                            <\/div>\n                        <\/div>\n                                                <div class=\"content\">\n                                                        <div class=\"text\">\n                                <h3 class=\"display-3\">F\u00fchrungen mit dem Zug<\/h3>\n                                <p><p>Jeden Tag zu jeder vollen Stunde<br \/>\nvon 11:00 Uhr bis 16:00 Uhr<\/p>\n<\/p>\n                                <a href=\"https:\/\/gemeentegrot.nl\/de\/tickets\/\" class=\"btn btn-default\"> Tickets <i class=\"fa fa-angle-right\"><\/i><\/a>\n                            <\/div>\n                                                        <div class=\"text\">\n                                <h3 class=\"display-3\">F\u00fchrung zu Fu\u00df<\/h3>\n                                <p><p>Jeden Tag um 11:00 Uhr, 12:30 Uhr, 14:00 Uhr und 15:30 Uhr <\/p>\n<\/p>\n                                <a href=\"https:\/\/gemeentegrot.nl\/de\/tickets\/\" class=\"btn btn-default\"> Tickets <i class=\"fa fa-angle-right\"><\/i><\/a>\n                            <\/div>\n                                                    <\/div>\n                                            <\/div>\n                <\/div>\n                                                <div class=\"col-xxl-5 col-lg-4 col-md-6 col-12\">\n                    <div class=\"boxmiddle\">\n                        <h3 class=\"display-3\">Eintrittspreise<\/h3>\n                                                <div class=\"table-responsive\">\n                            <table class=\"table table-bordered\">\n                                <tbody>\n                                                                        <tr>\n                                        <td>Erwachsene<br><span>*Kasse 12,50 \u20ac<\/span><\/td>\n                                        <td>11,25 \u20ac<\/td>\n                                    <\/tr>\n                                                                        <tr>\n                                        <td>Kinder \u2028<br \/>\r\n(4 bis 11 Jahre)<br><span>*Kasse 10,00 \u20ac<\/span><\/td>\n                                        <td>8,75 \u20ac<\/td>\n                                    <\/tr>\n                                                                        <tr>\n                                        <td>Kinder <br \/>\r\n(bis 3 Jahre)<\/td>\n                                        <td>Kostenlos<\/td>\n                                    <\/tr>\n                                                                        <tr>\n                                        <td>Gruppenpreis*<br \/>\r\nErwachsene<br \/>\r\nKinder<br><span>*Ab 25 Personen<\/span><\/td>\n                                        <td>10,25 \u20ac<br \/>\r\n7,00 \u20ac<\/td>\n                                    <\/tr>\n                                                                        <tr>\n                                        <td>Kids Ranger Challenge-Paket<br><span>(An der Kasse erh\u00e4ltlich)<\/span><\/td>\n                                        <td>3,50 \u20ac<\/td>\n                                    <\/tr>\n                                                                    <\/tbody>\n                            <\/table>\n                        <\/div>\n                                                                            <a href=\"https:\/\/gemeentegrot.nl\/de\/tickets\/\" class=\"btn btn-default\"> Tickets <i class=\"fa fa-angle-right\"><\/i><\/a>\n                                            <\/div>\n                <\/div>\n                                                \n                <div class=\"col-xxl-3 d-block d-md-none d-lg-none d-xl-none d-xxl-none col-lg-4 col-md-6 col-12\">\n                    <div class=\"imgbox2 dark\" style=\"background: url(https:\/\/gemeentegrot.nl\/wp-content\/uploads\/2026\/04\/Gemeentegrot-Valkenburg-Map-LOS.png) 50% 50% no-repeat; background-size: cover;\">\n                        <div>\n                            <h3 class=\"display-3\">Lageplan<\/h3>\n                            <p><\/p>\n                                                                                                    <a href=\"\" class=\"btn btn-primary white\"> <i class=\"fa fa-angle-right\"><\/i><\/a>\n                                                                                        <\/div>\n                    <\/div>\n                <\/div>\n                                <div class=\"col-xxl-3 col-lg-4 col-md-6 col-12\">\n                    \n\n                                        <div class=\"imgbox2 d-lg-block\" style=\"background: url(https:\/\/gemeentegrot.nl\/wp-content\/uploads\/2026\/03\/plan-3.png) 50% 50% no-repeat; background-size: cover;\">\n                        <h3 class=\"display-3\">Geschenkgutschein<\/h3>\n                        <p>Verschenken Sie ein Abenteuer mit unserem Gutschein.<\/p>\n                                                                                    <a href=\"https:\/\/gemeentegrot.nl\/cadeaubonnen\/\" class=\"btn btn-primary white\">Meer informatie <i class=\"fa fa-angle-right\"><\/i><\/a>\n                                                                        <\/div>\n                                                                                        <div class=\"imgbox3 d-none d-lg-block\" style=\"background: url(https:\/\/gemeentegrot.nl\/wp-content\/uploads\/2026\/03\/plan-5.png) 50% 50% no-repeat; background-size: cover;\">\n                            <div>\n                                <h3 class=\"display-3\">Barrierefreiheit<\/h3>\n                                <p>Alle unsere F\u00fchrungen sind f\u00fcr Besucher mit eingeschr\u00e4nkter Mobilit\u00e4t zug\u00e4nglich.<\/p>\n                                                                                                            <a href=\"https:\/\/gemeentegrot.nl\/de\/kontakt\/\" class=\"btn btn-primary white\">Kontakt <i class=\"fa fa-angle-right\"><\/i><\/a>\n                                                                                                <\/div>\n                        <\/div>\n                                                                                    <div class=\"imgbox4 d-block d-md-none d-lg-none\" style=\"background: url(https:\/\/gemeentegrot.nl\/wp-content\/uploads\/2026\/04\/Gemeentegrot-BrandinginMotion-LR-175.jpg) 50% 50% no-repeat; background-size: cover;\">\n                        <div>\n                            <h3 class=\"display-3\">Zu beachten<\/h3>\n                            <p>Die Temperatur in der H\u00f6hle betr\u00e4gt 12 \u00b0C, bring also eine Jacke oder einen Pullover mit \u2026 auch im Sommer.<\/p>\n                                                    <\/div>\n                    <\/div>\n                                    <\/div>\n            <\/div>\n                        <div class=\"row\">\n                                                <div class=\"col-xxl-8 col-lg-8 col-md-12 col-12\">\n                    <div class=\"imgbox5\" style=\"background: url(https:\/\/gemeentegrot.nl\/wp-content\/uploads\/2026\/03\/plan-5.png) 50% 50% no-repeat; background-size: cover;\">\n                        <div>\n                            <h3 class=\"display-3\">Barrierefreiheit<\/h3>\n                            <p>Alle unsere F\u00fchrungen sind f\u00fcr Besucher mit eingeschr\u00e4nkter Mobilit\u00e4t zug\u00e4nglich.<\/p>\n                                                                                                <a href=\"https:\/\/gemeentegrot.nl\/de\/kontakt\/\" class=\"btn btn-primary white\">Kontakt <i class=\"fa fa-angle-right\"><\/i><\/a>\n                                                                                    <\/div>\n                    <\/div>\n                <\/div>\n            <\/div>\n            \n            <\/div>\n<\/section>\n\n\n<section class=\"contact texture has-background-color-licht-beige align wp-block-acf-contact\">\n    <div class=\"align\">\n        <div class=\"container\">\n            <div class=\"row justify-content-end\">\n                <div class=\"col-xxl-7 col-lg-7 col-md-7 col-12\">\n                    <div class=\"section-title\">\n                                                    <h2 class=\"display-2\">Kontakt<\/h2>                                                                            Hast du Fragen? Dann kontaktiere uns per Telefon oder E-Mail oder schau dir unsere h\u00e4ufig gestellten Fragen an, um schnelle Antworten zu erhalten.                        \n                                                                                    <div class=\"notes\">\n                                    <a href=\"mailto:gemeentegrot@valkenburg.nl\" target=\"\" class=\"contact-info-item\"><img decoding=\"async\" src=\"https:\/\/gemeentegrot.nl\/wp-content\/uploads\/2026\/04\/paper-plane-dark-1.svg\" alt=\"\" \/><span>gemeentegrot@valkenburg.nl<\/span><\/a><a href=\"tel:+3143-6012271\" target=\"\" class=\"contact-info-item\"><img decoding=\"async\" src=\"https:\/\/gemeentegrot.nl\/wp-content\/uploads\/2026\/04\/call-dark-1.svg\" alt=\"\" \/><span>043 601 2271<\/span><\/a><a href=\"http:\/\/de\/kontakt\/#faq\" target=\"\" class=\"contact-info-item\"><img decoding=\"async\" src=\"https:\/\/gemeentegrot.nl\/wp-content\/uploads\/2026\/04\/help-dark-1.svg\" alt=\"\" \/><span>H\u00e4ufig gestellte Fragen<\/span><\/a>                                <\/div>\n                                                                                                <\/div>\n                <\/div>\n            <\/div>\n        <\/div>\n    <\/div>\n            <img decoding=\"async\" class=\"w-100 contact-img d-none d-lg-inline-block d-md-inline-block\" src=\"https:\/\/gemeentegrot.nl\/wp-content\/uploads\/2026\/04\/Footer-afbeelding-mensen-stenen-V3.png\" alt=\"\" \/>\n                <img decoding=\"async\" class=\"w-100 contact-img d-inline-block d-lg-none d-md-none\" src=\"https:\/\/gemeentegrot.nl\/wp-content\/uploads\/2026\/04\/Footer-afbeelding-mensen-stenen-V3-mobile.png\" alt=\"\" \/>\n    <\/section>\n","protected":false},"excerpt":{"rendered":"","protected":false},"author":1,"featured_media":0,"parent":1279,"menu_order":1,"comment_status":"closed","ping_status":"closed","template":"","meta":{"_acf_changed":false,"footnotes":""},"class_list":["post-1276","page","type-page","status-publish","hentry"],"acf":[],"yoast_head":"<!-- This site is optimized with the Yoast SEO plugin v27.5 - https:\/\/yoast.com\/product\/yoast-seo-wordpress\/ -->\n<title>\u00dcber uns - Gemeentegrot Valkenburg<\/title>\n<meta name=\"robots\" content=\"index, follow, max-snippet:-1, max-image-preview:large, max-video-preview:-1\" \/>\n<link rel=\"canonical\" href=\"https:\/\/gemeentegrot.nl\/de\/kontakt\/ueber-uns\/\" \/>\n<meta property=\"og:locale\" content=\"de_DE\" \/>\n<meta property=\"og:type\" content=\"article\" \/>\n<meta property=\"og:title\" content=\"\u00dcber uns - Gemeentegrot Valkenburg\" \/>\n<meta property=\"og:url\" content=\"https:\/\/gemeentegrot.nl\/de\/kontakt\/ueber-uns\/\" \/>\n<meta property=\"og:site_name\" content=\"Gemeentegrot Valkenburg\" \/>\n<meta property=\"article:modified_time\" content=\"2026-04-28T21:11:42+00:00\" \/>\n<meta name=\"twitter:card\" content=\"summary_large_image\" \/>\n<meta name=\"twitter:label1\" content=\"Gesch\u00e4tzte Lesezeit\" \/>\n\t<meta name=\"twitter:data1\" content=\"12\u00a0Minuten\" \/>\n<script type=\"application\/ld+json\" class=\"yoast-schema-graph\">{\"@context\":\"https:\\\/\\\/schema.org\",\"@graph\":[{\"@type\":\"WebPage\",\"@id\":\"https:\\\/\\\/gemeentegrot.nl\\\/de\\\/kontakt\\\/ueber-uns\\\/\",\"url\":\"https:\\\/\\\/gemeentegrot.nl\\\/de\\\/kontakt\\\/ueber-uns\\\/\",\"name\":\"\u00dcber uns - Gemeentegrot Valkenburg\",\"isPartOf\":{\"@id\":\"https:\\\/\\\/gemeentegrot.nl\\\/de\\\/#website\"},\"datePublished\":\"2026-04-03T10:17:03+00:00\",\"dateModified\":\"2026-04-28T21:11:42+00:00\",\"breadcrumb\":{\"@id\":\"https:\\\/\\\/gemeentegrot.nl\\\/de\\\/kontakt\\\/ueber-uns\\\/#breadcrumb\"},\"inLanguage\":\"de\",\"potentialAction\":[{\"@type\":\"ReadAction\",\"target\":[\"https:\\\/\\\/gemeentegrot.nl\\\/de\\\/kontakt\\\/ueber-uns\\\/\"]}]},{\"@type\":\"BreadcrumbList\",\"@id\":\"https:\\\/\\\/gemeentegrot.nl\\\/de\\\/kontakt\\\/ueber-uns\\\/#breadcrumb\",\"itemListElement\":[{\"@type\":\"ListItem\",\"position\":1,\"name\":\"Home\",\"item\":\"https:\\\/\\\/gemeentegrot.nl\\\/de\\\/\"},{\"@type\":\"ListItem\",\"position\":2,\"name\":\"Kontakt\",\"item\":\"https:\\\/\\\/gemeentegrot.nl\\\/de\\\/kontakt\\\/\"},{\"@type\":\"ListItem\",\"position\":3,\"name\":\"\u00dcber uns\"}]},{\"@type\":\"WebSite\",\"@id\":\"https:\\\/\\\/gemeentegrot.nl\\\/de\\\/#website\",\"url\":\"https:\\\/\\\/gemeentegrot.nl\\\/de\\\/\",\"name\":\"Gemeentegrot Valkenburg\",\"description\":\"\",\"potentialAction\":[{\"@type\":\"SearchAction\",\"target\":{\"@type\":\"EntryPoint\",\"urlTemplate\":\"https:\\\/\\\/gemeentegrot.nl\\\/de\\\/?s={search_term_string}\"},\"query-input\":{\"@type\":\"PropertyValueSpecification\",\"valueRequired\":true,\"valueName\":\"search_term_string\"}}],\"inLanguage\":\"de\"}]}<\/script>\n<!-- \/ Yoast SEO plugin. -->","yoast_head_json":{"title":"\u00dcber uns - Gemeentegrot Valkenburg","robots":{"index":"index","follow":"follow","max-snippet":"max-snippet:-1","max-image-preview":"max-image-preview:large","max-video-preview":"max-video-preview:-1"},"canonical":"https:\/\/gemeentegrot.nl\/de\/kontakt\/ueber-uns\/","og_locale":"de_DE","og_type":"article","og_title":"\u00dcber uns - Gemeentegrot Valkenburg","og_url":"https:\/\/gemeentegrot.nl\/de\/kontakt\/ueber-uns\/","og_site_name":"Gemeentegrot Valkenburg","article_modified_time":"2026-04-28T21:11:42+00:00","twitter_card":"summary_large_image","twitter_misc":{"Gesch\u00e4tzte Lesezeit":"12\u00a0Minuten"},"schema":{"@context":"https:\/\/schema.org","@graph":[{"@type":"WebPage","@id":"https:\/\/gemeentegrot.nl\/de\/kontakt\/ueber-uns\/","url":"https:\/\/gemeentegrot.nl\/de\/kontakt\/ueber-uns\/","name":"\u00dcber uns - Gemeentegrot Valkenburg","isPartOf":{"@id":"https:\/\/gemeentegrot.nl\/de\/#website"},"datePublished":"2026-04-03T10:17:03+00:00","dateModified":"2026-04-28T21:11:42+00:00","breadcrumb":{"@id":"https:\/\/gemeentegrot.nl\/de\/kontakt\/ueber-uns\/#breadcrumb"},"inLanguage":"de","potentialAction":[{"@type":"ReadAction","target":["https:\/\/gemeentegrot.nl\/de\/kontakt\/ueber-uns\/"]}]},{"@type":"BreadcrumbList","@id":"https:\/\/gemeentegrot.nl\/de\/kontakt\/ueber-uns\/#breadcrumb","itemListElement":[{"@type":"ListItem","position":1,"name":"Home","item":"https:\/\/gemeentegrot.nl\/de\/"},{"@type":"ListItem","position":2,"name":"Kontakt","item":"https:\/\/gemeentegrot.nl\/de\/kontakt\/"},{"@type":"ListItem","position":3,"name":"\u00dcber uns"}]},{"@type":"WebSite","@id":"https:\/\/gemeentegrot.nl\/de\/#website","url":"https:\/\/gemeentegrot.nl\/de\/","name":"Gemeentegrot Valkenburg","description":"","potentialAction":[{"@type":"SearchAction","target":{"@type":"EntryPoint","urlTemplate":"https:\/\/gemeentegrot.nl\/de\/?s={search_term_string}"},"query-input":{"@type":"PropertyValueSpecification","valueRequired":true,"valueName":"search_term_string"}}],"inLanguage":"de"}]}},"_links":{"self":[{"href":"https:\/\/gemeentegrot.nl\/de\/wp-json\/wp\/v2\/pages\/1276","targetHints":{"allow":["GET"]}}],"collection":[{"href":"https:\/\/gemeentegrot.nl\/de\/wp-json\/wp\/v2\/pages"}],"about":[{"href":"https:\/\/gemeentegrot.nl\/de\/wp-json\/wp\/v2\/types\/page"}],"author":[{"embeddable":true,"href":"https:\/\/gemeentegrot.nl\/de\/wp-json\/wp\/v2\/users\/1"}],"replies":[{"embeddable":true,"href":"https:\/\/gemeentegrot.nl\/de\/wp-json\/wp\/v2\/comments?post=1276"}],"version-history":[{"count":7,"href":"https:\/\/gemeentegrot.nl\/de\/wp-json\/wp\/v2\/pages\/1276\/revisions"}],"predecessor-version":[{"id":2928,"href":"https:\/\/gemeentegrot.nl\/de\/wp-json\/wp\/v2\/pages\/1276\/revisions\/2928"}],"up":[{"embeddable":true,"href":"https:\/\/gemeentegrot.nl\/de\/wp-json\/wp\/v2\/pages\/1279"}],"wp:attachment":[{"href":"https:\/\/gemeentegrot.nl\/de\/wp-json\/wp\/v2\/media?parent=1276"}],"curies":[{"name":"wp","href":"https:\/\/api.w.org\/{rel}","templated":true}]}}