{"id":1277,"date":"2026-04-16T09:47:19","date_gmt":"2026-04-16T09:47:19","guid":{"rendered":"https:\/\/gemeentegrot.nl\/?page_id=1277"},"modified":"2026-04-28T20:35:26","modified_gmt":"2026-04-28T20:35:26","slug":"fuehrung-geschichte-des-radsports","status":"publish","type":"page","link":"https:\/\/gemeentegrot.nl\/de\/unsere-fuehrungen\/fuehrung-geschichte-des-radsports\/","title":{"rendered":"F\u00fchrung \u201eGeschichte des Radsports\u201c"},"content":{"rendered":"<section class=\"banner  hide-flashlight-bg align wp-block-acf-banner\" style=\"background: url(https:\/\/gemeentegrot.nl\/wp-content\/uploads\/2026\/04\/DSC06183.jpg) 50% 50% no-repeat; background-size: cover;\">\n    \n    <div class=\"container\">\n                <div class=\"row d-none d-lg-flex d-md-flex justify-content-center\">\n            <div class=\"col-xxl-5 text-center col-lg-7 col-md-12 col-12 pb-5 pb-lg-0\">\n                <h1 class=\"display-1\">Die Geschichte des Radsports<\/h1>            <\/div>\n        <\/div>\n        <div class=\"row d-none d-lg-flex d-md-flex justify-content-center\">\n            <div class=\"col-xxl-8 text-center col-lg-10 col-md-12 col-12 pb-5 pb-lg-0\">\n                                    <p class=\"info-text\">\n                                                    <span>\n                                                                                                    <img decoding=\"async\" src=\"https:\/\/gemeentegrot.nl\/wp-content\/uploads\/2026\/04\/icon-1.png\" alt=\"\">\n                                                                                                                                    Preis ab 10 \u20ac                                                            <\/span>\n                                                    <span>\n                                                                                                    <img decoding=\"async\" src=\"https:\/\/gemeentegrot.nl\/wp-content\/uploads\/2026\/04\/icon-2.png\" alt=\"\">\n                                                                                                                                    45 Minuten                                                            <\/span>\n                                                    <span>\n                                                                                                    <img decoding=\"async\" src=\"https:\/\/gemeentegrot.nl\/wp-content\/uploads\/2026\/04\/icon-3.png\" alt=\"\">\n                                                                                                                                    F\u00fcr alle Altersgruppen geeignet                                                            <\/span>\n                                            <\/p>\n                                \n                                    <div class=\"buttons justify-content-center\">\n                                                        <a href=\"https:\/\/gemeentegrot.nl\/de\/tickets\/\"\n                                   class=\"btn btn-default\"\n                                   target=\"\">\n                                    Tickets<i class=\"fa fa-angle-right\"><\/i>\n                                <\/a>\n                                                                        <\/div>\n                            <\/div>\n        <\/div>\n        \n        <div class=\"row d-flex d-lg-none d-md-none justify-content-center\">\n            <div class=\"col-xxl-5 text-center col-lg-12 col-md-12 col-10\">\n                <div class=\"text-wrapper\">\n                <h1 class=\"display-1\">Die Geschichte des Radsports<\/h1>                    <p class=\"info-text\">\n                                                    <span>\n                                                                                                    <img decoding=\"async\" src=\"https:\/\/gemeentegrot.nl\/wp-content\/uploads\/2026\/04\/icon-1.png\" alt=\"\">\n                                                                                                                                    Preis ab 10 \u20ac                                                            <\/span>\n                                                    <span>\n                                                                                                    <img decoding=\"async\" src=\"https:\/\/gemeentegrot.nl\/wp-content\/uploads\/2026\/04\/icon-2.png\" alt=\"\">\n                                                                                                                                    45 Minuten                                                            <\/span>\n                                                    <span>\n                                                                                                    <img decoding=\"async\" src=\"https:\/\/gemeentegrot.nl\/wp-content\/uploads\/2026\/04\/icon-3.png\" alt=\"\">\n                                                                                                                                    F\u00fcr alle Altersgruppen geeignet                                                            <\/span>\n                                            <\/p>\n                  \n                                    <div class=\"buttons justify-content-center\">\n                                                        <a href=\"https:\/\/gemeentegrot.nl\/de\/tickets\/\"\n                                   class=\"btn btn-default\"\n                                   target=\"\">\n                                    Tickets <i class=\"fa fa-angle-right\"><\/i>\n                                <\/a>\n                                                                        <\/div>\n                                <\/div>\n            <\/div>\n        <\/div>\n    <\/div>\n    <img decoding=\"async\" class=\"art\" src=\"https:\/\/gemeentegrot.nl\/wp-content\/themes\/gemeentegrotvalkenburg\/assets\/img\/banner-art.png\" alt=\"\" \/>\n    <div class=\"texture\"><\/div>\n<\/section>\n\n\n<section class=\"discovery-aanbod million-fossils texture  align wp-block-acf-discoveryaanbod\">\n    <div class=\"container\">\n        <div class=\"row justify-content-center\">\n            <div class=\"col-xxl-8 text-center col-lg-8 col-md-12 col-12\">\n                <div class=\"section-title\">\n                <p>Begib dich mit unseren leidenschaftlichen Guides auf eine Reise durch die Radsportgeschichte und entdecke, was Valkenburg und den Radsport untrennbar miteinander verbindet. Im Tunnelsystem der Gemeindegrotte sind besondere Momente des Radsports festgehalten. Oben auf dem Cauberg k\u00e4mpften die Radfahrer beim Amstel Gold Race um den Sieg. Am Fu\u00dfe desselben Berges blicken dir die Sieger von den W\u00e4nden der Grotte entgegen.<\/p>\n                <\/div>\n            <\/div>\n        <\/div>\n                <div class=\"row top\">\n            \n            <div class=\"col-xxl-6 col-lg-6 col-md-12 col-12\">\n                <div class=\"row row-1\">\n                                            <div class=\"col-xxl-6 col-lg-6 col-sm-6 col-12\">\n                            <div class=\"bg\">\n                                <div>\n                                                                            <div class=\"align\">Wusstest du das?!<\/div>\n                                                                                                                <h3 class=\"display-3\">15 bis 62 Meter<\/h3>\n                                                                                                                <p>W\u00e4hrend einer F\u00fchrung befinden sich zwischen 15 und 62 Meter Mergel \u00fcber deinem Kopf.<\/p>\n                                                                    <\/div>\n                            <\/div>\n                        <\/div>\n                                            <div class=\"col-xxl-6 col-lg-6 col-sm-6 col-12\">\n                            <div class=\"bg\" style=\"background: url(https:\/\/gemeentegrot.nl\/wp-content\/uploads\/2026\/04\/DSC06223.jpg) 50% 50% no-repeat; background-size: cover;\">\n                                <div>\n                                                                                                                                            <\/div>\n                            <\/div>\n                        <\/div>\n                                            <div class=\"col-xxl-12 col-lg-12 col-md-12 col-12\">\n                            <div class=\"bg half\" style=\"background: url(https:\/\/gemeentegrot.nl\/wp-content\/uploads\/2026\/04\/DSC06146.jpg) 50% 50% no-repeat; background-size: cover;\">\n                                <div>\n                                                                                                                                            <\/div>\n                            <\/div>\n                        <\/div>\n                                    <\/div>\n            <\/div>\n            <div class=\"col-xxl-6 col-lg-6 col-md-12 col-12\">\n                <div class=\"row row-2\">\n                                            <div class=\"col-xxl-12 col-lg-12 col-md-12 col-12\">\n                            <div class=\"bg half\" style=\"background: url(https:\/\/gemeentegrot.nl\/wp-content\/uploads\/2026\/04\/DSC00159.jpg) 50% 50% no-repeat; background-size: cover;\">\n                                <div>\n                                                                                                                                            <\/div>\n                            <\/div>\n                        <\/div>\n                                            <div class=\"col-xxl-6 col-lg-6 col-sm-6 col-12\">\n                            <div class=\"bg\">\n                                <div>\n                                                                            <div class=\"align\">Wusstest du das?!<\/div>\n                                                                                                                <h3 class=\"display-3\">Mergelabbau<\/h3>\n                                                                                                                <p>Das Tunnelsystem der Gemeindegrotte entstand durch jahrhundertelangen Mergelabbau durch Steinbrecher.<\/p>\n                                                                    <\/div>\n                            <\/div>\n                        <\/div>\n                                            <div class=\"col-xxl-6 col-lg-6 col-sm-6 col-12\">\n                            <div class=\"bg white\">\n                                <div>\n                                                                            <div class=\"align\">Wusstest du das?!<\/div>\n                                                                                                                <h3 class=\"display-3\">12 Grad<\/h3>\n                                                                                                                <p>Die Temperatur in der Grotte betr\u00e4gt das ganze Jahr \u00fcber etwa 12 Grad bei hoher Luftfeuchtigkeit.<\/p>\n                                                                    <\/div>\n                            <\/div>\n                        <\/div>\n                                    <\/div>\n            <\/div>\n            \n        <\/div>\n                    <\/div>\n<\/section>\n\n\n<section class=\"text-faq faq texture  align wp-block-acf-textfaq\">\n    <div class=\"container\">\n        <div class=\"row\">\n            <div class=\"col-xxl-5 text-center text-lg-start text-md-start col-lg-4 col-md-4 col-12\">\n                <div class=\"section-title\">\n                    <h2 class=\"display-2\">Gut zu wissen<\/h2><p>Bevor du dich in die Gemeindegrotte begibst, solltest du ein paar Dinge wissen. Hier findest du praktische Informationen, damit du gut vorbereitet in die F\u00fchrung starten kannst.<\/p>\n                                            <div class=\"buttons justify-content-center justify-content-lg-start justify-content-md-start\">\n                                                                <a href=\"https:\/\/gemeentegrot.nl\/de\/tickets\/\"\n                                       class=\"btn btn-default\"\n                                       target=\"\">\n                                        Tickets <i class=\"fa fa-angle-right\"><\/i>\n                                    <\/a>\n                                                        <\/div>\n                                    <\/div>\n            <\/div>\n            <div class=\"col-xxl-7 ms-auto col-lg-8 col-md-8 col-12\">\n                                    <div class=\"accordion\" id=\"accordionExample-block_4885e3159fe0507ea7fe586ad5b92ba6\">\n                                                    <div class=\"accordion-item\">\n                                <h2 class=\"accordion-header\" id=\"heading-1-block_4885e3159fe0507ea7fe586ad5b92ba6\">\n                                    <button class=\"accordion-button\" type=\"button\" data-bs-toggle=\"collapse\" data-bs-target=\"#collapse-1-block_4885e3159fe0507ea7fe586ad5b92ba6\" aria-expanded=\"true\" aria-controls=\"collapse-1-block_4885e3159fe0507ea7fe586ad5b92ba6\">\n                                                                                    <img decoding=\"async\" class=\"icon\" src=\"https:\/\/gemeentegrot.nl\/wp-content\/uploads\/2026\/04\/faq-icon-3.png\" alt=\"Die Temperatur in der Grotte betr\u00e4gt 12 \u00b0C\" \/>\n                                                                                Die Temperatur in der Grotte betr\u00e4gt 12 \u00b0C                                    <\/button>\n                                <\/h2>\n                                <div id=\"collapse-1-block_4885e3159fe0507ea7fe586ad5b92ba6\" class=\"accordion-collapse collapse show\" aria-labelledby=\"heading-1-block_4885e3159fe0507ea7fe586ad5b92ba6\" data-bs-parent=\"#accordionExample-block_4885e3159fe0507ea7fe586ad5b92ba6\">\n                                    <div class=\"accordion-body\">\n                                        <p>Nimm also immer eine Jacke oder einen Pullover mit \u2026 auch im Sommer.<\/p>\n                                    <\/div>\n                                <\/div>\n                            <\/div>\n                                                    <div class=\"accordion-item\">\n                                <h2 class=\"accordion-header\" id=\"heading-2-block_4885e3159fe0507ea7fe586ad5b92ba6\">\n                                    <button class=\"accordion-button collapsed\" type=\"button\" data-bs-toggle=\"collapse\" data-bs-target=\"#collapse-2-block_4885e3159fe0507ea7fe586ad5b92ba6\" aria-expanded=\"false\" aria-controls=\"collapse-2-block_4885e3159fe0507ea7fe586ad5b92ba6\">\n                                                                                    <img decoding=\"async\" class=\"icon\" src=\"https:\/\/gemeentegrot.nl\/wp-content\/uploads\/2026\/04\/faq-icon-2.png\" alt=\"Die Grotte ist f\u00fcr alle zug\u00e4nglich\" \/>\n                                                                                Die Grotte ist f\u00fcr alle zug\u00e4nglich                                    <\/button>\n                                <\/h2>\n                                <div id=\"collapse-2-block_4885e3159fe0507ea7fe586ad5b92ba6\" class=\"accordion-collapse collapse\" aria-labelledby=\"heading-2-block_4885e3159fe0507ea7fe586ad5b92ba6\" data-bs-parent=\"#accordionExample-block_4885e3159fe0507ea7fe586ad5b92ba6\">\n                                    <div class=\"accordion-body\">\n                                        <p>Alle unsere F\u00fchrungen sind f\u00fcr Senioren, Besucher mit eingeschr\u00e4nkter Mobilit\u00e4t und Besucher mit Kinderwagen zug\u00e4nglich.<\/p>\n                                    <\/div>\n                                <\/div>\n                            <\/div>\n                                                    <div class=\"accordion-item\">\n                                <h2 class=\"accordion-header\" id=\"heading-3-block_4885e3159fe0507ea7fe586ad5b92ba6\">\n                                    <button class=\"accordion-button collapsed\" type=\"button\" data-bs-toggle=\"collapse\" data-bs-target=\"#collapse-3-block_4885e3159fe0507ea7fe586ad5b92ba6\" aria-expanded=\"false\" aria-controls=\"collapse-3-block_4885e3159fe0507ea7fe586ad5b92ba6\">\n                                                                                    <img decoding=\"async\" class=\"icon\" src=\"https:\/\/gemeentegrot.nl\/wp-content\/uploads\/2026\/04\/faq-icon-4.png\" alt=\"Kinder bis einschlie\u00dflich 3 Jahre haben freien Eintritt\" \/>\n                                                                                Kinder bis einschlie\u00dflich 3 Jahre haben freien Eintritt                                    <\/button>\n                                <\/h2>\n                                <div id=\"collapse-3-block_4885e3159fe0507ea7fe586ad5b92ba6\" class=\"accordion-collapse collapse\" aria-labelledby=\"heading-3-block_4885e3159fe0507ea7fe586ad5b92ba6\" data-bs-parent=\"#accordionExample-block_4885e3159fe0507ea7fe586ad5b92ba6\">\n                                    <div class=\"accordion-body\">\n                                        <p>F\u00fcr Erwachsene kostet eine Eintrittskarte online 11,25 \u20ac und an der Tageskasse 12,50 \u20ac. F\u00fcr Kinder von 4 bis 11 Jahren kostet eine Eintrittskarte online 8,75 \u20ac und an der Tageskasse 10 \u20ac.<\/p>\n                                    <\/div>\n                                <\/div>\n                            <\/div>\n                                                    <div class=\"accordion-item\">\n                                <h2 class=\"accordion-header\" id=\"heading-4-block_4885e3159fe0507ea7fe586ad5b92ba6\">\n                                    <button class=\"accordion-button collapsed\" type=\"button\" data-bs-toggle=\"collapse\" data-bs-target=\"#collapse-4-block_4885e3159fe0507ea7fe586ad5b92ba6\" aria-expanded=\"false\" aria-controls=\"collapse-4-block_4885e3159fe0507ea7fe586ad5b92ba6\">\n                                                                                    <img decoding=\"async\" class=\"icon\" src=\"https:\/\/gemeentegrot.nl\/wp-content\/uploads\/2026\/04\/faq-icon-1.png\" alt=\"Die F\u00fchrung durch die Geschichte des Radsports ist in der Regel f\u00fcr Gruppen gedacht, mit Ausnahme von Veranstaltungen\" \/>\n                                                                                Die F\u00fchrung durch die Geschichte des Radsports ist in der Regel f\u00fcr Gruppen gedacht, mit Ausnahme von Veranstaltungen                                    <\/button>\n                                <\/h2>\n                                <div id=\"collapse-4-block_4885e3159fe0507ea7fe586ad5b92ba6\" class=\"accordion-collapse collapse\" aria-labelledby=\"heading-4-block_4885e3159fe0507ea7fe586ad5b92ba6\" data-bs-parent=\"#accordionExample-block_4885e3159fe0507ea7fe586ad5b92ba6\">\n                                    <div class=\"accordion-body\">\n                                        <p>Die F\u00fchrung \u201eRadsportgeschichte\u201c kann normalerweise nur f\u00fcr Gruppen ab 10 Personen gebucht werden. F\u00fcr Gruppenanfragen kannst du unser Kontaktformular ausf\u00fcllen, damit wir gemeinsam einen passenden Termin vereinbaren k\u00f6nnen. Bei besonderen Veranstaltungen sind auch Einzelbesuche m\u00f6glich. Dies wird vorab auf unserer Website bekannt gegeben.<\/p>\n                                    <\/div>\n                                <\/div>\n                            <\/div>\n                                            <\/div>\n                                <\/div>\n        <\/div>\n    <\/div>\n<\/section>\n\n\n<section class=\"guide texture  align wp-block-acf-guide\">\n    <div class=\"container\">\n        <div class=\"row align-items-center\">\n            <div class=\"col-xxl-6 col-lg-6 col-md-6 col-12\">\n                <div class=\"img\">\n                                                                <img decoding=\"async\" src=\"https:\/\/gemeentegrot.nl\/wp-content\/uploads\/2026\/04\/Gemeentegrot-BrandinginMotion-HR-189.jpg\" alt=\"Unser Guide John erz\u00e4hlt\" \/>\n                                    <\/div>\n            <\/div>\n            <div class=\"col-xxl-4 editmobile col-lg-6 col-md-6 col-12\">\n                <div class=\"section-title\">\n                    <h2 class=\"display-2\">Unser Guide John erz\u00e4hlt<\/h2><p>\u201eDie Radsportgalerie ist f\u00fcr mich etwas Besonderes, weil sich dort mein Interesse am Radsport mit den Geschichten der Grotte verbindet.\u201c<\/p>                                            <div class=\"buttons justify-content-start justify-content-lg-start justify-content-md-start justify-content-center\">\n                                                                <a href=\"https:\/\/gemeentegrot.nl\/de\/unsere-guides\/\"\n                                       class=\"btn btn-primary\"\n                                       target=\"\">\n                                        Lerne unsere Guides kennen <i class=\"fa fa-angle-right\"><\/i>\n                                    <\/a>\n                                                                    <a href=\"https:\/\/gemeentegrot.nl\/de\/tickets\/\"\n                                       class=\"btn btn-default\"\n                                       target=\"\">\n                                        Tickets <i class=\"fa fa-angle-right\"><\/i>\n                                    <\/a>\n                                                        <\/div>\n                                    <\/div>\n            <\/div>\n        <\/div>\n    <\/div>\n<\/section>\n\n\n<section class=\"img-slider-tooltip aboutslider ovdetils ovpage  align wp-block-acf-imgslidertooltip\">\n    <div class=\"container-fluid\">\n        <div class=\"row\">\n            <div class=\"col-xxl-12 p-0 col-lg-12 col-md-12 col-12\">\n                <div class=\"owl-carousel owl-theme img-carousel\">\n                                                                        <div class=\"item\">\n                                <div class=\"main\">\n                                                                            <img decoding=\"async\" class=\"w-100\" src=\"https:\/\/gemeentegrot.nl\/wp-content\/uploads\/2026\/04\/offerview-details.png\" alt=\"\" \/>\n                                                                                                                    <div class=\"infobtn\" style=\"top: 50%; left: 20%;\">\n                                                <a class=\"tooltip-anchor \">\n                                                    <img decoding=\"async\" src=\"https:\/\/gemeentegrot.nl\/wp-content\/themes\/gemeentegrotvalkenburg\/assets\/img\/info.png\" alt=\"\">\n                                                <\/a>\n                                                <div class=\"infodiv d-none\">\n                                                    <img decoding=\"async\" src=\"https:\/\/gemeentegrot.nl\/wp-content\/themes\/gemeentegrotvalkenburg\/assets\/img\/info2.png\" alt=\"\">\n                                                    <a class=\"closebtn\"><img decoding=\"async\" src=\"https:\/\/gemeentegrot.nl\/wp-content\/themes\/gemeentegrotvalkenburg\/blocks\/divider\/close.png\" alt=\"\"><\/a>\n                                                    <p><p>Steinbrecher arbeiteten oft wie Selbstst\u00e4ndige: Wenn man Werkzeug hatte und einen freien Platz fand, konnte man loslegen.<\/p>\n<\/p>                                                <\/div>\n                                            <\/div>\n                                                                                    <div class=\"infobtn\" style=\"top: 50%; left: 50%;\">\n                                                <a class=\"tooltip-anchor \">\n                                                    <img decoding=\"async\" src=\"https:\/\/gemeentegrot.nl\/wp-content\/themes\/gemeentegrotvalkenburg\/assets\/img\/info.png\" alt=\"\">\n                                                <\/a>\n                                                <div class=\"infodiv d-none\">\n                                                    <img decoding=\"async\" src=\"https:\/\/gemeentegrot.nl\/wp-content\/themes\/gemeentegrotvalkenburg\/assets\/img\/info2.png\" alt=\"\">\n                                                    <a class=\"closebtn\"><img decoding=\"async\" src=\"https:\/\/gemeentegrot.nl\/wp-content\/themes\/gemeentegrotvalkenburg\/blocks\/divider\/close.png\" alt=\"\"><\/a>\n                                                    <p><p>1980 wurde in der Grotte ein Musikvideo von Julio Iglesias mit der T\u00e4nzerin Penny de Jager gedreht.<\/p>\n<\/p>                                                <\/div>\n                                            <\/div>\n                                                                        <\/div>\n                            <\/div>\n                                                    <div class=\"item\">\n                                <div class=\"main\">\n                                                                            <img decoding=\"async\" class=\"w-100\" src=\"https:\/\/gemeentegrot.nl\/wp-content\/uploads\/2026\/04\/offerview-details.png\" alt=\"\" \/>\n                                                                                                                    <div class=\"infobtn\" style=\"top: 50%; left: 50%;\">\n                                                <a class=\"tooltip-anchor \">\n                                                    <img decoding=\"async\" src=\"https:\/\/gemeentegrot.nl\/wp-content\/themes\/gemeentegrotvalkenburg\/assets\/img\/info.png\" alt=\"\">\n                                                <\/a>\n                                                <div class=\"infodiv d-none\">\n                                                    <img decoding=\"async\" src=\"https:\/\/gemeentegrot.nl\/wp-content\/themes\/gemeentegrotvalkenburg\/assets\/img\/info2.png\" alt=\"\">\n                                                    <a class=\"closebtn\"><img decoding=\"async\" src=\"https:\/\/gemeentegrot.nl\/wp-content\/themes\/gemeentegrotvalkenburg\/blocks\/divider\/close.png\" alt=\"\"><\/a>\n                                                    <p><p>Ein Steinbrecher holte durchschnittlich etwa einen Mergelstein pro Tag aus der Grotte.<\/p>\n<\/p>                                                <\/div>\n                                            <\/div>\n                                                                        <\/div>\n                            <\/div>\n                                                            <\/div>\n            <\/div>\n        <\/div>\n    <\/div>\n    <div class=\"container\">\n        <div class=\"row\">\n            <div class=\"col-xxl-12 position-relative col-lg-12 col-md-12 col-12\">\n                <div class=\"custom-nav owl-theme\"><\/div>\n                <div class=\"custom-pagination3 custom-pager white\">\n                    <span class=\"current\">1<\/span> \/ <span class=\"total\">1<\/span>\n                <\/div>\n            <\/div>\n        <\/div>\n        <div class=\"row justify-content-center\">\n            <div class=\"col-xxl-4 text-center col-lg-8 col-md-8 col-12\">\n                <div class=\"section-title\">\n                                                                <div class=\"buttons justify-content-center\">\n                                                                <a href=\"https:\/\/gemeentegrot.nl\/de\/tickets\/\"\n                                       class=\"btn btn-default\"\n                                       target=\"\">\n                                        Tickets                                    <\/a>\n                                                        <\/div>\n                                    <\/div>\n            <\/div>\n        <\/div>\n    <\/div>\n<\/section>\n\n\n<section class=\"reviews texture has-background-color-donker-beige align wp-block-acf-reviews\">\n    <div class=\"container\">\n        <div class=\"row\">\n            <div class=\"col-xxl-4 col-lg-4 col-md-12 col-12\">\n                <div class=\"section-title\">\n                    <h3 class=\"display-3\">Erfahrungen unserer Besucher<\/h3><p>Entdecke die Geschichten der Menschen, die vor dir hier waren, und erfahre, warum sie die Gemeindegrotte Valkenburg als den idealen Tagesausflug betrachten. Von der beeindruckenden Geschichte bis hin zu den geheimnisvollen G\u00e4ngen, unsere Besucher teilen ihre einzigartigen Erlebnisse, die die F\u00fchrung zu einem unvergesslichen Erlebnis machen. Lies, warum auch du diesen besonderen Ort entdecken solltest!<\/p>\n                                            <div class=\"buttons\">\n                                                    <\/div>\n                                    <\/div>\n            <\/div>\n        \n            <div class=\"col-xxl-8 text-center col-lg-8 col-md-8 col-12\">\n                <div class=\"row equal-height\">\n                    <div class=\"col-xxl-4 text-center col-lg-5 col-md-4 col-6\">\n                        <div class=\"bg-reviews\" style=\"background: url(https:\/\/gemeentegrot.nl\/wp-content\/uploads\/2026\/03\/bg-stars.png) 50% 50% no-repeat; background-size: cover;\">\n                                                            <img decoding=\"async\" src=\"https:\/\/gemeentegrot.nl\/wp-content\/uploads\/2026\/03\/google.png\" alt=\"\" \/>\n                                                        <div class=\"stars\">\n                                <img decoding=\"async\" src=\"https:\/\/gemeentegrot.nl\/wp-content\/themes\/gemeentegrotvalkenburg\/assets\/img\/stars.png\" alt=\"\" \/>\n                            <\/div>\n                                                            <p>4,3 basierend auf 7.500 Bewertungen<\/p>\n                                                    <\/div>\n                    <\/div>\n                    <div class=\"col-xxl-8 col-lg-7 col-md-8 col-6\">\n                        <div class=\"owl-carousel owl-theme review-carousel\">\n                                                                                            <div class=\"item\">\n                                            <div class=\"bg\">\n                                                <div>\n                                                                                                            <h3 class=\"display-3\">Jeroen Bolhuis<\/h3>\n                                                                                                                                                                <p><p>Wir haben hier eine wundersch\u00f6ne F\u00fchrung zu Fu\u00df mit einem erfahrenen Guide gemacht. Es wurde sich in aller Ruhe Zeit genommen, um uns alles zu zeigen. Fragen wurden gut beantwortet und es war eine wirklich tolle F\u00fchrung.<\/p>\n<\/p>\n                                                                                                        <div class=\"stars\">\n                                                                                                                    <img decoding=\"async\" src=\"https:\/\/gemeentegrot.nl\/wp-content\/themes\/gemeentegrotvalkenburg\/assets\/img\/stars.png\" alt=\"\" \/>\n                                                                                                            <\/div>\n                                                                                                            <div class=\"date mt-2\">November 2025<\/div>\n                                                                                                    <\/div>\n                                            <\/div>\n                                        <\/div>\n                                                                    <div class=\"item\">\n                                            <div class=\"bg\">\n                                                <div>\n                                                                                                            <h3 class=\"display-3\">Diana Bastiaansen<\/h3>\n                                                                                                                                                                <p><p>Es war ein sch\u00f6nes Erlebnis, vor allem aber die Erkl\u00e4rungen unseres Guides und des Zugf\u00fchrers. Ein absolutes Muss, wenn du in Valkenburg bist.<\/p>\n<\/p>\n                                                                                                        <div class=\"stars\">\n                                                                                                                    <img decoding=\"async\" src=\"https:\/\/gemeentegrot.nl\/wp-content\/themes\/gemeentegrotvalkenburg\/assets\/img\/stars.png\" alt=\"\" \/>\n                                                                                                            <\/div>\n                                                                                                            <div class=\"date mt-2\">Oktober 2025<\/div>\n                                                                                                    <\/div>\n                                            <\/div>\n                                        <\/div>\n                                                                    <div class=\"item\">\n                                            <div class=\"bg\">\n                                                <div>\n                                                                                                            <h3 class=\"display-3\">Jeroen de W<\/h3>\n                                                                                                                                                                <p><p>Heute haben wir an der F\u00fchrung mit Zug teilgenommen. Ein sch\u00f6nes Erlebnis, und unser 8-j\u00e4hriger Sohn fand es toll. Sehr freundlicher Guide\/Schaffner\/Fahrer. Tolle Erkl\u00e4rungen, und man bekam einen guten Eindruck davon, wie gro\u00df diese Grotte ist.<\/p>\n<\/p>\n                                                                                                        <div class=\"stars\">\n                                                                                                                    <img decoding=\"async\" src=\"https:\/\/gemeentegrot.nl\/wp-content\/themes\/gemeentegrotvalkenburg\/assets\/img\/stars.png\" alt=\"\" \/>\n                                                                                                            <\/div>\n                                                                                                            <div class=\"date mt-2\">August 2026<\/div>\n                                                                                                    <\/div>\n                                            <\/div>\n                                        <\/div>\n                                                                    <div class=\"item\">\n                                            <div class=\"bg\">\n                                                <div>\n                                                                                                            <h3 class=\"display-3\">Chris Dhous<\/h3>\n                                                                                                                                                                <p><p>In jeder Hinsicht lehrreich: Geschichte, Handwerk und der Krieg. Alle Themen kommen zur Sprache, und vor allem ist es ein gem\u00fctlicher Spaziergang unter der Erde.<\/p>\n<\/p>\n                                                                                                        <div class=\"stars\">\n                                                                                                                    <img decoding=\"async\" src=\"https:\/\/gemeentegrot.nl\/wp-content\/themes\/gemeentegrotvalkenburg\/assets\/img\/stars.png\" alt=\"\" \/>\n                                                                                                            <\/div>\n                                                                                                            <div class=\"date mt-2\">April 2026<\/div>\n                                                                                                    <\/div>\n                                            <\/div>\n                                        <\/div>\n                                                                    <div class=\"item\">\n                                            <div class=\"bg\">\n                                                <div>\n                                                                                                            <h3 class=\"display-3\">Silvester den dekker<\/h3>\n                                                                                                                                                                <p><p>Ein echter Geheimtipp, wenn du in Valkenburg bist. Wir haben die F\u00fchrung zu Fu\u00df gemacht, das hat richtig Spa\u00df gemacht. Der Guide war total begeistert und hat zwischendurch auch mal einen Witz gemacht. Wir waren mit unseren beiden Kindern dabei, und die konnten das Tempo prima mithalten.<\/p>\n<\/p>\n                                                                                                        <div class=\"stars\">\n                                                                                                                    <img decoding=\"async\" src=\"https:\/\/gemeentegrot.nl\/wp-content\/themes\/gemeentegrotvalkenburg\/assets\/img\/stars.png\" alt=\"\" \/>\n                                                                                                            <\/div>\n                                                                                                            <div class=\"date mt-2\">April 2026<\/div>\n                                                                                                    <\/div>\n                                            <\/div>\n                                        <\/div>\n                                                                    <div class=\"item\">\n                                            <div class=\"bg\">\n                                                <div>\n                                                                                                            <h3 class=\"display-3\">Jan J<\/h3>\n                                                                                                                                                                <p><p>Ganz \u00fcberraschend. Eine verborgene Welt unter der Erde. Der Guide unseres kleinen Zuges musste seine Fahrk\u00fcnste mit spannenden Erz\u00e4hlungen \u00fcber die Geschichte, die Zeichnungen und die Skulpturen verbinden. Sogar unsere Teenager fanden es cool (und k\u00fchl, also Pullover\/Jacke mitnehmen).<\/p>\n<\/p>\n                                                                                                        <div class=\"stars\">\n                                                                                                                    <img decoding=\"async\" src=\"https:\/\/gemeentegrot.nl\/wp-content\/themes\/gemeentegrotvalkenburg\/assets\/img\/stars.png\" alt=\"\" \/>\n                                                                                                            <\/div>\n                                                                                                            <div class=\"date mt-2\">April 2026<\/div>\n                                                                                                    <\/div>\n                                            <\/div>\n                                        <\/div>\n                                                                    <div class=\"item\">\n                                            <div class=\"bg\">\n                                                <div>\n                                                                                                            <h3 class=\"display-3\">Ivo Theunissen<\/h3>\n                                                                                                                                                                <p><p>Ein super interessanter Ausflug \u00fcber das Leben der Steinbrecher in Valkenburg. Dazwischen gibt\u2019s interessante Kunstwerke und Darstellungen, wie Tiere und die Natur fr\u00fcher ausgesehen haben k\u00f6nnten.<\/p>\n<\/p>\n                                                                                                        <div class=\"stars\">\n                                                                                                                    <img decoding=\"async\" src=\"https:\/\/gemeentegrot.nl\/wp-content\/themes\/gemeentegrotvalkenburg\/assets\/img\/stars.png\" alt=\"\" \/>\n                                                                                                            <\/div>\n                                                                                                            <div class=\"date mt-2\">Oktober 2026<\/div>\n                                                                                                    <\/div>\n                                            <\/div>\n                                        <\/div>\n                                                                    <div class=\"item\">\n                                            <div class=\"bg\">\n                                                <div>\n                                                                                                            <h3 class=\"display-3\">Rob Kok<\/h3>\n                                                                                                                                                                <p><p>Ger, der Reiseleiter, ist einfach klasse. Wir waren mit acht Leuten und vier Kindern unterwegs, und es war super interessant und wurde total unterhaltsam erz\u00e4hlt.<\/p>\n<\/p>\n                                                                                                        <div class=\"stars\">\n                                                                                                                    <img decoding=\"async\" src=\"https:\/\/gemeentegrot.nl\/wp-content\/themes\/gemeentegrotvalkenburg\/assets\/img\/stars.png\" alt=\"\" \/>\n                                                                                                            <\/div>\n                                                                                                            <div class=\"date mt-2\">April 2026<\/div>\n                                                                                                    <\/div>\n                                            <\/div>\n                                        <\/div>\n                                    \n                                                    <\/div>\n                        <div class=\"custom-pagination4 custom-pager\">\n                            <span class=\"current\">1<\/span> \/ <span class=\"total\">1<\/span>\n                        <\/div>\n                    <\/div>\n                <\/div>\n            <\/div>\n        <\/div>\n    <\/div>\n<\/section>\n\n\n<section class=\"text-faq faq texture  align wp-block-acf-textfaq\">\n    <div class=\"container\">\n        <div class=\"row\">\n            <div class=\"col-xxl-5 text-center text-lg-start text-md-start col-lg-4 col-md-4 col-12\">\n                <div class=\"section-title\">\n                    <h2 class=\"display-2\">H\u00e4ufig gestellte Fragen<\/h2><p>Hier findest du unsere h\u00e4ufig gestellten Fragen. Ist deine Frage nicht dabei? Dann melde dich gerne bei uns.<\/p>\n                                            <div class=\"buttons justify-content-center justify-content-lg-start justify-content-md-start\">\n                                                                <a href=\"https:\/\/gemeentegrot.nl\/de\/kontakt\/\"\n                                       class=\"btn btn-default\"\n                                       target=\"\">\n                                        Kontakt aufnehmen <i class=\"fa fa-angle-right\"><\/i>\n                                    <\/a>\n                                                                    <a href=\"https:\/\/gemeentegrot.nl\/de\/kontakt\/haeufig-gestellte-fragen\/\"\n                                       class=\"btn btn-primary\"\n                                       target=\"\">\n                                        Alle h\u00e4ufig gestellten Fragen <i class=\"fa fa-angle-right\"><\/i>\n                                    <\/a>\n                                                        <\/div>\n                                    <\/div>\n            <\/div>\n            <div class=\"col-xxl-7 ms-auto col-lg-8 col-md-8 col-12\">\n                                        <div class=\"accordion\" id=\"accordionExample-block_a81ff197d84b7d61ff252935b5b39de1\">\n                                                            <div class=\"accordion-item\">\n                                    <h2 class=\"accordion-header\" id=\"heading-1-block_a81ff197d84b7d61ff252935b5b39de1\">\n                                        <button class=\"accordion-button\" type=\"button\" data-bs-toggle=\"collapse\" data-bs-target=\"#collapse-1-block_a81ff197d84b7d61ff252935b5b39de1\" aria-expanded=\"true\" aria-controls=\"collapse-1-block_a81ff197d84b7d61ff252935b5b39de1\">\n                                                                                        Wie viel kostet der Eintritt in die Grotte?                                        <\/button>\n                                    <\/h2>\n                                    <div id=\"collapse-1-block_a81ff197d84b7d61ff252935b5b39de1\" class=\"accordion-collapse collapse show\" aria-labelledby=\"heading-1-block_a81ff197d84b7d61ff252935b5b39de1\" data-bs-parent=\"#accordionExample-block_a81ff197d84b7d61ff252935b5b39de1\">\n                                        <div class=\"accordion-body\">\n                                            <p>Schau dir unsere aktuellen Eintrittspreise an.<\/p>\n                                        <\/div>\n                                    <\/div>\n                                <\/div>\n                                                                <div class=\"accordion-item\">\n                                    <h2 class=\"accordion-header\" id=\"heading-2-block_a81ff197d84b7d61ff252935b5b39de1\">\n                                        <button class=\"accordion-button collapsed\" type=\"button\" data-bs-toggle=\"collapse\" data-bs-target=\"#collapse-2-block_a81ff197d84b7d61ff252935b5b39de1\" aria-expanded=\"false\" aria-controls=\"collapse-2-block_a81ff197d84b7d61ff252935b5b39de1\">\n                                                                                        Wie sind die \u00d6ffnungszeiten der Grotte?                                        <\/button>\n                                    <\/h2>\n                                    <div id=\"collapse-2-block_a81ff197d84b7d61ff252935b5b39de1\" class=\"accordion-collapse collapse\" aria-labelledby=\"heading-2-block_a81ff197d84b7d61ff252935b5b39de1\" data-bs-parent=\"#accordionExample-block_a81ff197d84b7d61ff252935b5b39de1\">\n                                        <div class=\"accordion-body\">\n                                            <p>Schau dir unsere aktuellen \u00d6ffnungszeiten an.<\/p>\n                                        <\/div>\n                                    <\/div>\n                                <\/div>\n                                                                <div class=\"accordion-item\">\n                                    <h2 class=\"accordion-header\" id=\"heading-3-block_a81ff197d84b7d61ff252935b5b39de1\">\n                                        <button class=\"accordion-button collapsed\" type=\"button\" data-bs-toggle=\"collapse\" data-bs-target=\"#collapse-3-block_a81ff197d84b7d61ff252935b5b39de1\" aria-expanded=\"false\" aria-controls=\"collapse-3-block_a81ff197d84b7d61ff252935b5b39de1\">\n                                                                                        Bis wann wurde Mergel abgebaut?                                        <\/button>\n                                    <\/h2>\n                                    <div id=\"collapse-3-block_a81ff197d84b7d61ff252935b5b39de1\" class=\"accordion-collapse collapse\" aria-labelledby=\"heading-3-block_a81ff197d84b7d61ff252935b5b39de1\" data-bs-parent=\"#accordionExample-block_a81ff197d84b7d61ff252935b5b39de1\">\n                                        <div class=\"accordion-body\">\n                                            <p>Der letzte Mergel wurde 1920 aus dem Steinbruch gef\u00f6rdert.<\/p>\n                                        <\/div>\n                                    <\/div>\n                                <\/div>\n                                                                <div class=\"accordion-item\">\n                                    <h2 class=\"accordion-header\" id=\"heading-4-block_a81ff197d84b7d61ff252935b5b39de1\">\n                                        <button class=\"accordion-button collapsed\" type=\"button\" data-bs-toggle=\"collapse\" data-bs-target=\"#collapse-4-block_a81ff197d84b7d61ff252935b5b39de1\" aria-expanded=\"false\" aria-controls=\"collapse-4-block_a81ff197d84b7d61ff252935b5b39de1\">\n                                                                                        Wie alt ist die Gemeindegrotte?                                        <\/button>\n                                    <\/h2>\n                                    <div id=\"collapse-4-block_a81ff197d84b7d61ff252935b5b39de1\" class=\"accordion-collapse collapse\" aria-labelledby=\"heading-4-block_a81ff197d84b7d61ff252935b5b39de1\" data-bs-parent=\"#accordionExample-block_a81ff197d84b7d61ff252935b5b39de1\">\n                                        <div class=\"accordion-body\">\n                                            <p>Der Abbau des Mergels begann im Jahr 1250.<\/p>\n                                        <\/div>\n                                    <\/div>\n                                <\/div>\n                                                                <div class=\"accordion-item\">\n                                    <h2 class=\"accordion-header\" id=\"heading-5-block_a81ff197d84b7d61ff252935b5b39de1\">\n                                        <button class=\"accordion-button collapsed\" type=\"button\" data-bs-toggle=\"collapse\" data-bs-target=\"#collapse-5-block_a81ff197d84b7d61ff252935b5b39de1\" aria-expanded=\"false\" aria-controls=\"collapse-5-block_a81ff197d84b7d61ff252935b5b39de1\">\n                                                                                        Wie gro\u00df ist die Gemeindegrotte?                                        <\/button>\n                                    <\/h2>\n                                    <div id=\"collapse-5-block_a81ff197d84b7d61ff252935b5b39de1\" class=\"accordion-collapse collapse\" aria-labelledby=\"heading-5-block_a81ff197d84b7d61ff252935b5b39de1\" data-bs-parent=\"#accordionExample-block_a81ff197d84b7d61ff252935b5b39de1\">\n                                        <div class=\"accordion-body\">\n                                            <p>Das Tunnelnetz ist etwa 70 Kilometer lang, davon sind 30 Kilometer begehbar.<\/p>\n                                        <\/div>\n                                    <\/div>\n                                <\/div>\n                                                                <div class=\"accordion-item\">\n                                    <h2 class=\"accordion-header\" id=\"heading-6-block_a81ff197d84b7d61ff252935b5b39de1\">\n                                        <button class=\"accordion-button collapsed\" type=\"button\" data-bs-toggle=\"collapse\" data-bs-target=\"#collapse-6-block_a81ff197d84b7d61ff252935b5b39de1\" aria-expanded=\"false\" aria-controls=\"collapse-6-block_a81ff197d84b7d61ff252935b5b39de1\">\n                                                                                        Gibt es spezielle F\u00fchrungen oder Veranstaltungen?                                        <\/button>\n                                    <\/h2>\n                                    <div id=\"collapse-6-block_a81ff197d84b7d61ff252935b5b39de1\" class=\"accordion-collapse collapse\" aria-labelledby=\"heading-6-block_a81ff197d84b7d61ff252935b5b39de1\" data-bs-parent=\"#accordionExample-block_a81ff197d84b7d61ff252935b5b39de1\">\n                                        <div class=\"accordion-body\">\n                                            <p>Derzeit gibt es verschiedene Sonderf\u00fchrungen, wie zum Beispiel \u201eZuflucht in der Gemeindegrotte\u201d und \u201eRadsportgeschichte in der Gemeindegrotte\u201d. Diese k\u00f6nnen auf Anfrage ab 10 Personen gebucht werden. Behalte unsere Website im Auge, um \u00fcber Veranstaltungen und Sonderaktionen auf dem Laufenden zu bleiben.<\/p>\n                                        <\/div>\n                                    <\/div>\n                                <\/div>\n                                                                <div class=\"accordion-item\">\n                                    <h2 class=\"accordion-header\" id=\"heading-7-block_a81ff197d84b7d61ff252935b5b39de1\">\n                                        <button class=\"accordion-button collapsed\" type=\"button\" data-bs-toggle=\"collapse\" data-bs-target=\"#collapse-7-block_a81ff197d84b7d61ff252935b5b39de1\" aria-expanded=\"false\" aria-controls=\"collapse-7-block_a81ff197d84b7d61ff252935b5b39de1\">\n                                                                                        Welche Zahlungsm\u00f6glichkeiten gibt es?                                        <\/button>\n                                    <\/h2>\n                                    <div id=\"collapse-7-block_a81ff197d84b7d61ff252935b5b39de1\" class=\"accordion-collapse collapse\" aria-labelledby=\"heading-7-block_a81ff197d84b7d61ff252935b5b39de1\" data-bs-parent=\"#accordionExample-block_a81ff197d84b7d61ff252935b5b39de1\">\n                                        <div class=\"accordion-body\">\n                                            <p>An unserer Tageskasse kannst du bar oder mit EC-Karte bezahlen. Es ist m\u00f6glich, Tickets im Voraus \u00fcber unsere Website zu reservieren.<\/p>\n                                        <\/div>\n                                    <\/div>\n                                <\/div>\n                                                                <div class=\"accordion-item\">\n                                    <h2 class=\"accordion-header\" id=\"heading-8-block_a81ff197d84b7d61ff252935b5b39de1\">\n                                        <button class=\"accordion-button collapsed\" type=\"button\" data-bs-toggle=\"collapse\" data-bs-target=\"#collapse-8-block_a81ff197d84b7d61ff252935b5b39de1\" aria-expanded=\"false\" aria-controls=\"collapse-8-block_a81ff197d84b7d61ff252935b5b39de1\">\n                                                                                        Ist die Museumskarte g\u00fcltig?                                        <\/button>\n                                    <\/h2>\n                                    <div id=\"collapse-8-block_a81ff197d84b7d61ff252935b5b39de1\" class=\"accordion-collapse collapse\" aria-labelledby=\"heading-8-block_a81ff197d84b7d61ff252935b5b39de1\" data-bs-parent=\"#accordionExample-block_a81ff197d84b7d61ff252935b5b39de1\">\n                                        <div class=\"accordion-body\">\n                                            <p>Nein, die Museumskarte gilt bei uns nicht.<\/p>\n                                        <\/div>\n                                    <\/div>\n                                <\/div>\n                                                                <div class=\"accordion-item\">\n                                    <h2 class=\"accordion-header\" id=\"heading-9-block_a81ff197d84b7d61ff252935b5b39de1\">\n                                        <button class=\"accordion-button collapsed\" type=\"button\" data-bs-toggle=\"collapse\" data-bs-target=\"#collapse-9-block_a81ff197d84b7d61ff252935b5b39de1\" aria-expanded=\"false\" aria-controls=\"collapse-9-block_a81ff197d84b7d61ff252935b5b39de1\">\n                                                                                        Kann man die Grotte auch ohne F\u00fchrung besichtigen?                                        <\/button>\n                                    <\/h2>\n                                    <div id=\"collapse-9-block_a81ff197d84b7d61ff252935b5b39de1\" class=\"accordion-collapse collapse\" aria-labelledby=\"heading-9-block_a81ff197d84b7d61ff252935b5b39de1\" data-bs-parent=\"#accordionExample-block_a81ff197d84b7d61ff252935b5b39de1\">\n                                        <div class=\"accordion-body\">\n                                            <p>Nein, die Grotte kann nur unter der Leitung eines F\u00fchrers besichtigt werden.<\/p>\n                                        <\/div>\n                                    <\/div>\n                                <\/div>\n                                                                <div class=\"accordion-item\">\n                                    <h2 class=\"accordion-header\" id=\"heading-10-block_a81ff197d84b7d61ff252935b5b39de1\">\n                                        <button class=\"accordion-button collapsed\" type=\"button\" data-bs-toggle=\"collapse\" data-bs-target=\"#collapse-10-block_a81ff197d84b7d61ff252935b5b39de1\" aria-expanded=\"false\" aria-controls=\"collapse-10-block_a81ff197d84b7d61ff252935b5b39de1\">\n                                                                                        Ist die Grotte f\u00fcr Kinder geeignet?                                        <\/button>\n                                    <\/h2>\n                                    <div id=\"collapse-10-block_a81ff197d84b7d61ff252935b5b39de1\" class=\"accordion-collapse collapse\" aria-labelledby=\"heading-10-block_a81ff197d84b7d61ff252935b5b39de1\" data-bs-parent=\"#accordionExample-block_a81ff197d84b7d61ff252935b5b39de1\">\n                                        <div class=\"accordion-body\">\n                                            <p>Ja, die Grotte ist f\u00fcr alle Altersgruppen geeignet.<\/p>\n                                        <\/div>\n                                    <\/div>\n                                <\/div>\n                                                                <div class=\"accordion-item\">\n                                    <h2 class=\"accordion-header\" id=\"heading-11-block_a81ff197d84b7d61ff252935b5b39de1\">\n                                        <button class=\"accordion-button collapsed\" type=\"button\" data-bs-toggle=\"collapse\" data-bs-target=\"#collapse-11-block_a81ff197d84b7d61ff252935b5b39de1\" aria-expanded=\"false\" aria-controls=\"collapse-11-block_a81ff197d84b7d61ff252935b5b39de1\">\n                                                                                        Gibt es vor Ort eine Toilette?                                        <\/button>\n                                    <\/h2>\n                                    <div id=\"collapse-11-block_a81ff197d84b7d61ff252935b5b39de1\" class=\"accordion-collapse collapse\" aria-labelledby=\"heading-11-block_a81ff197d84b7d61ff252935b5b39de1\" data-bs-parent=\"#accordionExample-block_a81ff197d84b7d61ff252935b5b39de1\">\n                                        <div class=\"accordion-body\">\n                                            <p>Ja, es gibt \u00f6ffentliche Toiletten. Diese Toiletten sind kostenpflichtig. Au\u00dferdem gibt es eine Behindertentoilette.<\/p>\n                                        <\/div>\n                                    <\/div>\n                                <\/div>\n                                                                <div class=\"accordion-item\">\n                                    <h2 class=\"accordion-header\" id=\"heading-12-block_a81ff197d84b7d61ff252935b5b39de1\">\n                                        <button class=\"accordion-button collapsed\" type=\"button\" data-bs-toggle=\"collapse\" data-bs-target=\"#collapse-12-block_a81ff197d84b7d61ff252935b5b39de1\" aria-expanded=\"false\" aria-controls=\"collapse-12-block_a81ff197d84b7d61ff252935b5b39de1\">\n                                                                                        D\u00fcrfen Fotos und\/oder Bildaufnahmen gemacht werden?                                        <\/button>\n                                    <\/h2>\n                                    <div id=\"collapse-12-block_a81ff197d84b7d61ff252935b5b39de1\" class=\"accordion-collapse collapse\" aria-labelledby=\"heading-12-block_a81ff197d84b7d61ff252935b5b39de1\" data-bs-parent=\"#accordionExample-block_a81ff197d84b7d61ff252935b5b39de1\">\n                                        <div class=\"accordion-body\">\n                                            <p>Ja, du darfst gerne Fotos und\/oder Videoaufnahmen machen. Bitte beachte jedoch, dass es sich um eine F\u00fchrung handelt und wir daher nicht lange an einer Stelle verweilen k\u00f6nnen, um Fotos und\/oder Videoaufnahmen zu machen.<\/p>\n                                        <\/div>\n                                    <\/div>\n                                <\/div>\n                                                                <div class=\"accordion-item\">\n                                    <h2 class=\"accordion-header\" id=\"heading-13-block_a81ff197d84b7d61ff252935b5b39de1\">\n                                        <button class=\"accordion-button collapsed\" type=\"button\" data-bs-toggle=\"collapse\" data-bs-target=\"#collapse-13-block_a81ff197d84b7d61ff252935b5b39de1\" aria-expanded=\"false\" aria-controls=\"collapse-13-block_a81ff197d84b7d61ff252935b5b39de1\">\n                                                                                        Ich leide unter Klaustrophobie und Platzangst. Kann ich an einer F\u00fchrung teilnehmen?                                        <\/button>\n                                    <\/h2>\n                                    <div id=\"collapse-13-block_a81ff197d84b7d61ff252935b5b39de1\" class=\"accordion-collapse collapse\" aria-labelledby=\"heading-13-block_a81ff197d84b7d61ff252935b5b39de1\" data-bs-parent=\"#accordionExample-block_a81ff197d84b7d61ff252935b5b39de1\">\n                                        <div class=\"accordion-body\">\n                                            <p>Obwohl unsere G\u00e4nge recht breit und hoch sind, raten wir Besuchern mit Klaustrophobie und Platzangst dennoch davon ab, an einer F\u00fchrung teilzunehmen.<\/p>\n                                        <\/div>\n                                    <\/div>\n                                <\/div>\n                                                                <div class=\"accordion-item\">\n                                    <h2 class=\"accordion-header\" id=\"heading-14-block_a81ff197d84b7d61ff252935b5b39de1\">\n                                        <button class=\"accordion-button collapsed\" type=\"button\" data-bs-toggle=\"collapse\" data-bs-target=\"#collapse-14-block_a81ff197d84b7d61ff252935b5b39de1\" aria-expanded=\"false\" aria-controls=\"collapse-14-block_a81ff197d84b7d61ff252935b5b39de1\">\n                                                                                        Ist die Grotte f\u00fcr Kinderwagen\/(elektrische) Rollst\u00fchle\/Rollatoren zug\u00e4nglich?                                        <\/button>\n                                    <\/h2>\n                                    <div id=\"collapse-14-block_a81ff197d84b7d61ff252935b5b39de1\" class=\"accordion-collapse collapse\" aria-labelledby=\"heading-14-block_a81ff197d84b7d61ff252935b5b39de1\" data-bs-parent=\"#accordionExample-block_a81ff197d84b7d61ff252935b5b39de1\">\n                                        <div class=\"accordion-body\">\n                                            <p>Alle F\u00fchrungen sind f\u00fcr Besucher mit eingeschr\u00e4nkter Mobilit\u00e4t zug\u00e4nglich. F\u00fcr die F\u00fchrung mit dem Zug musst du jedoch ein kurzes St\u00fcck selbstst\u00e4ndig laufen und eine kleine Stufe \u00fcberwinden k\u00f6nnen, um in den Zug einzusteigen. Kinderwagen, (elektrische) Rollst\u00fchle und Rollatoren d\u00fcrfen nicht mit in den Zug genommen werden; diese k\u00f6nnen am Abfahrtsort zur\u00fcckgelassen werden. Bei der F\u00fchrung zu Fu\u00df legst du etwa eineinhalb Kilometer zur\u00fcck, verteilt auf 60 Minuten. Es gibt einige H\u00f6henunterschiede. W\u00e4hrend der F\u00fchrung gibt es keine Treppen.<\/p>\n                                        <\/div>\n                                    <\/div>\n                                <\/div>\n                                                                <div class=\"accordion-item\">\n                                    <h2 class=\"accordion-header\" id=\"heading-15-block_a81ff197d84b7d61ff252935b5b39de1\">\n                                        <button class=\"accordion-button collapsed\" type=\"button\" data-bs-toggle=\"collapse\" data-bs-target=\"#collapse-15-block_a81ff197d84b7d61ff252935b5b39de1\" aria-expanded=\"false\" aria-controls=\"collapse-15-block_a81ff197d84b7d61ff252935b5b39de1\">\n                                                                                        Sind (Haus-)Tiere erlaubt?                                        <\/button>\n                                    <\/h2>\n                                    <div id=\"collapse-15-block_a81ff197d84b7d61ff252935b5b39de1\" class=\"accordion-collapse collapse\" aria-labelledby=\"heading-15-block_a81ff197d84b7d61ff252935b5b39de1\" data-bs-parent=\"#accordionExample-block_a81ff197d84b7d61ff252935b5b39de1\">\n                                        <div class=\"accordion-body\">\n                                            <p>Haustiere sind in der Gemeindegrotte nicht erlaubt.<\/p>\n                                        <\/div>\n                                    <\/div>\n                                <\/div>\n                                                                <div class=\"accordion-item\">\n                                    <h2 class=\"accordion-header\" id=\"heading-16-block_a81ff197d84b7d61ff252935b5b39de1\">\n                                        <button class=\"accordion-button collapsed\" type=\"button\" data-bs-toggle=\"collapse\" data-bs-target=\"#collapse-16-block_a81ff197d84b7d61ff252935b5b39de1\" aria-expanded=\"false\" aria-controls=\"collapse-16-block_a81ff197d84b7d61ff252935b5b39de1\">\n                                                                                        Wir reisen mit einem Reisebus an. Gibt es irgendwo Parkm\u00f6glichkeiten?                                        <\/button>\n                                    <\/h2>\n                                    <div id=\"collapse-16-block_a81ff197d84b7d61ff252935b5b39de1\" class=\"accordion-collapse collapse\" aria-labelledby=\"heading-16-block_a81ff197d84b7d61ff252935b5b39de1\" data-bs-parent=\"#accordionExample-block_a81ff197d84b7d61ff252935b5b39de1\">\n                                        <div class=\"accordion-body\">\n                                            <p>Es ist erlaubt, die G\u00e4ste am Eingang in der Cauberg 4 ein- und aussteigen zu lassen. Anschlie\u00dfend muss der Bus auf einem der daf\u00fcr vorgesehenen Busparkpl\u00e4tze im Zentrum geparkt werden.<\/p>\n                                        <\/div>\n                                    <\/div>\n                                <\/div>\n                                                                <div class=\"accordion-item\">\n                                    <h2 class=\"accordion-header\" id=\"heading-17-block_a81ff197d84b7d61ff252935b5b39de1\">\n                                        <button class=\"accordion-button collapsed\" type=\"button\" data-bs-toggle=\"collapse\" data-bs-target=\"#collapse-17-block_a81ff197d84b7d61ff252935b5b39de1\" aria-expanded=\"false\" aria-controls=\"collapse-17-block_a81ff197d84b7d61ff252935b5b39de1\">\n                                                                                        Wo kann ich mein Auto parken?                                        <\/button>\n                                    <\/h2>\n                                    <div id=\"collapse-17-block_a81ff197d84b7d61ff252935b5b39de1\" class=\"accordion-collapse collapse\" aria-labelledby=\"heading-17-block_a81ff197d84b7d61ff252935b5b39de1\" data-bs-parent=\"#accordionExample-block_a81ff197d84b7d61ff252935b5b39de1\">\n                                        <div class=\"accordion-body\">\n                                            <p>In Valkenburg gibt es verschiedene Parkm\u00f6glichkeiten.<\/p>\n                                        <\/div>\n                                    <\/div>\n                                <\/div>\n                                                                <div class=\"accordion-item\">\n                                    <h2 class=\"accordion-header\" id=\"heading-18-block_a81ff197d84b7d61ff252935b5b39de1\">\n                                        <button class=\"accordion-button collapsed\" type=\"button\" data-bs-toggle=\"collapse\" data-bs-target=\"#collapse-18-block_a81ff197d84b7d61ff252935b5b39de1\" aria-expanded=\"false\" aria-controls=\"collapse-18-block_a81ff197d84b7d61ff252935b5b39de1\">\n                                                                                        Wir kommen mit einer Gruppe. Gibt es einen Gruppenrabatt?                                        <\/button>\n                                    <\/h2>\n                                    <div id=\"collapse-18-block_a81ff197d84b7d61ff252935b5b39de1\" class=\"accordion-collapse collapse\" aria-labelledby=\"heading-18-block_a81ff197d84b7d61ff252935b5b39de1\" data-bs-parent=\"#accordionExample-block_a81ff197d84b7d61ff252935b5b39de1\">\n                                        <div class=\"accordion-body\">\n                                            <p>F\u00fcr Gruppen ab 25 Personen gibt es Gruppenrabatte.<\/p>\n                                        <\/div>\n                                    <\/div>\n                                <\/div>\n                                                                <div class=\"accordion-item\">\n                                    <h2 class=\"accordion-header\" id=\"heading-19-block_a81ff197d84b7d61ff252935b5b39de1\">\n                                        <button class=\"accordion-button collapsed\" type=\"button\" data-bs-toggle=\"collapse\" data-bs-target=\"#collapse-19-block_a81ff197d84b7d61ff252935b5b39de1\" aria-expanded=\"false\" aria-controls=\"collapse-19-block_a81ff197d84b7d61ff252935b5b39de1\">\n                                                                                        Ich bin zu sp\u00e4t, kann ich noch dazukommen?                                        <\/button>\n                                    <\/h2>\n                                    <div id=\"collapse-19-block_a81ff197d84b7d61ff252935b5b39de1\" class=\"accordion-collapse collapse\" aria-labelledby=\"heading-19-block_a81ff197d84b7d61ff252935b5b39de1\" data-bs-parent=\"#accordionExample-block_a81ff197d84b7d61ff252935b5b39de1\">\n                                        <div class=\"accordion-body\">\n                                            <p>Alle unsere F\u00fchrungen beginnen p\u00fcnktlich. Daher ist es leider nicht m\u00f6glich, dass der Guide auf dich wartet. Melde dich bei deiner Ankunft beim Mitarbeiter an unserer Tageskasse. Du kannst dann an der n\u00e4chsten F\u00fchrung teilnehmen, bei der noch Pl\u00e4tze frei sind.<\/p>\n                                        <\/div>\n                                    <\/div>\n                                <\/div>\n                                                                <div class=\"accordion-item\">\n                                    <h2 class=\"accordion-header\" id=\"heading-20-block_a81ff197d84b7d61ff252935b5b39de1\">\n                                        <button class=\"accordion-button collapsed\" type=\"button\" data-bs-toggle=\"collapse\" data-bs-target=\"#collapse-20-block_a81ff197d84b7d61ff252935b5b39de1\" aria-expanded=\"false\" aria-controls=\"collapse-20-block_a81ff197d84b7d61ff252935b5b39de1\">\n                                                                                        Ich habe online Tickets gekauft, habe sie aber nicht erhalten.                                        <\/button>\n                                    <\/h2>\n                                    <div id=\"collapse-20-block_a81ff197d84b7d61ff252935b5b39de1\" class=\"accordion-collapse collapse\" aria-labelledby=\"heading-20-block_a81ff197d84b7d61ff252935b5b39de1\" data-bs-parent=\"#accordionExample-block_a81ff197d84b7d61ff252935b5b39de1\">\n                                        <div class=\"accordion-body\">\n                                            <p>\u00dcberpr\u00fcfe bitte, ob deine Tickets nicht im Spam-Ordner gelandet sind. Wenn sie nicht im Spam-Ordner sind und du sicher bist, dass die Zahlung geklappt hat, melde dich bitte bei uns. Das geht telefonisch unter: 043 60 122 71 oder per E-Mail: <a href=\"mailto:info@gemeentegrot.nl\">info@gemeentegrot.nl<\/a>. Teile uns bitte den Namen, das Datum, die Uhrzeit und die von dir gebuchte F\u00fchrung mit, dann helfen wir dir gerne weiter.<\/p>\n                                        <\/div>\n                                    <\/div>\n                                <\/div>\n                                                        <\/div>\n                                <\/div>\n        <\/div>\n    <\/div>\n<\/section>\n\n\n<section class=\"contact-form has-background-color-licht-beige align wp-block-acf-contactform\">\n    <div class=\"texture\"><\/div>\n    <div class=\"container\">\n        <div class=\"row\">\n            <div class=\"col-xxl-5 col-lg-5 col-md-12 col-12 order-md-1\">\n                <div class=\"bg\" style=\"background: url(https:\/\/gemeentegrot.nl\/wp-content\/uploads\/2026\/04\/Gemeentegrot-BrandinginMotion-LR-178.jpg) 50% 50% no-repeat; background-size: cover;\">\n                    <div>\n                        <h2 class=\"display-2\">Plant euren Gruppenbesuch<\/h2><p>M\u00f6chtet ihr als Gruppe die F\u00fchrung \u201eRadsportgeschichte\u201c oder \u201eSchuilen in der Gemeentegrot\u201c buchen oder mit der Klasse im Rahmen eines Schulausflugs vorbeikommen? Dann hinterlasst uns bitte eure Daten \u00fcber das Kontaktformular. Wir melden uns so schnell wie m\u00f6glich bei euch.<\/p>\n                    <\/div>\n                <\/div>\n            <\/div>\n            <div class=\"col-xxl-7 col-lg-7 col-md-12 col-12 order-md-0\">\n                <div class=\"bg-form\">\n                    <script>\nvar gform;gform||(document.addEventListener(\"gform_main_scripts_loaded\",function(){gform.scriptsLoaded=!0}),document.addEventListener(\"gform\/theme\/scripts_loaded\",function(){gform.themeScriptsLoaded=!0}),window.addEventListener(\"DOMContentLoaded\",function(){gform.domLoaded=!0}),gform={domLoaded:!1,scriptsLoaded:!1,themeScriptsLoaded:!1,isFormEditor:()=>\"function\"==typeof InitializeEditor,callIfLoaded:function(o){return!(!gform.domLoaded||!gform.scriptsLoaded||!gform.themeScriptsLoaded&&!gform.isFormEditor()||(gform.isFormEditor()&&console.warn(\"The use of gform.initializeOnLoaded() is deprecated in the form editor context and will be removed in Gravity Forms 3.1.\"),o(),0))},initializeOnLoaded:function(o){gform.callIfLoaded(o)||(document.addEventListener(\"gform_main_scripts_loaded\",()=>{gform.scriptsLoaded=!0,gform.callIfLoaded(o)}),document.addEventListener(\"gform\/theme\/scripts_loaded\",()=>{gform.themeScriptsLoaded=!0,gform.callIfLoaded(o)}),window.addEventListener(\"DOMContentLoaded\",()=>{gform.domLoaded=!0,gform.callIfLoaded(o)}))},hooks:{action:{},filter:{}},addAction:function(o,r,e,t){gform.addHook(\"action\",o,r,e,t)},addFilter:function(o,r,e,t){gform.addHook(\"filter\",o,r,e,t)},doAction:function(o){gform.doHook(\"action\",o,arguments)},applyFilters:function(o){return gform.doHook(\"filter\",o,arguments)},removeAction:function(o,r){gform.removeHook(\"action\",o,r)},removeFilter:function(o,r,e){gform.removeHook(\"filter\",o,r,e)},addHook:function(o,r,e,t,n){null==gform.hooks[o][r]&&(gform.hooks[o][r]=[]);var d=gform.hooks[o][r];null==n&&(n=r+\"_\"+d.length),gform.hooks[o][r].push({tag:n,callable:e,priority:t=null==t?10:t})},doHook:function(r,o,e){var t;if(e=Array.prototype.slice.call(e,1),null!=gform.hooks[r][o]&&((o=gform.hooks[r][o]).sort(function(o,r){return o.priority-r.priority}),o.forEach(function(o){\"function\"!=typeof(t=o.callable)&&(t=window[t]),\"action\"==r?t.apply(null,e):e[0]=t.apply(null,e)})),\"filter\"==r)return e[0]},removeHook:function(o,r,t,n){var e;null!=gform.hooks[o][r]&&(e=(e=gform.hooks[o][r]).filter(function(o,r,e){return!!(null!=n&&n!=o.tag||null!=t&&t!=o.priority)}),gform.hooks[o][r]=e)}});\n<\/script>\n\n                <div class='gf_browser_gecko gform_wrapper gform-theme gform-theme--foundation gform-theme--framework gform-theme--orbital' data-form-theme='orbital' data-form-index='0' id='gform_wrapper_2' ><style>#gform_wrapper_2[data-form-index=\"0\"].gform-theme,[data-parent-form=\"2_0\"]{--gf-color-primary: #204ce5;--gf-color-primary-rgb: 32, 76, 229;--gf-color-primary-contrast: #fff;--gf-color-primary-contrast-rgb: 255, 255, 255;--gf-color-primary-darker: #001AB3;--gf-color-primary-lighter: #527EFF;--gf-color-secondary: #fff;--gf-color-secondary-rgb: 255, 255, 255;--gf-color-secondary-contrast: #112337;--gf-color-secondary-contrast-rgb: 17, 35, 55;--gf-color-secondary-darker: #F5F5F5;--gf-color-secondary-lighter: #FFFFFF;--gf-color-out-ctrl-light: rgba(17, 35, 55, 0.1);--gf-color-out-ctrl-light-rgb: 17, 35, 55;--gf-color-out-ctrl-light-darker: rgba(104, 110, 119, 0.35);--gf-color-out-ctrl-light-lighter: #F5F5F5;--gf-color-out-ctrl-dark: #585e6a;--gf-color-out-ctrl-dark-rgb: 88, 94, 106;--gf-color-out-ctrl-dark-darker: #112337;--gf-color-out-ctrl-dark-lighter: rgba(17, 35, 55, 0.65);--gf-color-in-ctrl: #fff;--gf-color-in-ctrl-rgb: 255, 255, 255;--gf-color-in-ctrl-contrast: #112337;--gf-color-in-ctrl-contrast-rgb: 17, 35, 55;--gf-color-in-ctrl-darker: #F5F5F5;--gf-color-in-ctrl-lighter: #FFFFFF;--gf-color-in-ctrl-primary: #204ce5;--gf-color-in-ctrl-primary-rgb: 32, 76, 229;--gf-color-in-ctrl-primary-contrast: #fff;--gf-color-in-ctrl-primary-contrast-rgb: 255, 255, 255;--gf-color-in-ctrl-primary-darker: #001AB3;--gf-color-in-ctrl-primary-lighter: #527EFF;--gf-color-in-ctrl-light: rgba(17, 35, 55, 0.1);--gf-color-in-ctrl-light-rgb: 17, 35, 55;--gf-color-in-ctrl-light-darker: rgba(104, 110, 119, 0.35);--gf-color-in-ctrl-light-lighter: #F5F5F5;--gf-color-in-ctrl-dark: #585e6a;--gf-color-in-ctrl-dark-rgb: 88, 94, 106;--gf-color-in-ctrl-dark-darker: #112337;--gf-color-in-ctrl-dark-lighter: rgba(17, 35, 55, 0.65);--gf-radius: 3px;--gf-font-size-secondary: 14px;--gf-font-size-tertiary: 13px;--gf-icon-ctrl-number: url(\"data:image\/svg+xml,%3Csvg width='8' height='14' viewBox='0 0 8 14' fill='none' xmlns='http:\/\/www.w3.org\/2000\/svg'%3E%3Cpath fill-rule='evenodd' clip-rule='evenodd' d='M4 0C4.26522 5.96046e-08 4.51957 0.105357 4.70711 0.292893L7.70711 3.29289C8.09763 3.68342 8.09763 4.31658 7.70711 4.70711C7.31658 5.09763 6.68342 5.09763 6.29289 4.70711L4 2.41421L1.70711 4.70711C1.31658 5.09763 0.683417 5.09763 0.292893 4.70711C-0.0976311 4.31658 -0.097631 3.68342 0.292893 3.29289L3.29289 0.292893C3.48043 0.105357 3.73478 0 4 0ZM0.292893 9.29289C0.683417 8.90237 1.31658 8.90237 1.70711 9.29289L4 11.5858L6.29289 9.29289C6.68342 8.90237 7.31658 8.90237 7.70711 9.29289C8.09763 9.68342 8.09763 10.3166 7.70711 10.7071L4.70711 13.7071C4.31658 14.0976 3.68342 14.0976 3.29289 13.7071L0.292893 10.7071C-0.0976311 10.3166 -0.0976311 9.68342 0.292893 9.29289Z' fill='rgba(17, 35, 55, 0.65)'\/%3E%3C\/svg%3E\");--gf-icon-ctrl-select: url(\"data:image\/svg+xml,%3Csvg width='10' height='6' viewBox='0 0 10 6' fill='none' xmlns='http:\/\/www.w3.org\/2000\/svg'%3E%3Cpath fill-rule='evenodd' clip-rule='evenodd' d='M0.292893 0.292893C0.683417 -0.097631 1.31658 -0.097631 1.70711 0.292893L5 3.58579L8.29289 0.292893C8.68342 -0.0976311 9.31658 -0.0976311 9.70711 0.292893C10.0976 0.683417 10.0976 1.31658 9.70711 1.70711L5.70711 5.70711C5.31658 6.09763 4.68342 6.09763 4.29289 5.70711L0.292893 1.70711C-0.0976311 1.31658 -0.0976311 0.683418 0.292893 0.292893Z' fill='rgba(17, 35, 55, 0.65)'\/%3E%3C\/svg%3E\");--gf-icon-ctrl-search: url(\"data:image\/svg+xml,%3Csvg width='640' height='640' xmlns='http:\/\/www.w3.org\/2000\/svg'%3E%3Cpath d='M256 128c-70.692 0-128 57.308-128 128 0 70.691 57.308 128 128 128 70.691 0 128-57.309 128-128 0-70.692-57.309-128-128-128zM64 256c0-106.039 85.961-192 192-192s192 85.961 192 192c0 41.466-13.146 79.863-35.498 111.248l154.125 154.125c12.496 12.496 12.496 32.758 0 45.254s-32.758 12.496-45.254 0L367.248 412.502C335.862 434.854 297.467 448 256 448c-106.039 0-192-85.962-192-192z' fill='rgba(17, 35, 55, 0.65)'\/%3E%3C\/svg%3E\");--gf-label-space-y-secondary: var(--gf-label-space-y-md-secondary);--gf-ctrl-border-color: #686e77;--gf-ctrl-size: var(--gf-ctrl-size-md);--gf-ctrl-label-color-primary: #112337;--gf-ctrl-label-color-secondary: #112337;--gf-ctrl-choice-size: var(--gf-ctrl-choice-size-md);--gf-ctrl-checkbox-check-size: var(--gf-ctrl-checkbox-check-size-md);--gf-ctrl-radio-check-size: var(--gf-ctrl-radio-check-size-md);--gf-ctrl-btn-font-size: var(--gf-ctrl-btn-font-size-md);--gf-ctrl-btn-padding-x: var(--gf-ctrl-btn-padding-x-md);--gf-ctrl-btn-size: var(--gf-ctrl-btn-size-md);--gf-ctrl-btn-border-color-secondary: #686e77;--gf-ctrl-file-btn-bg-color-hover: #EBEBEB;--gf-field-img-choice-size: var(--gf-field-img-choice-size-md);--gf-field-img-choice-card-space: var(--gf-field-img-choice-card-space-md);--gf-field-img-choice-check-ind-size: var(--gf-field-img-choice-check-ind-size-md);--gf-field-img-choice-check-ind-icon-size: var(--gf-field-img-choice-check-ind-icon-size-md);--gf-field-pg-steps-number-color: rgba(17, 35, 55, 0.8);}<\/style><div id='gf_2' class='gform_anchor' tabindex='-1'><\/div>\n                        <div class='gform_heading'>\n\t\t\t\t\t\t\t<p class='gform_required_legend'>\u201e<span class=\"gfield_required gfield_required_asterisk\">*<\/span>\u201c zeigt erforderliche Felder an<\/p>\n                        <\/div><form method='post' enctype='multipart\/form-data' target='gform_ajax_frame_2' id='gform_2'  action='\/de\/wp-json\/wp\/v2\/pages\/1277#gf_2' data-formid='2' novalidate>\n                        <div class='gform-body gform_body'><div id='gform_fields_2' class='gform_fields top_label form_sublabel_below description_below validation_below'><div id=\"field_2_14\" class=\"gfield gfield--type-honeypot gform_validation_container field_sublabel_below gfield--has-description field_description_below field_validation_below gfield_visibility_visible\"  ><label class='gfield_label gform-field-label' for='input_2_14'>Name<\/label><div class='ginput_container'><input name='input_14' id='input_2_14' type='text' value='' autocomplete='new-password'\/><\/div><div class='gfield_description' id='gfield_description_2_14'>Dieses Feld dient zur Validierung und sollte nicht ver\u00e4ndert werden.<\/div><\/div><div id=\"field_2_1\" class=\"gfield gfield--type-text gfield--input-type-text gfield--width-half gfield_contains_required field_sublabel_below gfield--no-description field_description_below field_validation_below gfield_visibility_visible\"  ><label class='gfield_label gform-field-label' for='input_2_1'>Naam:<span class=\"gfield_required\"><span class=\"gfield_required gfield_required_asterisk\">*<\/span><\/span><\/label><div class='ginput_container ginput_container_text'><input name='input_1' id='input_2_1' type='text' value='' class='large'    placeholder='Vul mijn voor- &amp; achternaam in...' aria-required=\"true\" aria-invalid=\"false\"  autocomplete=\"name\" \/><\/div><\/div><div id=\"field_2_3\" class=\"gfield gfield--type-phone gfield--input-type-phone gfield--width-half field_sublabel_below gfield--no-description field_description_below field_validation_below gfield_visibility_visible\"  ><label class='gfield_label gform-field-label' for='input_2_3'>Telefoon (optioneel):<\/label><div class='ginput_container ginput_container_phone'><input name='input_3' id='input_2_3' type='tel' value='' class='large'  placeholder='Vul mijn telefoonnummer in...'  aria-invalid=\"false\"  autocomplete=\"tel\" \/><\/div><\/div><div id=\"field_2_4\" class=\"gfield gfield--type-email gfield--input-type-email gfield--width-full gfield_contains_required field_sublabel_below gfield--no-description field_description_below field_validation_below gfield_visibility_visible\"  ><label class='gfield_label gform-field-label' for='input_2_4'>E-mailadres:<span class=\"gfield_required\"><span class=\"gfield_required gfield_required_asterisk\">*<\/span><\/span><\/label><div class='ginput_container ginput_container_email'>\n                            <input name='input_4' id='input_2_4' type='email' value='' class='large'   placeholder='Vul mijn e-mailadres in...' aria-required=\"true\" aria-invalid=\"false\"  autocomplete=\"email\"\/>\n                        <\/div><\/div><div id=\"field_2_12\" class=\"gfield gfield--type-select gfield--input-type-select gfield--width-half gfield_contains_required field_sublabel_below gfield--no-description field_description_below field_validation_below gfield_visibility_visible\"  ><label class='gfield_label gform-field-label' for='input_2_12'>Maak een keuze<span class=\"gfield_required\"><span class=\"gfield_required gfield_required_asterisk\">*<\/span><\/span><\/label><div class='ginput_container ginput_container_select'><select name='input_12' id='input_2_12' class='large gfield_select'    aria-required=\"true\" aria-invalid=\"false\" ><option value='Wielerhistorie' >Wielerhistorie<\/option><option value='Schoolreisje' >Schoolreisje<\/option><option value='Schuilen in de Gemeentegrot' >Schuilen in de Gemeentegrot<\/option><\/select><\/div><\/div><div id=\"field_2_9\" class=\"gfield gfield--type-number gfield--input-type-number gfield--width-half gfield_contains_required field_sublabel_below gfield--no-description field_description_below field_validation_below gfield_visibility_visible\"  ><label class='gfield_label gform-field-label' for='input_2_9'>Aantal personen<span class=\"gfield_required\"><span class=\"gfield_required gfield_required_asterisk\">*<\/span><\/span><\/label><div class='ginput_container ginput_container_number'><input name='input_9' id='input_2_9' type='text' step='any' min='10'  value='' class='large'     aria-required=\"true\" aria-invalid=\"false\" aria-describedby=\"gfield_instruction_2_9\" \/><div class='gfield_description instruction ' id='gfield_instruction_2_9'>Bitte gib eine Zahl gr\u00f6\u00dfer oder gleich <strong>10<\/strong> ein.<\/div><\/div><\/div><div id=\"field_2_7\" class=\"gfield gfield--type-date gfield--input-type-date gfield--input-type-datepicker gfield--datepicker-default-icon gfield--width-half field_sublabel_below gfield--no-description field_description_below field_validation_below gfield_visibility_visible\"  ><label class='gfield_label gform-field-label' for='input_2_7'>Voorkeursdatum<\/label><div class='ginput_container ginput_container_date'>\n                            <input name='input_7' id='input_2_7' type='text' value='' class='datepicker gform-datepicker dmy_dash datepicker_with_icon gdatepicker_with_icon'   placeholder='dd-mm-yyyy' aria-describedby=\"input_2_7_date_format\" aria-invalid=\"false\" \/>\n                            <span id='input_2_7_date_format' class='screen-reader-text'>TT Bindestrich MM Bindestrich JJJJ<\/span>\n                        <\/div>\n                        <input type='hidden' id='gforms_calendar_icon_input_2_7' class='gform_hidden' value='https:\/\/gemeentegrot.nl\/wp-content\/plugins\/gravityforms\/images\/datepicker\/datepicker.svg'\/><\/div><div id=\"field_2_13\" class=\"gfield gfield--type-select gfield--input-type-select gfield--width-half field_sublabel_below gfield--no-description field_description_below field_validation_below gfield_visibility_visible\"  ><label class='gfield_label gform-field-label' for='input_2_13'>Voorkeurstijd<\/label><div class='ginput_container ginput_container_select'><select name='input_13' id='input_2_13' class='large gfield_select'     aria-invalid=\"false\" ><option value='10:00' >10:00<\/option><option value='11:00' >11:00<\/option><option value='12:00' >12:00<\/option><option value='13:00' >13:00<\/option><option value='14:00' >14:00<\/option><option value='15:00' >15:00<\/option><option value='16:00' >16:00<\/option><\/select><\/div><\/div><div id=\"field_2_11\" class=\"gfield gfield--type-html gfield--input-type-html gfield--width-full gfield_html gfield_html_formatted gfield_no_follows_desc field_sublabel_below gfield--no-description field_description_below field_validation_below gfield_visibility_visible\"  ><p>Na het doorgeven van de voorkeursdatum en -tijd wordt er contact opgenomen om te bevestigen of dit mogelijk is. Zo niet, dan kijken we samen naar een andere datum en tijd.<\/p><\/div><div id=\"field_2_5\" class=\"gfield gfield--type-textarea gfield--input-type-textarea gfield--width-full field_sublabel_below gfield--no-description field_description_below field_validation_below gfield_visibility_visible\"  ><label class='gfield_label gform-field-label' for='input_2_5'>Vraag en\/of opmerking<\/label><div class='ginput_container ginput_container_textarea'><textarea name='input_5' id='input_2_5' class='textarea small'    placeholder='Typ hier jouw bericht...'  aria-invalid=\"false\"   rows='10' cols='50'><\/textarea><\/div><\/div><fieldset id=\"field_2_6\" class=\"gfield gfield--type-consent gfield--type-choice gfield--input-type-consent gfield--width-full gfield_contains_required field_sublabel_below gfield--no-description field_description_below hidden_label field_validation_below gfield_visibility_visible\"  ><legend class='gfield_label gform-field-label gfield_label_before_complex' >Instemming<span class=\"gfield_required\"><span class=\"gfield_required gfield_required_asterisk\">*<\/span><\/span><\/legend><div class='ginput_container ginput_container_consent'><input name='input_6.1' id='input_2_6_1' type='checkbox' value='1'   aria-required=\"true\" aria-invalid=\"false\"   \/> <label class=\"gform-field-label gform-field-label--type-inline gfield_consent_label\" for='input_2_6_1' >Ik ga akkoord met de <a href=\"\/privacyverklaring\/\" target=\"_blank\">privacyverklaring<\/a>*.<span class=\"gfield_required gfield_required_asterisk\">*<\/span><\/label><input type='hidden' name='input_6.2' value='Ik ga akkoord met de &lt;a href=&quot;\/privacyverklaring\/&quot; target=&quot;_blank&quot;&gt;privacyverklaring&lt;\/a&gt;*.' class='gform_hidden' \/><input type='hidden' name='input_6.3' value='2' class='gform_hidden' \/><\/div><\/fieldset><\/div><\/div>\n        <div class='gform-footer gform_footer top_label'> <div class=\"form-button\"><input type='submit' id='gform_submit_button_2' class='gform_button button' onclick='gform.submission.handleButtonClick(this);' data-submission-type='submit' value='Verstuur bericht'  \/><i class=\"fa fa-angle-right\"><\/i><\/div> <input type='hidden' name='gform_ajax' value='form_id=2&amp;title=&amp;description=&amp;tabindex=0&amp;theme=orbital&amp;styles=[]&amp;hash=17858523c3a28c3c7ce074b0442e983c' \/><input type='hidden' class='gform_hidden' name='gform_submission_speeds' value='{&quot;pages&quot;:[]}' \/>\n            <input type='hidden' class='gform_hidden' name='gform_submission_method' data-js='gform_submission_method_2' value='iframe' \/>\n            <input type='hidden' class='gform_hidden' name='gform_theme' data-js='gform_theme_2' id='gform_theme_2' value='orbital' \/>\n            <input type='hidden' class='gform_hidden' name='gform_style_settings' data-js='gform_style_settings_2' id='gform_style_settings_2' value='[]' \/>\n            <input type='hidden' class='gform_hidden' name='is_submit_2' value='1' \/>\n            <input type='hidden' class='gform_hidden' name='gform_submit' value='2' \/>\n            \n            <input type='hidden' class='gform_hidden' name='gform_currency' data-currency='EUR' value='gUw+0gR40XbDUG\/frblQGap8SaHd3ffdDNWbtn1ImO69HA4nXvl85Jahb6lY+aQWKKrWS5SGObCxfR1mG3mOaW01P\/Luhgl9jW1KlFSHAb2ohL8=' \/>\n            <input type='hidden' class='gform_hidden' name='gform_unique_id' value='' \/>\n            <input type='hidden' class='gform_hidden' name='state_2' value='WyJ7XCIxMlwiOltcIjcwYzYxM2RmY2EyNTBiZDQxMmNjMzMwNzFjYzAyNzQxXCIsXCIxYWIwZTM3MzZmMzJmOGMzNWNmZDUzMjI3ZDkyMmMyNlwiLFwiNjJlMDA0MTQ1NjE2YTdjMDA4MWVmY2ExMGVlZmRmYWVcIl0sXCIxM1wiOltcImE2OWRhZGMyOTkyM2JmZThmNGJmNmZlZTk5YzMxNmJkXCIsXCJlYmQyZjQ2OTYxODliYzg4YzlmZjI1ODlkOWM4OWFlM1wiLFwiOWE3MDM0NWMxMWMyMmE5ZDBjOGYzY2NlNWE3M2MyYTVcIixcImEyYjVmMzg4ZmMwNjMwMGY5YWFlZGQ5ZmVmYTUzMDVlXCIsXCJjMDI0M2YxYzVlMGFkZTgzN2ZkNmU4OGYxYTVhNDQ0Y1wiLFwiN2JmZWJmYmZjYTk0ZmUyODg2NzRkNmE1NmM0YjNlZmFcIixcImFmMjZiYmRmNzcwYjMyOTYzMTQ0OWMxZDMzN2ExYmQ4XCJdLFwiNi4xXCI6XCIxNThjMGRhOGEzM2RjYjk0YjYxN2Y0Mjk1ZTI4NjJlNlwiLFwiNi4yXCI6XCI4MmYxZDlkYTQwMzYwNjEyM2JjYzQ1MGFkM2E3MmIyNlwiLFwiNi4zXCI6XCJkZmZmMDZjYjQxNzczYzNiYTZjNmUwZmU2MWZjYzdhMlwifSIsImQ3N2JkYzhkZTJiZjNjZTg3NDNlNmE2OWJlODNiZjZkIl0=' \/>\n            <input type='hidden' autocomplete='off' class='gform_hidden' name='gform_target_page_number_2' id='gform_target_page_number_2' value='0' \/>\n            <input type='hidden' autocomplete='off' class='gform_hidden' name='gform_source_page_number_2' id='gform_source_page_number_2' value='1' \/>\n            <input type='hidden' name='gform_field_values' value='' \/>\n            \n        <\/div>\n                        <\/form>\n                        <\/div>\n\t\t                <iframe style='display:none;width:0px;height:0px;' src='about:blank' name='gform_ajax_frame_2' id='gform_ajax_frame_2' title='Dieser iframe enth\u00e4lt die erforderliche Logik um Gravity Forms Formulare mit AJAX zu handhaben.'><\/iframe>\n\t\t                <script>\ngform.initializeOnLoaded( function() {gformInitSpinner( 2, 'https:\/\/gemeentegrot.nl\/wp-content\/plugins\/gravityforms\/images\/spinner.svg', false );jQuery('#gform_ajax_frame_2').on('load',function(){var contents = jQuery(this).contents().find('*').html();var is_postback = contents.indexOf('GF_AJAX_POSTBACK') >= 0;if(!is_postback){return;}var form_content = jQuery(this).contents().find('#gform_wrapper_2');var is_confirmation = jQuery(this).contents().find('#gform_confirmation_wrapper_2').length > 0;var is_redirect = contents.indexOf('gformRedirect(){') >= 0;var is_form = form_content.length > 0 && ! is_redirect && ! is_confirmation;var mt = parseInt(jQuery('html').css('margin-top'), 10) + parseInt(jQuery('body').css('margin-top'), 10) + 100;if(is_form){jQuery('#gform_wrapper_2').html(form_content.html());if(form_content.hasClass('gform_validation_error')){jQuery('#gform_wrapper_2').addClass('gform_validation_error');} else {jQuery('#gform_wrapper_2').removeClass('gform_validation_error');}setTimeout( function() { \/* delay the scroll by 50 milliseconds to fix a bug in chrome *\/ jQuery(document).scrollTop(jQuery('#gform_wrapper_2').offset().top - mt); }, 50 );if(window['gformInitDatepicker']) {gformInitDatepicker();}if(window['gformInitPriceFields']) {gformInitPriceFields();}var current_page = jQuery('#gform_source_page_number_2').val();gformInitSpinner( 2, 'https:\/\/gemeentegrot.nl\/wp-content\/plugins\/gravityforms\/images\/spinner.svg', false );jQuery(document).trigger('gform_page_loaded', [2, current_page]);window['gf_submitting_2'] = false;}else if(!is_redirect){var confirmation_content = jQuery(this).contents().find('.GF_AJAX_POSTBACK').html();if(!confirmation_content){confirmation_content = contents;}jQuery('#gform_wrapper_2').replaceWith(confirmation_content);jQuery(document).scrollTop(jQuery('#gf_2').offset().top - mt);jQuery(document).trigger('gform_confirmation_loaded', [2]);window['gf_submitting_2'] = false;wp.a11y.speak(jQuery('#gform_confirmation_message_2').text());}else{jQuery('#gform_2').append(contents);if(window['gformRedirect']) {gformRedirect();}}jQuery(document).trigger(\"gform_pre_post_render\", [{ formId: \"2\", currentPage: \"current_page\", abort: function() { this.preventDefault(); } }]);        if (event && event.defaultPrevented) {                return;        }        const gformWrapperDiv = document.getElementById( \"gform_wrapper_2\" );        if ( gformWrapperDiv ) {            const visibilitySpan = document.createElement( \"span\" );            visibilitySpan.id = \"gform_visibility_test_2\";            gformWrapperDiv.insertAdjacentElement( \"afterend\", visibilitySpan );        }        const visibilityTestDiv = document.getElementById( \"gform_visibility_test_2\" );        let postRenderFired = false;        function triggerPostRender() {            if ( postRenderFired ) {                return;            }            postRenderFired = true;            gform.core.triggerPostRenderEvents( 2, current_page );            if ( visibilityTestDiv ) {                visibilityTestDiv.parentNode.removeChild( visibilityTestDiv );            }        }        function debounce( func, wait, immediate ) {            var timeout;            return function() {                var context = this, args = arguments;                var later = function() {                    timeout = null;                    if ( !immediate ) func.apply( context, args );                };                var callNow = immediate && !timeout;                clearTimeout( timeout );                timeout = setTimeout( later, wait );                if ( callNow ) func.apply( context, args );            };        }        const debouncedTriggerPostRender = debounce( function() {            triggerPostRender();        }, 200 );        if ( visibilityTestDiv && visibilityTestDiv.offsetParent === null ) {            const observer = new MutationObserver( ( mutations ) => {                mutations.forEach( ( mutation ) => {                    if ( mutation.type === 'attributes' && visibilityTestDiv.offsetParent !== null ) {                        debouncedTriggerPostRender();                        observer.disconnect();                    }                });            });            observer.observe( document.body, {                attributes: true,                childList: false,                subtree: true,                attributeFilter: [ 'style', 'class' ],            });        } else {            triggerPostRender();        }    } );} );\n<\/script>\n                <\/div>\n            <\/div>\n        <\/div>\n    <\/div>\n<\/section>\n\n\n\n\n\n<section class=\"plans texture has-background-color-licht-beige  align wp-block-acf-plans\">\n    <div class=\"container\">\n        <div class=\"row justify-content-center\">\n            <div class=\"col-xxl-9 text-center col-lg-12 col-md-12 col-12\">\n                <div class=\"section-title\">\n                    <h2 class=\"display-2\">Plane deinen Besuch<\/h2><div class=\"section-intro\"><p>Hier findest du alle Informationen, die du brauchst, um einen abenteuerlichen Ausflug zur Gemeindegrotte zu planen. So erlebst du im Vorfeld keine \u00dcberraschungen \u2026 die heben wir uns f\u00fcr die Grotte selbst auf.<\/p>\n<\/div><div class=\"buttons\"><\/div>                <\/div>\n            <\/div>\n        <\/div>\n\n                    <div class=\"row\">\n                                <div class=\"col-xxl-4 col-lg-4 col-md-12 col-12\">\n                    <div class=\"box1\">\n                        <div class=\"imgbox\" style=\"background: url(https:\/\/gemeentegrot.nl\/wp-content\/uploads\/2026\/04\/Gemeentegrot-BrandinginMotion-LR-46-2-e1777025013114.jpg) 50% 50% no-repeat; background-size: cover;\">\n                            <div>\n                                <h3 class=\"display-3\">\u00d6ffnungszeiten<br><span>2026<\/span><\/h3>\n                            <\/div>\n                        <\/div>\n                                                <div class=\"content\">\n                                                        <div class=\"text\">\n                                <h3 class=\"display-3\">F\u00fchrungen mit dem Zug<\/h3>\n                                <p><p>Jeden Tag zu jeder vollen Stunde<br \/>\nvon 11:00 Uhr bis 16:00 Uhr<\/p>\n<\/p>\n                                <a href=\"https:\/\/gemeentegrot.nl\/de\/tickets\/\" class=\"btn btn-default\"> Tickets <i class=\"fa fa-angle-right\"><\/i><\/a>\n                            <\/div>\n                                                        <div class=\"text\">\n                                <h3 class=\"display-3\">F\u00fchrung zu Fu\u00df<\/h3>\n                                <p><p>Jeden Tag um 11:00 Uhr, 12:30 Uhr, 14:00 Uhr und 15:30 Uhr <\/p>\n<\/p>\n                                <a href=\"https:\/\/gemeentegrot.nl\/de\/tickets\/\" class=\"btn btn-default\"> Tickets <i class=\"fa fa-angle-right\"><\/i><\/a>\n                            <\/div>\n                                                    <\/div>\n                                            <\/div>\n                <\/div>\n                                                <div class=\"col-xxl-5 col-lg-4 col-md-6 col-12\">\n                    <div class=\"boxmiddle\">\n                        <h3 class=\"display-3\">Eintrittspreise<\/h3>\n                                                <div class=\"table-responsive\">\n                            <table class=\"table table-bordered\">\n                                <tbody>\n                                                                        <tr>\n                                        <td>Erwachsene<br><span>*Kasse 12,50 \u20ac<\/span><\/td>\n                                        <td>11,25 \u20ac<\/td>\n                                    <\/tr>\n                                                                        <tr>\n                                        <td>Kinder \u2028<br \/>\r\n(4 bis 11 Jahre)<br><span>*Kasse 10,00 \u20ac<\/span><\/td>\n                                        <td>8,75 \u20ac<\/td>\n                                    <\/tr>\n                                                                        <tr>\n                                        <td>Kinder <br \/>\r\n(bis 3 Jahre)<\/td>\n                                        <td>Kostenlos<\/td>\n                                    <\/tr>\n                                                                        <tr>\n                                        <td>Gruppenpreis*<br \/>\r\nErwachsene<br \/>\r\nKinder<br><span>*Ab 25 Personen<\/span><\/td>\n                                        <td>10,25 \u20ac<br \/>\r\n7,00 \u20ac<\/td>\n                                    <\/tr>\n                                                                        <tr>\n                                        <td>Kids Ranger Challenge-Paket<br><span>(An der Kasse erh\u00e4ltlich)<\/span><\/td>\n                                        <td>3,50 \u20ac<\/td>\n                                    <\/tr>\n                                                                    <\/tbody>\n                            <\/table>\n                        <\/div>\n                                                                            <a href=\"https:\/\/gemeentegrot.nl\/de\/tickets\/\" class=\"btn btn-default\"> Tickets <i class=\"fa fa-angle-right\"><\/i><\/a>\n                                            <\/div>\n                <\/div>\n                                                \n                <div class=\"col-xxl-3 d-block d-md-none d-lg-none d-xl-none d-xxl-none col-lg-4 col-md-6 col-12\">\n                    <div class=\"imgbox2 dark\" style=\"background: url(https:\/\/gemeentegrot.nl\/wp-content\/uploads\/2026\/04\/Gemeentegrot-Valkenburg-Map-LOS.png) 50% 50% no-repeat; background-size: cover;\">\n                        <div>\n                            <h3 class=\"display-3\">Lageplan<\/h3>\n                            <p><\/p>\n                                                                                                    <a href=\"\" class=\"btn btn-primary white\"> <i class=\"fa fa-angle-right\"><\/i><\/a>\n                                                                                        <\/div>\n                    <\/div>\n                <\/div>\n                                <div class=\"col-xxl-3 col-lg-4 col-md-6 col-12\">\n                    \n\n                                        <div class=\"imgbox2 d-lg-block\" style=\"background: url(https:\/\/gemeentegrot.nl\/wp-content\/uploads\/2026\/03\/plan-3.png) 50% 50% no-repeat; background-size: cover;\">\n                        <h3 class=\"display-3\">Geschenkgutschein<\/h3>\n                        <p>Verschenken Sie ein Abenteuer mit unserem Gutschein.<\/p>\n                                                                                    <a href=\"https:\/\/gemeentegrot.nl\/cadeaubonnen\/\" class=\"btn btn-primary white\">Meer informatie <i class=\"fa fa-angle-right\"><\/i><\/a>\n                                                                        <\/div>\n                                                                                        <div class=\"imgbox3 d-none d-lg-block\" style=\"background: url(https:\/\/gemeentegrot.nl\/wp-content\/uploads\/2026\/03\/plan-5.png) 50% 50% no-repeat; background-size: cover;\">\n                            <div>\n                                <h3 class=\"display-3\">Barrierefreiheit<\/h3>\n                                <p>Alle unsere F\u00fchrungen sind f\u00fcr Besucher mit eingeschr\u00e4nkter Mobilit\u00e4t zug\u00e4nglich.<\/p>\n                                                                                                            <a href=\"https:\/\/gemeentegrot.nl\/de\/kontakt\/\" class=\"btn btn-primary white\">Kontakt <i class=\"fa fa-angle-right\"><\/i><\/a>\n                                                                                                <\/div>\n                        <\/div>\n                                                                                    <div class=\"imgbox4 d-block d-md-none d-lg-none\" style=\"background: url(https:\/\/gemeentegrot.nl\/wp-content\/uploads\/2026\/04\/Gemeentegrot-BrandinginMotion-LR-175.jpg) 50% 50% no-repeat; background-size: cover;\">\n                        <div>\n                            <h3 class=\"display-3\">Zu beachten<\/h3>\n                            <p>Die Temperatur in der H\u00f6hle betr\u00e4gt 12 \u00b0C, bring also eine Jacke oder einen Pullover mit \u2026 auch im Sommer.<\/p>\n                                                    <\/div>\n                    <\/div>\n                                    <\/div>\n            <\/div>\n                        <div class=\"row\">\n                                                <div class=\"col-xxl-8 col-lg-8 col-md-12 col-12\">\n                    <div class=\"imgbox5\" style=\"background: url(https:\/\/gemeentegrot.nl\/wp-content\/uploads\/2026\/03\/plan-5.png) 50% 50% no-repeat; background-size: cover;\">\n                        <div>\n                            <h3 class=\"display-3\">Barrierefreiheit<\/h3>\n                            <p>Alle unsere F\u00fchrungen sind f\u00fcr Besucher mit eingeschr\u00e4nkter Mobilit\u00e4t zug\u00e4nglich.<\/p>\n                                                                                                <a href=\"https:\/\/gemeentegrot.nl\/de\/kontakt\/\" class=\"btn btn-primary white\">Kontakt <i class=\"fa fa-angle-right\"><\/i><\/a>\n                                                                                    <\/div>\n                    <\/div>\n                <\/div>\n            <\/div>\n            \n            <\/div>\n<\/section>\n\n\n<section class=\"contact texture has-background-color-licht-beige align wp-block-acf-contact\">\n    <div class=\"align\">\n        <div class=\"container\">\n            <div class=\"row justify-content-end\">\n                <div class=\"col-xxl-7 col-lg-7 col-md-7 col-12\">\n                    <div class=\"section-title\">\n                                                    <h2 class=\"display-2\">Kontakt<\/h2>                                                                            Hast du Fragen? Dann kontaktiere uns per Telefon oder E-Mail oder schau dir unsere h\u00e4ufig gestellten Fragen an, um schnelle Antworten zu erhalten.                        \n                                                                                    <div class=\"notes\">\n                                    <a href=\"mailto:gemeentegrot@valkenburg.nl\" target=\"\" class=\"contact-info-item\"><img decoding=\"async\" src=\"https:\/\/gemeentegrot.nl\/wp-content\/uploads\/2026\/04\/paper-plane-dark-1.svg\" alt=\"\" \/><span>gemeentegrot@valkenburg.nl<\/span><\/a><a href=\"tel:+3143-6012271\" target=\"\" class=\"contact-info-item\"><img decoding=\"async\" src=\"https:\/\/gemeentegrot.nl\/wp-content\/uploads\/2026\/04\/call-dark-1.svg\" alt=\"\" \/><span>043 601 2271<\/span><\/a><a href=\"http:\/\/de\/kontakt\/#faq\" target=\"\" class=\"contact-info-item\"><img decoding=\"async\" src=\"https:\/\/gemeentegrot.nl\/wp-content\/uploads\/2026\/04\/help-dark-1.svg\" alt=\"\" \/><span>H\u00e4ufig gestellte Fragen<\/span><\/a>                                <\/div>\n                                                                                                <\/div>\n                <\/div>\n            <\/div>\n        <\/div>\n    <\/div>\n            <img decoding=\"async\" class=\"w-100 contact-img d-none d-lg-inline-block d-md-inline-block\" src=\"https:\/\/gemeentegrot.nl\/wp-content\/uploads\/2026\/04\/Footer-afbeelding-mensen-stenen-V3.png\" alt=\"\" \/>\n                <img decoding=\"async\" class=\"w-100 contact-img d-inline-block d-lg-none d-md-none\" src=\"https:\/\/gemeentegrot.nl\/wp-content\/uploads\/2026\/04\/Footer-afbeelding-mensen-stenen-V3-mobile.png\" alt=\"\" \/>\n    <\/section>\n\n\n","protected":false},"excerpt":{"rendered":"","protected":false},"author":2,"featured_media":0,"parent":1329,"menu_order":4,"comment_status":"closed","ping_status":"closed","template":"","meta":{"_acf_changed":false,"footnotes":""},"class_list":["post-1277","page","type-page","status-publish","hentry"],"acf":[],"yoast_head":"<!-- This site is optimized with the Yoast SEO plugin v27.5 - https:\/\/yoast.com\/product\/yoast-seo-wordpress\/ -->\n<title>F\u00fchrung \u201eGeschichte des Radsports\u201c - Gemeentegrot Valkenburg<\/title>\n<meta name=\"robots\" content=\"index, follow, max-snippet:-1, max-image-preview:large, max-video-preview:-1\" \/>\n<link rel=\"canonical\" href=\"https:\/\/gemeentegrot.nl\/de\/unsere-fuehrungen\/fuehrung-geschichte-des-radsports\/\" \/>\n<meta property=\"og:locale\" content=\"de_DE\" \/>\n<meta property=\"og:type\" content=\"article\" \/>\n<meta property=\"og:title\" content=\"F\u00fchrung \u201eGeschichte des Radsports\u201c - Gemeentegrot Valkenburg\" \/>\n<meta property=\"og:url\" content=\"https:\/\/gemeentegrot.nl\/de\/unsere-fuehrungen\/fuehrung-geschichte-des-radsports\/\" \/>\n<meta property=\"og:site_name\" content=\"Gemeentegrot Valkenburg\" \/>\n<meta property=\"article:modified_time\" content=\"2026-04-28T20:35:26+00:00\" \/>\n<meta name=\"twitter:card\" content=\"summary_large_image\" \/>\n<meta name=\"twitter:label1\" content=\"Gesch\u00e4tzte Lesezeit\" \/>\n\t<meta name=\"twitter:data1\" content=\"6\u00a0Minuten\" \/>\n<script type=\"application\/ld+json\" class=\"yoast-schema-graph\">{\"@context\":\"https:\\\/\\\/schema.org\",\"@graph\":[{\"@type\":\"WebPage\",\"@id\":\"https:\\\/\\\/gemeentegrot.nl\\\/de\\\/unsere-fuehrungen\\\/fuehrung-geschichte-des-radsports\\\/\",\"url\":\"https:\\\/\\\/gemeentegrot.nl\\\/de\\\/unsere-fuehrungen\\\/fuehrung-geschichte-des-radsports\\\/\",\"name\":\"F\u00fchrung \u201eGeschichte des Radsports\u201c - Gemeentegrot Valkenburg\",\"isPartOf\":{\"@id\":\"https:\\\/\\\/gemeentegrot.nl\\\/de\\\/#website\"},\"datePublished\":\"2026-04-16T09:47:19+00:00\",\"dateModified\":\"2026-04-28T20:35:26+00:00\",\"breadcrumb\":{\"@id\":\"https:\\\/\\\/gemeentegrot.nl\\\/de\\\/unsere-fuehrungen\\\/fuehrung-geschichte-des-radsports\\\/#breadcrumb\"},\"inLanguage\":\"de\",\"potentialAction\":[{\"@type\":\"ReadAction\",\"target\":[\"https:\\\/\\\/gemeentegrot.nl\\\/de\\\/unsere-fuehrungen\\\/fuehrung-geschichte-des-radsports\\\/\"]}]},{\"@type\":\"BreadcrumbList\",\"@id\":\"https:\\\/\\\/gemeentegrot.nl\\\/de\\\/unsere-fuehrungen\\\/fuehrung-geschichte-des-radsports\\\/#breadcrumb\",\"itemListElement\":[{\"@type\":\"ListItem\",\"position\":1,\"name\":\"Home\",\"item\":\"https:\\\/\\\/gemeentegrot.nl\\\/de\\\/\"},{\"@type\":\"ListItem\",\"position\":2,\"name\":\"Unsere F\u00fchrungen\",\"item\":\"https:\\\/\\\/gemeentegrot.nl\\\/de\\\/unsere-fuehrungen\\\/\"},{\"@type\":\"ListItem\",\"position\":3,\"name\":\"F\u00fchrung \u201eGeschichte des Radsports\u201c\"}]},{\"@type\":\"WebSite\",\"@id\":\"https:\\\/\\\/gemeentegrot.nl\\\/de\\\/#website\",\"url\":\"https:\\\/\\\/gemeentegrot.nl\\\/de\\\/\",\"name\":\"Gemeentegrot Valkenburg\",\"description\":\"\",\"potentialAction\":[{\"@type\":\"SearchAction\",\"target\":{\"@type\":\"EntryPoint\",\"urlTemplate\":\"https:\\\/\\\/gemeentegrot.nl\\\/de\\\/?s={search_term_string}\"},\"query-input\":{\"@type\":\"PropertyValueSpecification\",\"valueRequired\":true,\"valueName\":\"search_term_string\"}}],\"inLanguage\":\"de\"}]}<\/script>\n<!-- \/ Yoast SEO plugin. -->","yoast_head_json":{"title":"F\u00fchrung \u201eGeschichte des Radsports\u201c - Gemeentegrot Valkenburg","robots":{"index":"index","follow":"follow","max-snippet":"max-snippet:-1","max-image-preview":"max-image-preview:large","max-video-preview":"max-video-preview:-1"},"canonical":"https:\/\/gemeentegrot.nl\/de\/unsere-fuehrungen\/fuehrung-geschichte-des-radsports\/","og_locale":"de_DE","og_type":"article","og_title":"F\u00fchrung \u201eGeschichte des Radsports\u201c - Gemeentegrot Valkenburg","og_url":"https:\/\/gemeentegrot.nl\/de\/unsere-fuehrungen\/fuehrung-geschichte-des-radsports\/","og_site_name":"Gemeentegrot Valkenburg","article_modified_time":"2026-04-28T20:35:26+00:00","twitter_card":"summary_large_image","twitter_misc":{"Gesch\u00e4tzte Lesezeit":"6\u00a0Minuten"},"schema":{"@context":"https:\/\/schema.org","@graph":[{"@type":"WebPage","@id":"https:\/\/gemeentegrot.nl\/de\/unsere-fuehrungen\/fuehrung-geschichte-des-radsports\/","url":"https:\/\/gemeentegrot.nl\/de\/unsere-fuehrungen\/fuehrung-geschichte-des-radsports\/","name":"F\u00fchrung \u201eGeschichte des Radsports\u201c - Gemeentegrot Valkenburg","isPartOf":{"@id":"https:\/\/gemeentegrot.nl\/de\/#website"},"datePublished":"2026-04-16T09:47:19+00:00","dateModified":"2026-04-28T20:35:26+00:00","breadcrumb":{"@id":"https:\/\/gemeentegrot.nl\/de\/unsere-fuehrungen\/fuehrung-geschichte-des-radsports\/#breadcrumb"},"inLanguage":"de","potentialAction":[{"@type":"ReadAction","target":["https:\/\/gemeentegrot.nl\/de\/unsere-fuehrungen\/fuehrung-geschichte-des-radsports\/"]}]},{"@type":"BreadcrumbList","@id":"https:\/\/gemeentegrot.nl\/de\/unsere-fuehrungen\/fuehrung-geschichte-des-radsports\/#breadcrumb","itemListElement":[{"@type":"ListItem","position":1,"name":"Home","item":"https:\/\/gemeentegrot.nl\/de\/"},{"@type":"ListItem","position":2,"name":"Unsere F\u00fchrungen","item":"https:\/\/gemeentegrot.nl\/de\/unsere-fuehrungen\/"},{"@type":"ListItem","position":3,"name":"F\u00fchrung \u201eGeschichte des Radsports\u201c"}]},{"@type":"WebSite","@id":"https:\/\/gemeentegrot.nl\/de\/#website","url":"https:\/\/gemeentegrot.nl\/de\/","name":"Gemeentegrot Valkenburg","description":"","potentialAction":[{"@type":"SearchAction","target":{"@type":"EntryPoint","urlTemplate":"https:\/\/gemeentegrot.nl\/de\/?s={search_term_string}"},"query-input":{"@type":"PropertyValueSpecification","valueRequired":true,"valueName":"search_term_string"}}],"inLanguage":"de"}]}},"_links":{"self":[{"href":"https:\/\/gemeentegrot.nl\/de\/wp-json\/wp\/v2\/pages\/1277","targetHints":{"allow":["GET"]}}],"collection":[{"href":"https:\/\/gemeentegrot.nl\/de\/wp-json\/wp\/v2\/pages"}],"about":[{"href":"https:\/\/gemeentegrot.nl\/de\/wp-json\/wp\/v2\/types\/page"}],"author":[{"embeddable":true,"href":"https:\/\/gemeentegrot.nl\/de\/wp-json\/wp\/v2\/users\/2"}],"replies":[{"embeddable":true,"href":"https:\/\/gemeentegrot.nl\/de\/wp-json\/wp\/v2\/comments?post=1277"}],"version-history":[{"count":9,"href":"https:\/\/gemeentegrot.nl\/de\/wp-json\/wp\/v2\/pages\/1277\/revisions"}],"predecessor-version":[{"id":2898,"href":"https:\/\/gemeentegrot.nl\/de\/wp-json\/wp\/v2\/pages\/1277\/revisions\/2898"}],"up":[{"embeddable":true,"href":"https:\/\/gemeentegrot.nl\/de\/wp-json\/wp\/v2\/pages\/1329"}],"wp:attachment":[{"href":"https:\/\/gemeentegrot.nl\/de\/wp-json\/wp\/v2\/media?parent=1277"}],"curies":[{"name":"wp","href":"https:\/\/api.w.org\/{rel}","templated":true}]}}