{"id":1422,"date":"2026-04-16T10:39:40","date_gmt":"2026-04-16T10:39:40","guid":{"rendered":"https:\/\/gemeentegrot.nl\/?page_id=1422"},"modified":"2026-04-28T12:20:26","modified_gmt":"2026-04-28T12:20:26","slug":"fuehrung-zuflucht-in-der-gemeindegrotte","status":"publish","type":"page","link":"https:\/\/gemeentegrot.nl\/de\/unsere-fuehrungen\/fuehrung-zuflucht-in-der-gemeindegrotte\/","title":{"rendered":"Zuflucht in der Gemeindegrotte"},"content":{"rendered":"<section class=\"banner  hide-flashlight-bg align wp-block-acf-banner\" style=\"background: url(https:\/\/gemeentegrot.nl\/wp-content\/uploads\/2026\/04\/Gemeentegrot-BrandinginMotion-LR-88.jpg) 50% 50% no-repeat; background-size: cover;\">\n    \n    <div class=\"container\">\n                <div class=\"row d-none d-lg-flex d-md-flex justify-content-center\">\n            <div class=\"col-xxl-5 text-center col-lg-7 col-md-12 col-12 pb-5 pb-lg-0\">\n                <h1 class=\"display-1\">Zuflucht in der Gemeindegrotte<\/h1>            <\/div>\n        <\/div>\n        <div class=\"row d-none d-lg-flex d-md-flex justify-content-center\">\n            <div class=\"col-xxl-8 text-center col-lg-10 col-md-12 col-12 pb-5 pb-lg-0\">\n                                    <p class=\"info-text\">\n                                                    <span>\n                                                                                                    <img decoding=\"async\" src=\"https:\/\/gemeentegrot.nl\/wp-content\/uploads\/2026\/04\/icon-1.png\" alt=\"\">\n                                                                                                                                    Preis ab 15 \u20ac                                                            <\/span>\n                                                    <span>\n                                                                                                    <img decoding=\"async\" src=\"https:\/\/gemeentegrot.nl\/wp-content\/uploads\/2026\/04\/icon-2.png\" alt=\"\">\n                                                                                                                                    1,5 Stunden                                                            <\/span>\n                                                    <span>\n                                                                                                    <img decoding=\"async\" src=\"https:\/\/gemeentegrot.nl\/wp-content\/uploads\/2026\/04\/icon-3.png\" alt=\"\">\n                                                                                                                                    F\u00fcr alle Altersgruppen geeignet                                                            <\/span>\n                                            <\/p>\n                                \n                                    <div class=\"buttons justify-content-center\">\n                                                        <a href=\"https:\/\/gemeentegrot.nl\/de\/tickets\/\"\n                                   class=\"btn btn-default\"\n                                   target=\"\">\n                                    Tickets<i class=\"fa fa-angle-right\"><\/i>\n                                <\/a>\n                                                                        <\/div>\n                            <\/div>\n        <\/div>\n        \n        <div class=\"row d-flex d-lg-none d-md-none justify-content-center\">\n            <div class=\"col-xxl-5 text-center col-lg-12 col-md-12 col-10\">\n                <div class=\"text-wrapper\">\n                <h1 class=\"display-1\">Zuflucht in der Gemeindegrotte<\/h1>                    <p class=\"info-text\">\n                                                    <span>\n                                                                                                    <img decoding=\"async\" src=\"https:\/\/gemeentegrot.nl\/wp-content\/uploads\/2026\/04\/icon-1.png\" alt=\"\">\n                                                                                                                                    Preis ab 15 \u20ac                                                            <\/span>\n                                                    <span>\n                                                                                                    <img decoding=\"async\" src=\"https:\/\/gemeentegrot.nl\/wp-content\/uploads\/2026\/04\/icon-2.png\" alt=\"\">\n                                                                                                                                    1,5 Stunden                                                            <\/span>\n                                                    <span>\n                                                                                                    <img decoding=\"async\" src=\"https:\/\/gemeentegrot.nl\/wp-content\/uploads\/2026\/04\/icon-3.png\" alt=\"\">\n                                                                                                                                    F\u00fcr alle Altersgruppen geeignet                                                            <\/span>\n                                            <\/p>\n                  \n                                    <div class=\"buttons justify-content-center\">\n                                                        <a href=\"https:\/\/gemeentegrot.nl\/de\/tickets\/\"\n                                   class=\"btn btn-default\"\n                                   target=\"\">\n                                    Tickets <i class=\"fa fa-angle-right\"><\/i>\n                                <\/a>\n                                                                        <\/div>\n                                <\/div>\n            <\/div>\n        <\/div>\n    <\/div>\n    <img decoding=\"async\" class=\"art\" src=\"https:\/\/gemeentegrot.nl\/wp-content\/themes\/gemeentegrotvalkenburg\/assets\/img\/banner-art.png\" alt=\"\" \/>\n    <div class=\"texture\"><\/div>\n<\/section>\n\n\n<section class=\"discovery-aanbod million-fossils texture  align wp-block-acf-discoveryaanbod\">\n    <div class=\"container\">\n        <div class=\"row justify-content-center\">\n            <div class=\"col-xxl-8 text-center col-lg-8 col-md-12 col-12\">\n                <div class=\"section-title\">\n                <p>Begib dich mit unseren engagierten Guides auf eine Reise durch die G\u00e4nge der Gemeindegrotte und finde heraus, wie die Menschen hier unter der Erde zu \u00fcberleben versuchten. W\u00e4hrend des Zweiten Weltkriegs suchten Tausende von Einwohnern in den Stollen Zuflucht, w\u00e4hrend \u00fcber ihnen heftige K\u00e4mpfe tobten. Sp\u00e4ter wurde hier ein riesiger Schutzbunker gebaut, um der Bedrohung durch den Kalten Krieg vorzubeugen. Die W\u00e4nde der Grotte tragen noch immer die Spuren dieser besonderen Geschichte.<\/p>\n                <\/div>\n            <\/div>\n        <\/div>\n                <div class=\"row top\">\n            \n            <div class=\"col-xxl-6 col-lg-6 col-md-12 col-12\">\n                <div class=\"row row-1\">\n                                            <div class=\"col-xxl-6 col-lg-6 col-sm-6 col-12\">\n                            <div class=\"bg\">\n                                <div>\n                                                                            <div class=\"align\">Wusstest du das?!<\/div>\n                                                                                                                <h3 class=\"display-3\">3000 Einwohner<\/h3>\n                                                                                                                <p>W\u00e4hrend des Zweiten Weltkriegs suchten etwa 3000 Einwohner von Valkenburg in der Grotte Zuflucht.<\/p>\n                                                                    <\/div>\n                            <\/div>\n                        <\/div>\n                                            <div class=\"col-xxl-6 col-lg-6 col-sm-6 col-12\">\n                            <div class=\"bg\" style=\"background: url(https:\/\/gemeentegrot.nl\/wp-content\/uploads\/2026\/04\/DSC06347.jpg) 50% 50% no-repeat; background-size: cover;\">\n                                <div>\n                                                                                                                                            <\/div>\n                            <\/div>\n                        <\/div>\n                                            <div class=\"col-xxl-12 col-lg-12 col-md-12 col-12\">\n                            <div class=\"bg half\" style=\"background: url(https:\/\/gemeentegrot.nl\/wp-content\/uploads\/2026\/04\/Gemeentegrot-BrandinginMotion-LR-22.jpg) 50% 50% no-repeat; background-size: cover;\">\n                                <div>\n                                                                                                                                            <\/div>\n                            <\/div>\n                        <\/div>\n                                    <\/div>\n            <\/div>\n            <div class=\"col-xxl-6 col-lg-6 col-md-12 col-12\">\n                <div class=\"row row-2\">\n                                            <div class=\"col-xxl-12 col-lg-12 col-md-12 col-12\">\n                            <div class=\"bg half\" style=\"background: url(https:\/\/gemeentegrot.nl\/wp-content\/uploads\/2026\/04\/DSC06381.jpg) 50% 50% no-repeat; background-size: cover;\">\n                                <div>\n                                                                                                                                            <\/div>\n                            <\/div>\n                        <\/div>\n                                            <div class=\"col-xxl-6 col-lg-6 col-sm-6 col-12\">\n                            <div class=\"bg\">\n                                <div>\n                                                                            <div class=\"align\">Wusstest du das?!<\/div>\n                                                                                                                <h3 class=\"display-3\">6,5 Millionen Gulden<\/h3>\n                                                                                                                <p>Der Umbau des Luftschutzbunkers aus der Zeit des Kalten Krieges kostete etwa 6,5 Millionen Gulden.<\/p>\n                                                                    <\/div>\n                            <\/div>\n                        <\/div>\n                                            <div class=\"col-xxl-6 col-lg-6 col-sm-6 col-12\">\n                            <div class=\"bg white\">\n                                <div>\n                                                                            <div class=\"align\">Wusstest du das?!<\/div>\n                                                                                                                <h3 class=\"display-3\">10.000 Menschen<\/h3>\n                                                                                                                <p>Der Luftschutzbunker bot Platz f\u00fcr etwa 10.000 Menschen, wurde aber letztendlich nie genutzt.<\/p>\n                                                                    <\/div>\n                            <\/div>\n                        <\/div>\n                                    <\/div>\n            <\/div>\n            \n        <\/div>\n                    <\/div>\n<\/section>\n\n\n<section class=\"text-faq faq texture  align wp-block-acf-textfaq\">\n    <div class=\"container\">\n        <div class=\"row\">\n            <div class=\"col-xxl-5 text-center text-lg-start text-md-start col-lg-4 col-md-4 col-12\">\n                <div class=\"section-title\">\n                    <h2 class=\"display-2\">Gut zu wissen<\/h2><p>Bevor du dich in die Gemeindegrotte begibst, solltest du ein paar Dinge wissen. Hier findest du praktische Informationen, damit du gut vorbereitet in die F\u00fchrung starten kannst.<\/p>\n                                            <div class=\"buttons justify-content-center justify-content-lg-start justify-content-md-start\">\n                                                                <a href=\"https:\/\/gemeentegrot.nl\/de\/tickets\/\"\n                                       class=\"btn btn-default\"\n                                       target=\"\">\n                                        Tickets <i class=\"fa fa-angle-right\"><\/i>\n                                    <\/a>\n                                                        <\/div>\n                                    <\/div>\n            <\/div>\n            <div class=\"col-xxl-7 ms-auto col-lg-8 col-md-8 col-12\">\n                                    <div class=\"accordion\" id=\"accordionExample-block_6dc33ebcb96db6a4a7c918eeb361967d\">\n                                                    <div class=\"accordion-item\">\n                                <h2 class=\"accordion-header\" id=\"heading-1-block_6dc33ebcb96db6a4a7c918eeb361967d\">\n                                    <button class=\"accordion-button\" type=\"button\" data-bs-toggle=\"collapse\" data-bs-target=\"#collapse-1-block_6dc33ebcb96db6a4a7c918eeb361967d\" aria-expanded=\"true\" aria-controls=\"collapse-1-block_6dc33ebcb96db6a4a7c918eeb361967d\">\n                                                                                    <img decoding=\"async\" class=\"icon\" src=\"https:\/\/gemeentegrot.nl\/wp-content\/uploads\/2026\/04\/faq-icon-3.png\" alt=\"Die Temperatur in der Grotte betr\u00e4gt 12 \u00b0C.\" \/>\n                                                                                Die Temperatur in der Grotte betr\u00e4gt 12 \u00b0C.                                    <\/button>\n                                <\/h2>\n                                <div id=\"collapse-1-block_6dc33ebcb96db6a4a7c918eeb361967d\" class=\"accordion-collapse collapse show\" aria-labelledby=\"heading-1-block_6dc33ebcb96db6a4a7c918eeb361967d\" data-bs-parent=\"#accordionExample-block_6dc33ebcb96db6a4a7c918eeb361967d\">\n                                    <div class=\"accordion-body\">\n                                        <p>Nimm also immer eine Jacke oder einen Pullover mit \u2026 auch im Sommer.<\/p>\n                                    <\/div>\n                                <\/div>\n                            <\/div>\n                                                    <div class=\"accordion-item\">\n                                <h2 class=\"accordion-header\" id=\"heading-2-block_6dc33ebcb96db6a4a7c918eeb361967d\">\n                                    <button class=\"accordion-button collapsed\" type=\"button\" data-bs-toggle=\"collapse\" data-bs-target=\"#collapse-2-block_6dc33ebcb96db6a4a7c918eeb361967d\" aria-expanded=\"false\" aria-controls=\"collapse-2-block_6dc33ebcb96db6a4a7c918eeb361967d\">\n                                                                                    <img decoding=\"async\" class=\"icon\" src=\"https:\/\/gemeentegrot.nl\/wp-content\/uploads\/2026\/04\/faq-icon-2.png\" alt=\"Die Grotte ist f\u00fcr alle zug\u00e4nglich.\" \/>\n                                                                                Die Grotte ist f\u00fcr alle zug\u00e4nglich.                                    <\/button>\n                                <\/h2>\n                                <div id=\"collapse-2-block_6dc33ebcb96db6a4a7c918eeb361967d\" class=\"accordion-collapse collapse\" aria-labelledby=\"heading-2-block_6dc33ebcb96db6a4a7c918eeb361967d\" data-bs-parent=\"#accordionExample-block_6dc33ebcb96db6a4a7c918eeb361967d\">\n                                    <div class=\"accordion-body\">\n                                        <p>Alle unsere F\u00fchrungen sind f\u00fcr Senioren, Besucher mit eingeschr\u00e4nkter Mobilit\u00e4t und Besucher mit Kinderwagen zug\u00e4nglich.<\/p>\n                                    <\/div>\n                                <\/div>\n                            <\/div>\n                                                    <div class=\"accordion-item\">\n                                <h2 class=\"accordion-header\" id=\"heading-3-block_6dc33ebcb96db6a4a7c918eeb361967d\">\n                                    <button class=\"accordion-button collapsed\" type=\"button\" data-bs-toggle=\"collapse\" data-bs-target=\"#collapse-3-block_6dc33ebcb96db6a4a7c918eeb361967d\" aria-expanded=\"false\" aria-controls=\"collapse-3-block_6dc33ebcb96db6a4a7c918eeb361967d\">\n                                                                                    <img decoding=\"async\" class=\"icon\" src=\"https:\/\/gemeentegrot.nl\/wp-content\/uploads\/2026\/04\/faq-icon-4.png\" alt=\"Kinder bis einschlie\u00dflich 3 Jahre haben freien Eintritt.\" \/>\n                                                                                Kinder bis einschlie\u00dflich 3 Jahre haben freien Eintritt.                                    <\/button>\n                                <\/h2>\n                                <div id=\"collapse-3-block_6dc33ebcb96db6a4a7c918eeb361967d\" class=\"accordion-collapse collapse\" aria-labelledby=\"heading-3-block_6dc33ebcb96db6a4a7c918eeb361967d\" data-bs-parent=\"#accordionExample-block_6dc33ebcb96db6a4a7c918eeb361967d\">\n                                    <div class=\"accordion-body\">\n                                        <p>F\u00fcr Erwachsene kostet eine Eintrittskarte online 11,25 \u20ac und an der Tageskasse 12,50 \u20ac. F\u00fcr Kinder von 4 bis 11 Jahren kostet eine Eintrittskarte online 8,75 \u20ac und an der Tageskasse 10 \u20ac.<\/p>\n                                    <\/div>\n                                <\/div>\n                            <\/div>\n                                                    <div class=\"accordion-item\">\n                                <h2 class=\"accordion-header\" id=\"heading-4-block_6dc33ebcb96db6a4a7c918eeb361967d\">\n                                    <button class=\"accordion-button collapsed\" type=\"button\" data-bs-toggle=\"collapse\" data-bs-target=\"#collapse-4-block_6dc33ebcb96db6a4a7c918eeb361967d\" aria-expanded=\"false\" aria-controls=\"collapse-4-block_6dc33ebcb96db6a4a7c918eeb361967d\">\n                                                                                    <img decoding=\"async\" class=\"icon\" src=\"https:\/\/gemeentegrot.nl\/wp-content\/uploads\/2026\/04\/faq-icon-1.png\" alt=\"Die F\u00fchrung \u201eZuflucht in der Gemeindegrotte\u201c ist in der Regel f\u00fcr Gruppen gedacht, mit Ausnahme von Veranstaltungen.\" \/>\n                                                                                Die F\u00fchrung \u201eZuflucht in der Gemeindegrotte\u201c ist in der Regel f\u00fcr Gruppen gedacht, mit Ausnahme von Veranstaltungen.                                    <\/button>\n                                <\/h2>\n                                <div id=\"collapse-4-block_6dc33ebcb96db6a4a7c918eeb361967d\" class=\"accordion-collapse collapse\" aria-labelledby=\"heading-4-block_6dc33ebcb96db6a4a7c918eeb361967d\" data-bs-parent=\"#accordionExample-block_6dc33ebcb96db6a4a7c918eeb361967d\">\n                                    <div class=\"accordion-body\">\n                                        <p>Die F\u00fchrung \u201eZuflucht in der Gemeindegrotte\u201c kann normalerweise nur f\u00fcr Gruppen ab 10 Personen gebucht werden. F\u00fcr Gruppenanfragen f\u00fcllst du bitte unser Kontaktformular aus, damit wir gemeinsam einen passenden Termin vereinbaren k\u00f6nnen. Bei besonderen Veranstaltungen sind auch Einzelbesuche m\u00f6glich. Dies wird vorab auf unserer Website bekannt gegeben.<\/p>\n                                    <\/div>\n                                <\/div>\n                            <\/div>\n                                            <\/div>\n                                <\/div>\n        <\/div>\n    <\/div>\n<\/section>\n\n\n<section class=\"guide texture  align wp-block-acf-guide\">\n    <div class=\"container\">\n        <div class=\"row align-items-center\">\n            <div class=\"col-xxl-6 col-lg-6 col-md-6 col-12\">\n                <div class=\"img\">\n                                                                <img decoding=\"async\" src=\"https:\/\/gemeentegrot.nl\/wp-content\/uploads\/2026\/04\/Gemeentegrot-BrandinginMotion-LR-37-1.jpg\" alt=\"Unser Guide Ferry erz\u00e4hlt\" \/>\n                                    <\/div>\n            <\/div>\n            <div class=\"col-xxl-4 editmobile col-lg-6 col-md-6 col-12\">\n                <div class=\"section-title\">\n                    <h2 class=\"display-2\">Unser Guide Ferry erz\u00e4hlt<\/h2><p>\u201eMeine Mutter hat hier mal Zuflucht gesucht. Sie erz\u00e4hlte, dass sie Fangen gespielt haben, um sich warm zu halten.\u201c<\/p>                                            <div class=\"buttons justify-content-start justify-content-lg-start justify-content-md-start justify-content-center\">\n                                                                <a href=\"https:\/\/gemeentegrot.nl\/de\/unsere-guides\/\"\n                                       class=\"btn btn-primary\"\n                                       target=\"\">\n                                        Lerne unsere Guides kennen <i class=\"fa fa-angle-right\"><\/i>\n                                    <\/a>\n                                                                    <a href=\"https:\/\/gemeentegrot.nl\/de\/tickets\/\"\n                                       class=\"btn btn-default\"\n                                       target=\"\">\n                                        Tickets <i class=\"fa fa-angle-right\"><\/i>\n                                    <\/a>\n                                                        <\/div>\n                                    <\/div>\n            <\/div>\n        <\/div>\n    <\/div>\n<\/section>\n\n\n<section class=\"img-slider-tooltip aboutslider ovdetils ovpage  align wp-block-acf-imgslidertooltip\">\n    <div class=\"container-fluid\">\n        <div class=\"row\">\n            <div class=\"col-xxl-12 p-0 col-lg-12 col-md-12 col-12\">\n                <div class=\"owl-carousel owl-theme img-carousel\">\n                                                                        <div class=\"item\">\n                                <div class=\"main\">\n                                                                            <img decoding=\"async\" class=\"w-100\" src=\"https:\/\/gemeentegrot.nl\/wp-content\/uploads\/2026\/04\/offerview-details.png\" alt=\"\" \/>\n                                                                                                                    <div class=\"infobtn\" style=\"top: 50%; left: 20%;\">\n                                                <a class=\"tooltip-anchor \">\n                                                    <img decoding=\"async\" src=\"https:\/\/gemeentegrot.nl\/wp-content\/themes\/gemeentegrotvalkenburg\/assets\/img\/info.png\" alt=\"\">\n                                                <\/a>\n                                                <div class=\"infodiv d-none\">\n                                                    <img decoding=\"async\" src=\"https:\/\/gemeentegrot.nl\/wp-content\/themes\/gemeentegrotvalkenburg\/assets\/img\/info2.png\" alt=\"\">\n                                                    <a class=\"closebtn\"><img decoding=\"async\" src=\"https:\/\/gemeentegrot.nl\/wp-content\/themes\/gemeentegrotvalkenburg\/blocks\/divider\/close.png\" alt=\"\"><\/a>\n                                                    <p><p>In verschiedenen R\u00e4umen der Grotte sind noch Inschriften von Familien zu sehen, die hier w\u00e4hrend des Krieges Zuflucht suchten, oft mit ihrem Namen und der Dauer ihres Aufenthalts.<\/p>\n<\/p>                                                <\/div>\n                                            <\/div>\n                                                                                    <div class=\"infobtn\" style=\"top: 50%; left: 50%;\">\n                                                <a class=\"tooltip-anchor \">\n                                                    <img decoding=\"async\" src=\"https:\/\/gemeentegrot.nl\/wp-content\/themes\/gemeentegrotvalkenburg\/assets\/img\/info.png\" alt=\"\">\n                                                <\/a>\n                                                <div class=\"infodiv d-none\">\n                                                    <img decoding=\"async\" src=\"https:\/\/gemeentegrot.nl\/wp-content\/themes\/gemeentegrotvalkenburg\/assets\/img\/info2.png\" alt=\"\">\n                                                    <a class=\"closebtn\"><img decoding=\"async\" src=\"https:\/\/gemeentegrot.nl\/wp-content\/themes\/gemeentegrotvalkenburg\/blocks\/divider\/close.png\" alt=\"\"><\/a>\n                                                    <p><p>Im Schutzkeller galt ein 8-Stunden-Rhythmus: acht Stunden schlafen, acht Stunden ausruhen und acht Stunden sich bewegen.<\/p>\n<\/p>                                                <\/div>\n                                            <\/div>\n                                                                        <\/div>\n                            <\/div>\n                                                    <div class=\"item\">\n                                <div class=\"main\">\n                                                                            <img decoding=\"async\" class=\"w-100\" src=\"https:\/\/gemeentegrot.nl\/wp-content\/uploads\/2026\/04\/offerview-details.png\" alt=\"\" \/>\n                                                                                                                    <div class=\"infobtn\" style=\"top: 50%; left: 50%;\">\n                                                <a class=\"tooltip-anchor \">\n                                                    <img decoding=\"async\" src=\"https:\/\/gemeentegrot.nl\/wp-content\/themes\/gemeentegrotvalkenburg\/assets\/img\/info.png\" alt=\"\">\n                                                <\/a>\n                                                <div class=\"infodiv d-none\">\n                                                    <img decoding=\"async\" src=\"https:\/\/gemeentegrot.nl\/wp-content\/themes\/gemeentegrotvalkenburg\/assets\/img\/info2.png\" alt=\"\">\n                                                    <a class=\"closebtn\"><img decoding=\"async\" src=\"https:\/\/gemeentegrot.nl\/wp-content\/themes\/gemeentegrotvalkenburg\/blocks\/divider\/close.png\" alt=\"\"><\/a>\n                                                    <p><section class=\"text-token-text-primary w-full focus:outline-none [--shadow-height:45px] has-data-writing-block:pointer-events-none has-data-writing-block:-mt-(--shadow-height) has-data-writing-block:pt-(--shadow-height) [&amp;:has([data-writing-block])&gt;*]:pointer-events-auto scroll-mt-(--header-height)\" dir=\"auto\" data-turn-id=\"81025a77-3be6-4e10-81ec-ffc9dde0b6f5\" data-testid=\"conversation-turn-31\" data-scroll-anchor=\"false\" data-turn=\"user\"><\/section>\n<section class=\"text-token-text-primary w-full focus:outline-none [--shadow-height:45px] has-data-writing-block:pointer-events-none has-data-writing-block:-mt-(--shadow-height) has-data-writing-block:pt-(--shadow-height) [&amp;:has([data-writing-block])&gt;*]:pointer-events-auto scroll-mt-[calc(var(--header-height)+min(200px,max(70px,20svh)))]\" dir=\"auto\" data-turn-id=\"request-69e0a8c9-68d8-8392-a765-aa976212ba69-12\" data-testid=\"conversation-turn-32\" data-scroll-anchor=\"true\" data-turn=\"assistant\">\n<div class=\"text-base my-auto mx-auto pb-10 [--thread-content-margin:var(--thread-content-margin-xs,calc(var(--spacing)*4))] @w-sm\/main:[--thread-content-margin:var(--thread-content-margin-sm,calc(var(--spacing)*6))] @w-lg\/main:[--thread-content-margin:var(--thread-content-margin-lg,calc(var(--spacing)*16))] px-(--thread-content-margin)\">\n<div class=\"[--thread-content-max-width:40rem] @w-lg\/main:[--thread-content-max-width:48rem] mx-auto max-w-(--thread-content-max-width) flex-1 group\/turn-messages focus-visible:outline-hidden relative flex w-full min-w-0 flex-col agent-turn\">\n<div class=\"flex max-w-full flex-col gap-4 grow\">\n<div class=\"min-h-8 text-message relative flex w-full flex-col items-end gap-2 text-start break-words whitespace-normal outline-none keyboard-focused:focus-ring [.text-message+&amp;]:mt-1\" dir=\"auto\" data-message-author-role=\"assistant\" data-message-id=\"cc1fa927-6e00-4f86-8c47-cd2b55493a44\" data-message-model-slug=\"gpt-5-3\" data-turn-start-message=\"true\">\n<div class=\"flex w-full flex-col gap-1 empty:hidden\">\n<div class=\"markdown prose dark:prose-invert w-full wrap-break-word light markdown-new-styling\">\n<p data-start=\"0\" data-end=\"52\" data-is-last-node=\"\" data-is-only-node=\"\">Die \u00e4lteste Zeichnung in der H\u00f6hle ist fast 500 Jahre alt.<\/p>\n<\/div>\n<\/div>\n<\/div>\n<\/div>\n<\/div>\n<\/div>\n<\/section>\n<\/p>                                                <\/div>\n                                            <\/div>\n                                                                        <\/div>\n                            <\/div>\n                                                            <\/div>\n            <\/div>\n        <\/div>\n    <\/div>\n    <div class=\"container\">\n        <div class=\"row\">\n            <div class=\"col-xxl-12 position-relative col-lg-12 col-md-12 col-12\">\n                <div class=\"custom-nav owl-theme\"><\/div>\n                <div class=\"custom-pagination3 custom-pager white\">\n                    <span class=\"current\">1<\/span> \/ <span class=\"total\">1<\/span>\n                <\/div>\n            <\/div>\n        <\/div>\n        <div class=\"row justify-content-center\">\n            <div class=\"col-xxl-4 text-center col-lg-8 col-md-8 col-12\">\n                <div class=\"section-title\">\n                                                                <div class=\"buttons justify-content-center\">\n                                                                <a href=\"https:\/\/gemeentegrot.nl\/de\/tickets\/\"\n                                       class=\"btn btn-default\"\n                                       target=\"\">\n                                        Tickets                                    <\/a>\n                                                        <\/div>\n                                    <\/div>\n            <\/div>\n        <\/div>\n    <\/div>\n<\/section>\n\n\n<section class=\"reviews texture has-background-color-donker-beige align wp-block-acf-reviews\">\n    <div class=\"container\">\n        <div class=\"row\">\n            <div class=\"col-xxl-4 col-lg-4 col-md-12 col-12\">\n                <div class=\"section-title\">\n                    <h3 class=\"display-3\">Erfahrungen unserer Besucher<\/h3><p>Entdecke die Geschichten der Menschen, die vor dir hier waren, und erfahre, warum sie die Gemeindegrotte Valkenburg als den idealen Tagesausflug betrachten. Von der beeindruckenden Geschichte bis hin zu den geheimnisvollen G\u00e4ngen, unsere Besucher teilen ihre einzigartigen Erlebnisse, die die F\u00fchrung zu einem unvergesslichen Erlebnis machen. Lies, warum auch du diesen besonderen Ort entdecken solltest!<\/p>\n                                            <div class=\"buttons\">\n                                                    <\/div>\n                                    <\/div>\n            <\/div>\n        \n            <div class=\"col-xxl-8 text-center col-lg-8 col-md-8 col-12\">\n                <div class=\"row equal-height\">\n                    <div class=\"col-xxl-4 text-center col-lg-5 col-md-4 col-6\">\n                        <div class=\"bg-reviews\" style=\"background: url(https:\/\/gemeentegrot.nl\/wp-content\/uploads\/2026\/03\/bg-stars.png) 50% 50% no-repeat; background-size: cover;\">\n                                                            <img decoding=\"async\" src=\"https:\/\/gemeentegrot.nl\/wp-content\/uploads\/2026\/03\/google.png\" alt=\"\" \/>\n                                                        <div class=\"stars\">\n                                <img decoding=\"async\" src=\"https:\/\/gemeentegrot.nl\/wp-content\/themes\/gemeentegrotvalkenburg\/assets\/img\/stars.png\" alt=\"\" \/>\n                            <\/div>\n                                                            <p>4,3 basierend auf 7.500 Bewertungen<\/p>\n                                                    <\/div>\n                    <\/div>\n                    <div class=\"col-xxl-8 col-lg-7 col-md-8 col-6\">\n                        <div class=\"owl-carousel owl-theme review-carousel\">\n                                                                                            <div class=\"item\">\n                                            <div class=\"bg\">\n                                                <div>\n                                                                                                            <h3 class=\"display-3\">Jeroen Bolhuis<\/h3>\n                                                                                                                                                                <p><p>Wir haben hier eine wundersch\u00f6ne F\u00fchrung zu Fu\u00df mit einem erfahrenen Guide gemacht. Es wurde sich in aller Ruhe Zeit genommen, um uns alles zu zeigen. Fragen wurden gut beantwortet und es war eine wirklich tolle F\u00fchrung.<\/p>\n<\/p>\n                                                                                                        <div class=\"stars\">\n                                                                                                                    <img decoding=\"async\" src=\"https:\/\/gemeentegrot.nl\/wp-content\/themes\/gemeentegrotvalkenburg\/assets\/img\/stars.png\" alt=\"\" \/>\n                                                                                                            <\/div>\n                                                                                                            <div class=\"date mt-2\">November 2025<\/div>\n                                                                                                    <\/div>\n                                            <\/div>\n                                        <\/div>\n                                                                    <div class=\"item\">\n                                            <div class=\"bg\">\n                                                <div>\n                                                                                                            <h3 class=\"display-3\">Diana Bastiaansen<\/h3>\n                                                                                                                                                                <p><p>Es war ein sch\u00f6nes Erlebnis, vor allem aber die Erkl\u00e4rungen unseres Guides und des Zugf\u00fchrers. Ein absolutes Muss, wenn du in Valkenburg bist.<\/p>\n<\/p>\n                                                                                                        <div class=\"stars\">\n                                                                                                                    <img decoding=\"async\" src=\"https:\/\/gemeentegrot.nl\/wp-content\/themes\/gemeentegrotvalkenburg\/assets\/img\/stars.png\" alt=\"\" \/>\n                                                                                                            <\/div>\n                                                                                                            <div class=\"date mt-2\">Oktober 2025<\/div>\n                                                                                                    <\/div>\n                                            <\/div>\n                                        <\/div>\n                                                                    <div class=\"item\">\n                                            <div class=\"bg\">\n                                                <div>\n                                                                                                            <h3 class=\"display-3\">Jeroen de W<\/h3>\n                                                                                                                                                                <p><p>Heute haben wir an der F\u00fchrung mit Zug teilgenommen. Ein sch\u00f6nes Erlebnis, und unser 8-j\u00e4hriger Sohn fand es toll. Sehr freundlicher Guide\/Schaffner\/Fahrer. Tolle Erkl\u00e4rungen, und man bekam einen guten Eindruck davon, wie gro\u00df diese Grotte ist.<\/p>\n<\/p>\n                                                                                                        <div class=\"stars\">\n                                                                                                                    <img decoding=\"async\" src=\"https:\/\/gemeentegrot.nl\/wp-content\/themes\/gemeentegrotvalkenburg\/assets\/img\/stars.png\" alt=\"\" \/>\n                                                                                                            <\/div>\n                                                                                                            <div class=\"date mt-2\">August 2026<\/div>\n                                                                                                    <\/div>\n                                            <\/div>\n                                        <\/div>\n                                                                    <div class=\"item\">\n                                            <div class=\"bg\">\n                                                <div>\n                                                                                                            <h3 class=\"display-3\">Chris Dhous<\/h3>\n                                                                                                                                                                <p><p>In jeder Hinsicht lehrreich: Geschichte, Handwerk und der Krieg. Alle Themen kommen zur Sprache, und vor allem ist es ein gem\u00fctlicher Spaziergang unter der Erde.<\/p>\n<\/p>\n                                                                                                        <div class=\"stars\">\n                                                                                                                    <img decoding=\"async\" src=\"https:\/\/gemeentegrot.nl\/wp-content\/themes\/gemeentegrotvalkenburg\/assets\/img\/stars.png\" alt=\"\" \/>\n                                                                                                            <\/div>\n                                                                                                            <div class=\"date mt-2\">April 2026<\/div>\n                                                                                                    <\/div>\n                                            <\/div>\n                                        <\/div>\n                                                                    <div class=\"item\">\n                                            <div class=\"bg\">\n                                                <div>\n                                                                                                            <h3 class=\"display-3\">Silvester den dekker<\/h3>\n                                                                                                                                                                <p><p>Ein echter Geheimtipp, wenn du in Valkenburg bist. Wir haben die F\u00fchrung zu Fu\u00df gemacht, das hat richtig Spa\u00df gemacht. Der Guide war total begeistert und hat zwischendurch auch mal einen Witz gemacht. Wir waren mit unseren beiden Kindern dabei, und die konnten das Tempo prima mithalten.<\/p>\n<\/p>\n                                                                                                        <div class=\"stars\">\n                                                                                                                    <img decoding=\"async\" src=\"https:\/\/gemeentegrot.nl\/wp-content\/themes\/gemeentegrotvalkenburg\/assets\/img\/stars.png\" alt=\"\" \/>\n                                                                                                            <\/div>\n                                                                                                            <div class=\"date mt-2\">April 2026<\/div>\n                                                                                                    <\/div>\n                                            <\/div>\n                                        <\/div>\n                                                                    <div class=\"item\">\n                                            <div class=\"bg\">\n                                                <div>\n                                                                                                            <h3 class=\"display-3\">Jan J<\/h3>\n                                                                                                                                                                <p><p>Ganz \u00fcberraschend. Eine verborgene Welt unter der Erde. Der Guide unseres kleinen Zuges musste seine Fahrk\u00fcnste mit spannenden Erz\u00e4hlungen \u00fcber die Geschichte, die Zeichnungen und die Skulpturen verbinden. Sogar unsere Teenager fanden es cool (und k\u00fchl, also Pullover\/Jacke mitnehmen).<\/p>\n<\/p>\n                                                                                                        <div class=\"stars\">\n                                                                                                                    <img decoding=\"async\" src=\"https:\/\/gemeentegrot.nl\/wp-content\/themes\/gemeentegrotvalkenburg\/assets\/img\/stars.png\" alt=\"\" \/>\n                                                                                                            <\/div>\n                                                                                                            <div class=\"date mt-2\">April 2026<\/div>\n                                                                                                    <\/div>\n                                            <\/div>\n                                        <\/div>\n                                                                    <div class=\"item\">\n                                            <div class=\"bg\">\n                                                <div>\n                                                                                                            <h3 class=\"display-3\">Ivo Theunissen<\/h3>\n                                                                                                                                                                <p><p>Ein super interessanter Ausflug \u00fcber das Leben der Steinbrecher in Valkenburg. Dazwischen gibt\u2019s interessante Kunstwerke und Darstellungen, wie Tiere und die Natur fr\u00fcher ausgesehen haben k\u00f6nnten.<\/p>\n<\/p>\n                                                                                                        <div class=\"stars\">\n                                                                                                                    <img decoding=\"async\" src=\"https:\/\/gemeentegrot.nl\/wp-content\/themes\/gemeentegrotvalkenburg\/assets\/img\/stars.png\" alt=\"\" \/>\n                                                                                                            <\/div>\n                                                                                                            <div class=\"date mt-2\">Oktober 2026<\/div>\n                                                                                                    <\/div>\n                                            <\/div>\n                                        <\/div>\n                                                                    <div class=\"item\">\n                                            <div class=\"bg\">\n                                                <div>\n                                                                                                            <h3 class=\"display-3\">Rob Kok<\/h3>\n                                                                                                                                                                <p><p>Ger, der Reiseleiter, ist einfach klasse. Wir waren mit acht Leuten und vier Kindern unterwegs, und es war super interessant und wurde total unterhaltsam erz\u00e4hlt.<\/p>\n<\/p>\n                                                                                                        <div class=\"stars\">\n                                                                                                                    <img decoding=\"async\" src=\"https:\/\/gemeentegrot.nl\/wp-content\/themes\/gemeentegrotvalkenburg\/assets\/img\/stars.png\" alt=\"\" \/>\n                                                                                                            <\/div>\n                                                                                                            <div class=\"date mt-2\">April 2026<\/div>\n                                                                                                    <\/div>\n                                            <\/div>\n                                        <\/div>\n                                    \n                                                    <\/div>\n                        <div class=\"custom-pagination4 custom-pager\">\n                            <span class=\"current\">1<\/span> \/ <span class=\"total\">1<\/span>\n                        <\/div>\n                    <\/div>\n                <\/div>\n            <\/div>\n        <\/div>\n    <\/div>\n<\/section>\n\n\n<section class=\"text-faq faq texture  align wp-block-acf-textfaq\">\n    <div class=\"container\">\n        <div class=\"row\">\n            <div class=\"col-xxl-5 text-center text-lg-start text-md-start col-lg-4 col-md-4 col-12\">\n                <div class=\"section-title\">\n                    <h2 class=\"display-2\">H\u00e4ufig gestellte Fragen<\/h2><p>Hier findest du unsere h\u00e4ufig gestellten Fragen. Ist deine Frage nicht dabei? Dann melde dich gerne bei uns.<\/p>\n                                            <div class=\"buttons justify-content-center justify-content-lg-start justify-content-md-start\">\n                                                                <a href=\"https:\/\/gemeentegrot.nl\/de\/kontakt\/\"\n                                       class=\"btn btn-default\"\n                                       target=\"\">\n                                        Kontakt aufnehmen <i class=\"fa fa-angle-right\"><\/i>\n                                    <\/a>\n                                                                    <a href=\"https:\/\/gemeentegrot.nl\/de\/kontakt\/haeufig-gestellte-fragen\/\"\n                                       class=\"btn btn-primary\"\n                                       target=\"\">\n                                        Alle h\u00e4ufig gestellten Fragen <i class=\"fa fa-angle-right\"><\/i>\n                                    <\/a>\n                                                        <\/div>\n                                    <\/div>\n            <\/div>\n            <div class=\"col-xxl-7 ms-auto col-lg-8 col-md-8 col-12\">\n                                        <div class=\"accordion\" id=\"accordionExample-block_bf2720352ebede7a5694f26eee87e4c5\">\n                                                            <div class=\"accordion-item\">\n                                    <h2 class=\"accordion-header\" id=\"heading-1-block_bf2720352ebede7a5694f26eee87e4c5\">\n                                        <button class=\"accordion-button\" type=\"button\" data-bs-toggle=\"collapse\" data-bs-target=\"#collapse-1-block_bf2720352ebede7a5694f26eee87e4c5\" aria-expanded=\"true\" aria-controls=\"collapse-1-block_bf2720352ebede7a5694f26eee87e4c5\">\n                                                                                        Wie viel kostet der Eintritt in die Grotte?                                        <\/button>\n                                    <\/h2>\n                                    <div id=\"collapse-1-block_bf2720352ebede7a5694f26eee87e4c5\" class=\"accordion-collapse collapse show\" aria-labelledby=\"heading-1-block_bf2720352ebede7a5694f26eee87e4c5\" data-bs-parent=\"#accordionExample-block_bf2720352ebede7a5694f26eee87e4c5\">\n                                        <div class=\"accordion-body\">\n                                            <p>Schau dir unsere aktuellen Eintrittspreise an.<\/p>\n                                        <\/div>\n                                    <\/div>\n                                <\/div>\n                                                                <div class=\"accordion-item\">\n                                    <h2 class=\"accordion-header\" id=\"heading-2-block_bf2720352ebede7a5694f26eee87e4c5\">\n                                        <button class=\"accordion-button collapsed\" type=\"button\" data-bs-toggle=\"collapse\" data-bs-target=\"#collapse-2-block_bf2720352ebede7a5694f26eee87e4c5\" aria-expanded=\"false\" aria-controls=\"collapse-2-block_bf2720352ebede7a5694f26eee87e4c5\">\n                                                                                        Wie sind die \u00d6ffnungszeiten der Grotte?                                        <\/button>\n                                    <\/h2>\n                                    <div id=\"collapse-2-block_bf2720352ebede7a5694f26eee87e4c5\" class=\"accordion-collapse collapse\" aria-labelledby=\"heading-2-block_bf2720352ebede7a5694f26eee87e4c5\" data-bs-parent=\"#accordionExample-block_bf2720352ebede7a5694f26eee87e4c5\">\n                                        <div class=\"accordion-body\">\n                                            <p>Schau dir unsere aktuellen \u00d6ffnungszeiten an.<\/p>\n                                        <\/div>\n                                    <\/div>\n                                <\/div>\n                                                                <div class=\"accordion-item\">\n                                    <h2 class=\"accordion-header\" id=\"heading-3-block_bf2720352ebede7a5694f26eee87e4c5\">\n                                        <button class=\"accordion-button collapsed\" type=\"button\" data-bs-toggle=\"collapse\" data-bs-target=\"#collapse-3-block_bf2720352ebede7a5694f26eee87e4c5\" aria-expanded=\"false\" aria-controls=\"collapse-3-block_bf2720352ebede7a5694f26eee87e4c5\">\n                                                                                        Bis wann wurde Mergel abgebaut?                                        <\/button>\n                                    <\/h2>\n                                    <div id=\"collapse-3-block_bf2720352ebede7a5694f26eee87e4c5\" class=\"accordion-collapse collapse\" aria-labelledby=\"heading-3-block_bf2720352ebede7a5694f26eee87e4c5\" data-bs-parent=\"#accordionExample-block_bf2720352ebede7a5694f26eee87e4c5\">\n                                        <div class=\"accordion-body\">\n                                            <p>Der letzte Mergel wurde 1920 aus dem Steinbruch gef\u00f6rdert.<\/p>\n                                        <\/div>\n                                    <\/div>\n                                <\/div>\n                                                                <div class=\"accordion-item\">\n                                    <h2 class=\"accordion-header\" id=\"heading-4-block_bf2720352ebede7a5694f26eee87e4c5\">\n                                        <button class=\"accordion-button collapsed\" type=\"button\" data-bs-toggle=\"collapse\" data-bs-target=\"#collapse-4-block_bf2720352ebede7a5694f26eee87e4c5\" aria-expanded=\"false\" aria-controls=\"collapse-4-block_bf2720352ebede7a5694f26eee87e4c5\">\n                                                                                        Wie alt ist die Gemeindegrotte?                                        <\/button>\n                                    <\/h2>\n                                    <div id=\"collapse-4-block_bf2720352ebede7a5694f26eee87e4c5\" class=\"accordion-collapse collapse\" aria-labelledby=\"heading-4-block_bf2720352ebede7a5694f26eee87e4c5\" data-bs-parent=\"#accordionExample-block_bf2720352ebede7a5694f26eee87e4c5\">\n                                        <div class=\"accordion-body\">\n                                            <p>Der Abbau des Mergels begann im Jahr 1250.<\/p>\n                                        <\/div>\n                                    <\/div>\n                                <\/div>\n                                                                <div class=\"accordion-item\">\n                                    <h2 class=\"accordion-header\" id=\"heading-5-block_bf2720352ebede7a5694f26eee87e4c5\">\n                                        <button class=\"accordion-button collapsed\" type=\"button\" data-bs-toggle=\"collapse\" data-bs-target=\"#collapse-5-block_bf2720352ebede7a5694f26eee87e4c5\" aria-expanded=\"false\" aria-controls=\"collapse-5-block_bf2720352ebede7a5694f26eee87e4c5\">\n                                                                                        Wie gro\u00df ist die Gemeindegrotte?                                        <\/button>\n                                    <\/h2>\n                                    <div id=\"collapse-5-block_bf2720352ebede7a5694f26eee87e4c5\" class=\"accordion-collapse collapse\" aria-labelledby=\"heading-5-block_bf2720352ebede7a5694f26eee87e4c5\" data-bs-parent=\"#accordionExample-block_bf2720352ebede7a5694f26eee87e4c5\">\n                                        <div class=\"accordion-body\">\n                                            <p>Das Tunnelnetz ist etwa 70 Kilometer lang, davon sind 30 Kilometer begehbar.<\/p>\n                                        <\/div>\n                                    <\/div>\n                                <\/div>\n                                                                <div class=\"accordion-item\">\n                                    <h2 class=\"accordion-header\" id=\"heading-6-block_bf2720352ebede7a5694f26eee87e4c5\">\n                                        <button class=\"accordion-button collapsed\" type=\"button\" data-bs-toggle=\"collapse\" data-bs-target=\"#collapse-6-block_bf2720352ebede7a5694f26eee87e4c5\" aria-expanded=\"false\" aria-controls=\"collapse-6-block_bf2720352ebede7a5694f26eee87e4c5\">\n                                                                                        Gibt es spezielle F\u00fchrungen oder Veranstaltungen?                                        <\/button>\n                                    <\/h2>\n                                    <div id=\"collapse-6-block_bf2720352ebede7a5694f26eee87e4c5\" class=\"accordion-collapse collapse\" aria-labelledby=\"heading-6-block_bf2720352ebede7a5694f26eee87e4c5\" data-bs-parent=\"#accordionExample-block_bf2720352ebede7a5694f26eee87e4c5\">\n                                        <div class=\"accordion-body\">\n                                            <p>Derzeit gibt es verschiedene Sonderf\u00fchrungen, wie zum Beispiel \u201eZuflucht in der Gemeindegrotte\u201d und \u201eRadsportgeschichte in der Gemeindegrotte\u201d. Diese k\u00f6nnen auf Anfrage ab 10 Personen gebucht werden. Behalte unsere Website im Auge, um \u00fcber Veranstaltungen und Sonderaktionen auf dem Laufenden zu bleiben.<\/p>\n                                        <\/div>\n                                    <\/div>\n                                <\/div>\n                                                                <div class=\"accordion-item\">\n                                    <h2 class=\"accordion-header\" id=\"heading-7-block_bf2720352ebede7a5694f26eee87e4c5\">\n                                        <button class=\"accordion-button collapsed\" type=\"button\" data-bs-toggle=\"collapse\" data-bs-target=\"#collapse-7-block_bf2720352ebede7a5694f26eee87e4c5\" aria-expanded=\"false\" aria-controls=\"collapse-7-block_bf2720352ebede7a5694f26eee87e4c5\">\n                                                                                        Welche Zahlungsm\u00f6glichkeiten gibt es?                                        <\/button>\n                                    <\/h2>\n                                    <div id=\"collapse-7-block_bf2720352ebede7a5694f26eee87e4c5\" class=\"accordion-collapse collapse\" aria-labelledby=\"heading-7-block_bf2720352ebede7a5694f26eee87e4c5\" data-bs-parent=\"#accordionExample-block_bf2720352ebede7a5694f26eee87e4c5\">\n                                        <div class=\"accordion-body\">\n                                            <p>An unserer Tageskasse kannst du bar oder mit EC-Karte bezahlen. Es ist m\u00f6glich, Tickets im Voraus \u00fcber unsere Website zu reservieren.<\/p>\n                                        <\/div>\n                                    <\/div>\n                                <\/div>\n                                                                <div class=\"accordion-item\">\n                                    <h2 class=\"accordion-header\" id=\"heading-8-block_bf2720352ebede7a5694f26eee87e4c5\">\n                                        <button class=\"accordion-button collapsed\" type=\"button\" data-bs-toggle=\"collapse\" data-bs-target=\"#collapse-8-block_bf2720352ebede7a5694f26eee87e4c5\" aria-expanded=\"false\" aria-controls=\"collapse-8-block_bf2720352ebede7a5694f26eee87e4c5\">\n                                                                                        Ist die Museumskarte g\u00fcltig?                                        <\/button>\n                                    <\/h2>\n                                    <div id=\"collapse-8-block_bf2720352ebede7a5694f26eee87e4c5\" class=\"accordion-collapse collapse\" aria-labelledby=\"heading-8-block_bf2720352ebede7a5694f26eee87e4c5\" data-bs-parent=\"#accordionExample-block_bf2720352ebede7a5694f26eee87e4c5\">\n                                        <div class=\"accordion-body\">\n                                            <p>Nein, die Museumskarte gilt bei uns nicht.<\/p>\n                                        <\/div>\n                                    <\/div>\n                                <\/div>\n                                                                <div class=\"accordion-item\">\n                                    <h2 class=\"accordion-header\" id=\"heading-9-block_bf2720352ebede7a5694f26eee87e4c5\">\n                                        <button class=\"accordion-button collapsed\" type=\"button\" data-bs-toggle=\"collapse\" data-bs-target=\"#collapse-9-block_bf2720352ebede7a5694f26eee87e4c5\" aria-expanded=\"false\" aria-controls=\"collapse-9-block_bf2720352ebede7a5694f26eee87e4c5\">\n                                                                                        Kann man die Grotte auch ohne F\u00fchrung besichtigen?                                        <\/button>\n                                    <\/h2>\n                                    <div id=\"collapse-9-block_bf2720352ebede7a5694f26eee87e4c5\" class=\"accordion-collapse collapse\" aria-labelledby=\"heading-9-block_bf2720352ebede7a5694f26eee87e4c5\" data-bs-parent=\"#accordionExample-block_bf2720352ebede7a5694f26eee87e4c5\">\n                                        <div class=\"accordion-body\">\n                                            <p>Nein, die Grotte kann nur unter der Leitung eines F\u00fchrers besichtigt werden.<\/p>\n                                        <\/div>\n                                    <\/div>\n                                <\/div>\n                                                                <div class=\"accordion-item\">\n                                    <h2 class=\"accordion-header\" id=\"heading-10-block_bf2720352ebede7a5694f26eee87e4c5\">\n                                        <button class=\"accordion-button collapsed\" type=\"button\" data-bs-toggle=\"collapse\" data-bs-target=\"#collapse-10-block_bf2720352ebede7a5694f26eee87e4c5\" aria-expanded=\"false\" aria-controls=\"collapse-10-block_bf2720352ebede7a5694f26eee87e4c5\">\n                                                                                        Ist die Grotte f\u00fcr Kinder geeignet?                                        <\/button>\n                                    <\/h2>\n                                    <div id=\"collapse-10-block_bf2720352ebede7a5694f26eee87e4c5\" class=\"accordion-collapse collapse\" aria-labelledby=\"heading-10-block_bf2720352ebede7a5694f26eee87e4c5\" data-bs-parent=\"#accordionExample-block_bf2720352ebede7a5694f26eee87e4c5\">\n                                        <div class=\"accordion-body\">\n                                            <p>Ja, die Grotte ist f\u00fcr alle Altersgruppen geeignet.<\/p>\n                                        <\/div>\n                                    <\/div>\n                                <\/div>\n                                                                <div class=\"accordion-item\">\n                                    <h2 class=\"accordion-header\" id=\"heading-11-block_bf2720352ebede7a5694f26eee87e4c5\">\n                                        <button class=\"accordion-button collapsed\" type=\"button\" data-bs-toggle=\"collapse\" data-bs-target=\"#collapse-11-block_bf2720352ebede7a5694f26eee87e4c5\" aria-expanded=\"false\" aria-controls=\"collapse-11-block_bf2720352ebede7a5694f26eee87e4c5\">\n                                                                                        Gibt es vor Ort eine Toilette?                                        <\/button>\n                                    <\/h2>\n                                    <div id=\"collapse-11-block_bf2720352ebede7a5694f26eee87e4c5\" class=\"accordion-collapse collapse\" aria-labelledby=\"heading-11-block_bf2720352ebede7a5694f26eee87e4c5\" data-bs-parent=\"#accordionExample-block_bf2720352ebede7a5694f26eee87e4c5\">\n                                        <div class=\"accordion-body\">\n                                            <p>Ja, es gibt \u00f6ffentliche Toiletten. Diese Toiletten sind kostenpflichtig. Au\u00dferdem gibt es eine Behindertentoilette.<\/p>\n                                        <\/div>\n                                    <\/div>\n                                <\/div>\n                                                                <div class=\"accordion-item\">\n                                    <h2 class=\"accordion-header\" id=\"heading-12-block_bf2720352ebede7a5694f26eee87e4c5\">\n                                        <button class=\"accordion-button collapsed\" type=\"button\" data-bs-toggle=\"collapse\" data-bs-target=\"#collapse-12-block_bf2720352ebede7a5694f26eee87e4c5\" aria-expanded=\"false\" aria-controls=\"collapse-12-block_bf2720352ebede7a5694f26eee87e4c5\">\n                                                                                        D\u00fcrfen Fotos und\/oder Bildaufnahmen gemacht werden?                                        <\/button>\n                                    <\/h2>\n                                    <div id=\"collapse-12-block_bf2720352ebede7a5694f26eee87e4c5\" class=\"accordion-collapse collapse\" aria-labelledby=\"heading-12-block_bf2720352ebede7a5694f26eee87e4c5\" data-bs-parent=\"#accordionExample-block_bf2720352ebede7a5694f26eee87e4c5\">\n                                        <div class=\"accordion-body\">\n                                            <p>Ja, du darfst gerne Fotos und\/oder Videoaufnahmen machen. Bitte beachte jedoch, dass es sich um eine F\u00fchrung handelt und wir daher nicht lange an einer Stelle verweilen k\u00f6nnen, um Fotos und\/oder Videoaufnahmen zu machen.<\/p>\n                                        <\/div>\n                                    <\/div>\n                                <\/div>\n                                                                <div class=\"accordion-item\">\n                                    <h2 class=\"accordion-header\" id=\"heading-13-block_bf2720352ebede7a5694f26eee87e4c5\">\n                                        <button class=\"accordion-button collapsed\" type=\"button\" data-bs-toggle=\"collapse\" data-bs-target=\"#collapse-13-block_bf2720352ebede7a5694f26eee87e4c5\" aria-expanded=\"false\" aria-controls=\"collapse-13-block_bf2720352ebede7a5694f26eee87e4c5\">\n                                                                                        Ich leide unter Klaustrophobie und Platzangst. Kann ich an einer F\u00fchrung teilnehmen?                                        <\/button>\n                                    <\/h2>\n                                    <div id=\"collapse-13-block_bf2720352ebede7a5694f26eee87e4c5\" class=\"accordion-collapse collapse\" aria-labelledby=\"heading-13-block_bf2720352ebede7a5694f26eee87e4c5\" data-bs-parent=\"#accordionExample-block_bf2720352ebede7a5694f26eee87e4c5\">\n                                        <div class=\"accordion-body\">\n                                            <p>Obwohl unsere G\u00e4nge recht breit und hoch sind, raten wir Besuchern mit Klaustrophobie und Platzangst dennoch davon ab, an einer F\u00fchrung teilzunehmen.<\/p>\n                                        <\/div>\n                                    <\/div>\n                                <\/div>\n                                                                <div class=\"accordion-item\">\n                                    <h2 class=\"accordion-header\" id=\"heading-14-block_bf2720352ebede7a5694f26eee87e4c5\">\n                                        <button class=\"accordion-button collapsed\" type=\"button\" data-bs-toggle=\"collapse\" data-bs-target=\"#collapse-14-block_bf2720352ebede7a5694f26eee87e4c5\" aria-expanded=\"false\" aria-controls=\"collapse-14-block_bf2720352ebede7a5694f26eee87e4c5\">\n                                                                                        Ist die Grotte f\u00fcr Kinderwagen\/(elektrische) Rollst\u00fchle\/Rollatoren zug\u00e4nglich?                                        <\/button>\n                                    <\/h2>\n                                    <div id=\"collapse-14-block_bf2720352ebede7a5694f26eee87e4c5\" class=\"accordion-collapse collapse\" aria-labelledby=\"heading-14-block_bf2720352ebede7a5694f26eee87e4c5\" data-bs-parent=\"#accordionExample-block_bf2720352ebede7a5694f26eee87e4c5\">\n                                        <div class=\"accordion-body\">\n                                            <p>Alle F\u00fchrungen sind f\u00fcr Besucher mit eingeschr\u00e4nkter Mobilit\u00e4t zug\u00e4nglich. F\u00fcr die F\u00fchrung mit dem Zug musst du jedoch ein kurzes St\u00fcck selbstst\u00e4ndig laufen und eine kleine Stufe \u00fcberwinden k\u00f6nnen, um in den Zug einzusteigen. Kinderwagen, (elektrische) Rollst\u00fchle und Rollatoren d\u00fcrfen nicht mit in den Zug genommen werden; diese k\u00f6nnen am Abfahrtsort zur\u00fcckgelassen werden. Bei der F\u00fchrung zu Fu\u00df legst du etwa eineinhalb Kilometer zur\u00fcck, verteilt auf 60 Minuten. Es gibt einige H\u00f6henunterschiede. W\u00e4hrend der F\u00fchrung gibt es keine Treppen.<\/p>\n                                        <\/div>\n                                    <\/div>\n                                <\/div>\n                                                                <div class=\"accordion-item\">\n                                    <h2 class=\"accordion-header\" id=\"heading-15-block_bf2720352ebede7a5694f26eee87e4c5\">\n                                        <button class=\"accordion-button collapsed\" type=\"button\" data-bs-toggle=\"collapse\" data-bs-target=\"#collapse-15-block_bf2720352ebede7a5694f26eee87e4c5\" aria-expanded=\"false\" aria-controls=\"collapse-15-block_bf2720352ebede7a5694f26eee87e4c5\">\n                                                                                        Sind (Haus-)Tiere erlaubt?                                        <\/button>\n                                    <\/h2>\n                                    <div id=\"collapse-15-block_bf2720352ebede7a5694f26eee87e4c5\" class=\"accordion-collapse collapse\" aria-labelledby=\"heading-15-block_bf2720352ebede7a5694f26eee87e4c5\" data-bs-parent=\"#accordionExample-block_bf2720352ebede7a5694f26eee87e4c5\">\n                                        <div class=\"accordion-body\">\n                                            <p>Haustiere sind in der Gemeindegrotte nicht erlaubt.<\/p>\n                                        <\/div>\n                                    <\/div>\n                                <\/div>\n                                                                <div class=\"accordion-item\">\n                                    <h2 class=\"accordion-header\" id=\"heading-16-block_bf2720352ebede7a5694f26eee87e4c5\">\n                                        <button class=\"accordion-button collapsed\" type=\"button\" data-bs-toggle=\"collapse\" data-bs-target=\"#collapse-16-block_bf2720352ebede7a5694f26eee87e4c5\" aria-expanded=\"false\" aria-controls=\"collapse-16-block_bf2720352ebede7a5694f26eee87e4c5\">\n                                                                                        Wir reisen mit einem Reisebus an. Gibt es irgendwo Parkm\u00f6glichkeiten?                                        <\/button>\n                                    <\/h2>\n                                    <div id=\"collapse-16-block_bf2720352ebede7a5694f26eee87e4c5\" class=\"accordion-collapse collapse\" aria-labelledby=\"heading-16-block_bf2720352ebede7a5694f26eee87e4c5\" data-bs-parent=\"#accordionExample-block_bf2720352ebede7a5694f26eee87e4c5\">\n                                        <div class=\"accordion-body\">\n                                            <p>Es ist erlaubt, die G\u00e4ste am Eingang in der Cauberg 4 ein- und aussteigen zu lassen. Anschlie\u00dfend muss der Bus auf einem der daf\u00fcr vorgesehenen Busparkpl\u00e4tze im Zentrum geparkt werden.<\/p>\n                                        <\/div>\n                                    <\/div>\n                                <\/div>\n                                                                <div class=\"accordion-item\">\n                                    <h2 class=\"accordion-header\" id=\"heading-17-block_bf2720352ebede7a5694f26eee87e4c5\">\n                                        <button class=\"accordion-button collapsed\" type=\"button\" data-bs-toggle=\"collapse\" data-bs-target=\"#collapse-17-block_bf2720352ebede7a5694f26eee87e4c5\" aria-expanded=\"false\" aria-controls=\"collapse-17-block_bf2720352ebede7a5694f26eee87e4c5\">\n                                                                                        Wo kann ich mein Auto parken?                                        <\/button>\n                                    <\/h2>\n                                    <div id=\"collapse-17-block_bf2720352ebede7a5694f26eee87e4c5\" class=\"accordion-collapse collapse\" aria-labelledby=\"heading-17-block_bf2720352ebede7a5694f26eee87e4c5\" data-bs-parent=\"#accordionExample-block_bf2720352ebede7a5694f26eee87e4c5\">\n                                        <div class=\"accordion-body\">\n                                            <p>In Valkenburg gibt es verschiedene Parkm\u00f6glichkeiten.<\/p>\n                                        <\/div>\n                                    <\/div>\n                                <\/div>\n                                                                <div class=\"accordion-item\">\n                                    <h2 class=\"accordion-header\" id=\"heading-18-block_bf2720352ebede7a5694f26eee87e4c5\">\n                                        <button class=\"accordion-button collapsed\" type=\"button\" data-bs-toggle=\"collapse\" data-bs-target=\"#collapse-18-block_bf2720352ebede7a5694f26eee87e4c5\" aria-expanded=\"false\" aria-controls=\"collapse-18-block_bf2720352ebede7a5694f26eee87e4c5\">\n                                                                                        Wir kommen mit einer Gruppe. Gibt es einen Gruppenrabatt?                                        <\/button>\n                                    <\/h2>\n                                    <div id=\"collapse-18-block_bf2720352ebede7a5694f26eee87e4c5\" class=\"accordion-collapse collapse\" aria-labelledby=\"heading-18-block_bf2720352ebede7a5694f26eee87e4c5\" data-bs-parent=\"#accordionExample-block_bf2720352ebede7a5694f26eee87e4c5\">\n                                        <div class=\"accordion-body\">\n                                            <p>F\u00fcr Gruppen ab 25 Personen gibt es Gruppenrabatte.<\/p>\n                                        <\/div>\n                                    <\/div>\n                                <\/div>\n                                                                <div class=\"accordion-item\">\n                                    <h2 class=\"accordion-header\" id=\"heading-19-block_bf2720352ebede7a5694f26eee87e4c5\">\n                                        <button class=\"accordion-button collapsed\" type=\"button\" data-bs-toggle=\"collapse\" data-bs-target=\"#collapse-19-block_bf2720352ebede7a5694f26eee87e4c5\" aria-expanded=\"false\" aria-controls=\"collapse-19-block_bf2720352ebede7a5694f26eee87e4c5\">\n                                                                                        Ich bin zu sp\u00e4t, kann ich noch dazukommen?                                        <\/button>\n                                    <\/h2>\n                                    <div id=\"collapse-19-block_bf2720352ebede7a5694f26eee87e4c5\" class=\"accordion-collapse collapse\" aria-labelledby=\"heading-19-block_bf2720352ebede7a5694f26eee87e4c5\" data-bs-parent=\"#accordionExample-block_bf2720352ebede7a5694f26eee87e4c5\">\n                                        <div class=\"accordion-body\">\n                                            <p>Alle unsere F\u00fchrungen beginnen p\u00fcnktlich. Daher ist es leider nicht m\u00f6glich, dass der Guide auf dich wartet. Melde dich bei deiner Ankunft beim Mitarbeiter an unserer Tageskasse. Du kannst dann an der n\u00e4chsten F\u00fchrung teilnehmen, bei der noch Pl\u00e4tze frei sind.<\/p>\n                                        <\/div>\n                                    <\/div>\n                                <\/div>\n                                                                <div class=\"accordion-item\">\n                                    <h2 class=\"accordion-header\" id=\"heading-20-block_bf2720352ebede7a5694f26eee87e4c5\">\n                                        <button class=\"accordion-button collapsed\" type=\"button\" data-bs-toggle=\"collapse\" data-bs-target=\"#collapse-20-block_bf2720352ebede7a5694f26eee87e4c5\" aria-expanded=\"false\" aria-controls=\"collapse-20-block_bf2720352ebede7a5694f26eee87e4c5\">\n                                                                                        Ich habe online Tickets gekauft, habe sie aber nicht erhalten.                                        <\/button>\n                                    <\/h2>\n                                    <div id=\"collapse-20-block_bf2720352ebede7a5694f26eee87e4c5\" class=\"accordion-collapse collapse\" aria-labelledby=\"heading-20-block_bf2720352ebede7a5694f26eee87e4c5\" data-bs-parent=\"#accordionExample-block_bf2720352ebede7a5694f26eee87e4c5\">\n                                        <div class=\"accordion-body\">\n                                            <p>\u00dcberpr\u00fcfe bitte, ob deine Tickets nicht im Spam-Ordner gelandet sind. Wenn sie nicht im Spam-Ordner sind und du sicher bist, dass die Zahlung geklappt hat, melde dich bitte bei uns. Das geht telefonisch unter: 043 60 122 71 oder per E-Mail: <a href=\"mailto:info@gemeentegrot.nl\">info@gemeentegrot.nl<\/a>. Teile uns bitte den Namen, das Datum, die Uhrzeit und die von dir gebuchte F\u00fchrung mit, dann helfen wir dir gerne weiter.<\/p>\n                                        <\/div>\n                                    <\/div>\n                                <\/div>\n                                                        <\/div>\n                                <\/div>\n        <\/div>\n    <\/div>\n<\/section>\n\n\n\n\n\n<section class=\"plans texture has-background-color-licht-beige  align wp-block-acf-plans\">\n    <div class=\"container\">\n        <div class=\"row justify-content-center\">\n            <div class=\"col-xxl-9 text-center col-lg-12 col-md-12 col-12\">\n                <div class=\"section-title\">\n                    <h2 class=\"display-2\">Plane deinen Besuch<\/h2><div class=\"section-intro\"><p>Hier findest du alle Informationen, die du brauchst, um einen abenteuerlichen Ausflug zur Gemeindegrotte zu planen. So erlebst du im Vorfeld keine \u00dcberraschungen \u2026 die heben wir uns f\u00fcr die Grotte selbst auf.<\/p>\n<\/div><div class=\"buttons\"><\/div>                <\/div>\n            <\/div>\n        <\/div>\n\n                    <div class=\"row\">\n                                <div class=\"col-xxl-4 col-lg-4 col-md-12 col-12\">\n                    <div class=\"box1\">\n                        <div class=\"imgbox\" style=\"background: url(https:\/\/gemeentegrot.nl\/wp-content\/uploads\/2026\/04\/Gemeentegrot-BrandinginMotion-LR-46-2-e1777025013114.jpg) 50% 50% no-repeat; background-size: cover;\">\n                            <div>\n                                <h3 class=\"display-3\">\u00d6ffnungszeiten<br><span>2026<\/span><\/h3>\n                            <\/div>\n                        <\/div>\n                                                <div class=\"content\">\n                                                        <div class=\"text\">\n                                <h3 class=\"display-3\">F\u00fchrungen mit dem Zug<\/h3>\n                                <p><p>Jeden Tag zu jeder vollen Stunde<br \/>\nvon 11:00 Uhr bis 16:00 Uhr<\/p>\n<\/p>\n                                <a href=\"https:\/\/gemeentegrot.nl\/de\/tickets\/\" class=\"btn btn-default\"> Tickets <i class=\"fa fa-angle-right\"><\/i><\/a>\n                            <\/div>\n                                                        <div class=\"text\">\n                                <h3 class=\"display-3\">F\u00fchrung zu Fu\u00df<\/h3>\n                                <p><p>Jeden Tag um 11:00 Uhr, 12:30 Uhr, 14:00 Uhr und 15:30 Uhr <\/p>\n<\/p>\n                                <a href=\"https:\/\/gemeentegrot.nl\/de\/tickets\/\" class=\"btn btn-default\"> Tickets <i class=\"fa fa-angle-right\"><\/i><\/a>\n                            <\/div>\n                                                    <\/div>\n                                            <\/div>\n                <\/div>\n                                                <div class=\"col-xxl-5 col-lg-4 col-md-6 col-12\">\n                    <div class=\"boxmiddle\">\n                        <h3 class=\"display-3\">Eintrittspreise<\/h3>\n                                                <div class=\"table-responsive\">\n                            <table class=\"table table-bordered\">\n                                <tbody>\n                                                                        <tr>\n                                        <td>Erwachsene<br><span>*Kasse 12,50 \u20ac<\/span><\/td>\n                                        <td>11,25 \u20ac<\/td>\n                                    <\/tr>\n                                                                        <tr>\n                                        <td>Kinder \u2028<br \/>\r\n(4 bis 11 Jahre)<br><span>*Kasse 10,00 \u20ac<\/span><\/td>\n                                        <td>8,75 \u20ac<\/td>\n                                    <\/tr>\n                                                                        <tr>\n                                        <td>Kinder <br \/>\r\n(bis 3 Jahre)<\/td>\n                                        <td>Kostenlos<\/td>\n                                    <\/tr>\n                                                                        <tr>\n                                        <td>Gruppenpreis*<br \/>\r\nErwachsene<br \/>\r\nKinder<br><span>*Ab 25 Personen<\/span><\/td>\n                                        <td>10,25 \u20ac<br \/>\r\n7,00 \u20ac<\/td>\n                                    <\/tr>\n                                                                        <tr>\n                                        <td>Kids Ranger Challenge-Paket<br><span>(An der Kasse erh\u00e4ltlich)<\/span><\/td>\n                                        <td>3,50 \u20ac<\/td>\n                                    <\/tr>\n                                                                    <\/tbody>\n                            <\/table>\n                        <\/div>\n                                                                            <a href=\"https:\/\/gemeentegrot.nl\/de\/tickets\/\" class=\"btn btn-default\"> Tickets <i class=\"fa fa-angle-right\"><\/i><\/a>\n                                            <\/div>\n                <\/div>\n                                                \n                <div class=\"col-xxl-3 d-block d-md-none d-lg-none d-xl-none d-xxl-none col-lg-4 col-md-6 col-12\">\n                    <div class=\"imgbox2 dark\" style=\"background: url(https:\/\/gemeentegrot.nl\/wp-content\/uploads\/2026\/04\/Gemeentegrot-Valkenburg-Map-LOS.png) 50% 50% no-repeat; background-size: cover;\">\n                        <div>\n                            <h3 class=\"display-3\">Lageplan<\/h3>\n                            <p><\/p>\n                                                                                                    <a href=\"\" class=\"btn btn-primary white\"> <i class=\"fa fa-angle-right\"><\/i><\/a>\n                                                                                        <\/div>\n                    <\/div>\n                <\/div>\n                                <div class=\"col-xxl-3 col-lg-4 col-md-6 col-12\">\n                    \n\n                                        <div class=\"imgbox2 d-lg-block\" style=\"background: url(https:\/\/gemeentegrot.nl\/wp-content\/uploads\/2026\/03\/plan-3.png) 50% 50% no-repeat; background-size: cover;\">\n                        <h3 class=\"display-3\">Geschenkgutschein<\/h3>\n                        <p>Verschenken Sie ein Abenteuer mit unserem Gutschein.<\/p>\n                                                                                    <a href=\"https:\/\/gemeentegrot.nl\/cadeaubonnen\/\" class=\"btn btn-primary white\">Meer informatie <i class=\"fa fa-angle-right\"><\/i><\/a>\n                                                                        <\/div>\n                                                                                        <div class=\"imgbox3 d-none d-lg-block\" style=\"background: url(https:\/\/gemeentegrot.nl\/wp-content\/uploads\/2026\/03\/plan-5.png) 50% 50% no-repeat; background-size: cover;\">\n                            <div>\n                                <h3 class=\"display-3\">Barrierefreiheit<\/h3>\n                                <p>Alle unsere F\u00fchrungen sind f\u00fcr Besucher mit eingeschr\u00e4nkter Mobilit\u00e4t zug\u00e4nglich.<\/p>\n                                                                                                            <a href=\"https:\/\/gemeentegrot.nl\/de\/kontakt\/\" class=\"btn btn-primary white\">Kontakt <i class=\"fa fa-angle-right\"><\/i><\/a>\n                                                                                                <\/div>\n                        <\/div>\n                                                                                    <div class=\"imgbox4 d-block d-md-none d-lg-none\" style=\"background: url(https:\/\/gemeentegrot.nl\/wp-content\/uploads\/2026\/04\/Gemeentegrot-BrandinginMotion-LR-175.jpg) 50% 50% no-repeat; background-size: cover;\">\n                        <div>\n                            <h3 class=\"display-3\">Zu beachten<\/h3>\n                            <p>Die Temperatur in der H\u00f6hle betr\u00e4gt 12 \u00b0C, bring also eine Jacke oder einen Pullover mit \u2026 auch im Sommer.<\/p>\n                                                    <\/div>\n                    <\/div>\n                                    <\/div>\n            <\/div>\n                        <div class=\"row\">\n                                                <div class=\"col-xxl-8 col-lg-8 col-md-12 col-12\">\n                    <div class=\"imgbox5\" style=\"background: url(https:\/\/gemeentegrot.nl\/wp-content\/uploads\/2026\/03\/plan-5.png) 50% 50% no-repeat; background-size: cover;\">\n                        <div>\n                            <h3 class=\"display-3\">Barrierefreiheit<\/h3>\n                            <p>Alle unsere F\u00fchrungen sind f\u00fcr Besucher mit eingeschr\u00e4nkter Mobilit\u00e4t zug\u00e4nglich.<\/p>\n                                                                                                <a href=\"https:\/\/gemeentegrot.nl\/de\/kontakt\/\" class=\"btn btn-primary white\">Kontakt <i class=\"fa fa-angle-right\"><\/i><\/a>\n                                                                                    <\/div>\n                    <\/div>\n                <\/div>\n            <\/div>\n            \n            <\/div>\n<\/section>\n\n\n<section class=\"contact texture has-background-color-licht-beige align wp-block-acf-contact\">\n    <div class=\"align\">\n        <div class=\"container\">\n            <div class=\"row justify-content-end\">\n                <div class=\"col-xxl-7 col-lg-7 col-md-7 col-12\">\n                    <div class=\"section-title\">\n                                                    <h2 class=\"display-2\">Kontakt<\/h2>                                                                            Hast du Fragen? Dann kontaktiere uns per Telefon oder E-Mail oder schau dir unsere h\u00e4ufig gestellten Fragen an, um schnelle Antworten zu erhalten.                        \n                                                                                    <div class=\"notes\">\n                                    <a href=\"mailto:gemeentegrot@valkenburg.nl\" target=\"\" class=\"contact-info-item\"><img decoding=\"async\" src=\"https:\/\/gemeentegrot.nl\/wp-content\/uploads\/2026\/04\/paper-plane-dark-1.svg\" alt=\"\" \/><span>gemeentegrot@valkenburg.nl<\/span><\/a><a href=\"tel:+3143-6012271\" target=\"\" class=\"contact-info-item\"><img decoding=\"async\" src=\"https:\/\/gemeentegrot.nl\/wp-content\/uploads\/2026\/04\/call-dark-1.svg\" alt=\"\" \/><span>043 601 2271<\/span><\/a><a href=\"http:\/\/de\/kontakt\/#faq\" target=\"\" class=\"contact-info-item\"><img decoding=\"async\" src=\"https:\/\/gemeentegrot.nl\/wp-content\/uploads\/2026\/04\/help-dark-1.svg\" alt=\"\" \/><span>H\u00e4ufig gestellte Fragen<\/span><\/a>                                <\/div>\n                                                                                                <\/div>\n                <\/div>\n            <\/div>\n        <\/div>\n    <\/div>\n            <img decoding=\"async\" class=\"w-100 contact-img d-none d-lg-inline-block d-md-inline-block\" src=\"https:\/\/gemeentegrot.nl\/wp-content\/uploads\/2026\/04\/Footer-afbeelding-mensen-stenen-V3.png\" alt=\"\" \/>\n                <img decoding=\"async\" class=\"w-100 contact-img d-inline-block d-lg-none d-md-none\" src=\"https:\/\/gemeentegrot.nl\/wp-content\/uploads\/2026\/04\/Footer-afbeelding-mensen-stenen-V3-mobile.png\" alt=\"\" \/>\n    <\/section>\n\n\n","protected":false},"excerpt":{"rendered":"","protected":false},"author":2,"featured_media":0,"parent":1329,"menu_order":3,"comment_status":"closed","ping_status":"closed","template":"","meta":{"_acf_changed":false,"footnotes":""},"class_list":["post-1422","page","type-page","status-publish","hentry"],"acf":[],"yoast_head":"<!-- This site is optimized with the Yoast SEO plugin v27.5 - https:\/\/yoast.com\/product\/yoast-seo-wordpress\/ -->\n<title>Zuflucht in der Gemeindegrotte - Gemeentegrot Valkenburg<\/title>\n<meta name=\"robots\" content=\"index, follow, max-snippet:-1, max-image-preview:large, max-video-preview:-1\" \/>\n<link rel=\"canonical\" href=\"https:\/\/gemeentegrot.nl\/de\/unsere-fuehrungen\/fuehrung-zuflucht-in-der-gemeindegrotte\/\" \/>\n<meta property=\"og:locale\" content=\"de_DE\" \/>\n<meta property=\"og:type\" content=\"article\" \/>\n<meta property=\"og:title\" content=\"Zuflucht in der Gemeindegrotte - Gemeentegrot Valkenburg\" \/>\n<meta property=\"og:url\" content=\"https:\/\/gemeentegrot.nl\/de\/unsere-fuehrungen\/fuehrung-zuflucht-in-der-gemeindegrotte\/\" \/>\n<meta property=\"og:site_name\" content=\"Gemeentegrot Valkenburg\" \/>\n<meta property=\"article:modified_time\" content=\"2026-04-28T12:20:26+00:00\" \/>\n<meta name=\"twitter:card\" content=\"summary_large_image\" \/>\n<meta name=\"twitter:label1\" content=\"Gesch\u00e4tzte Lesezeit\" \/>\n\t<meta name=\"twitter:data1\" content=\"6\u00a0Minuten\" \/>\n<script type=\"application\/ld+json\" class=\"yoast-schema-graph\">{\"@context\":\"https:\\\/\\\/schema.org\",\"@graph\":[{\"@type\":\"WebPage\",\"@id\":\"https:\\\/\\\/gemeentegrot.nl\\\/de\\\/unsere-fuehrungen\\\/fuehrung-zuflucht-in-der-gemeindegrotte\\\/\",\"url\":\"https:\\\/\\\/gemeentegrot.nl\\\/de\\\/unsere-fuehrungen\\\/fuehrung-zuflucht-in-der-gemeindegrotte\\\/\",\"name\":\"Zuflucht in der Gemeindegrotte - Gemeentegrot Valkenburg\",\"isPartOf\":{\"@id\":\"https:\\\/\\\/gemeentegrot.nl\\\/de\\\/#website\"},\"datePublished\":\"2026-04-16T10:39:40+00:00\",\"dateModified\":\"2026-04-28T12:20:26+00:00\",\"breadcrumb\":{\"@id\":\"https:\\\/\\\/gemeentegrot.nl\\\/de\\\/unsere-fuehrungen\\\/fuehrung-zuflucht-in-der-gemeindegrotte\\\/#breadcrumb\"},\"inLanguage\":\"de\",\"potentialAction\":[{\"@type\":\"ReadAction\",\"target\":[\"https:\\\/\\\/gemeentegrot.nl\\\/de\\\/unsere-fuehrungen\\\/fuehrung-zuflucht-in-der-gemeindegrotte\\\/\"]}]},{\"@type\":\"BreadcrumbList\",\"@id\":\"https:\\\/\\\/gemeentegrot.nl\\\/de\\\/unsere-fuehrungen\\\/fuehrung-zuflucht-in-der-gemeindegrotte\\\/#breadcrumb\",\"itemListElement\":[{\"@type\":\"ListItem\",\"position\":1,\"name\":\"Home\",\"item\":\"https:\\\/\\\/gemeentegrot.nl\\\/de\\\/\"},{\"@type\":\"ListItem\",\"position\":2,\"name\":\"Unsere F\u00fchrungen\",\"item\":\"https:\\\/\\\/gemeentegrot.nl\\\/de\\\/unsere-fuehrungen\\\/\"},{\"@type\":\"ListItem\",\"position\":3,\"name\":\"Zuflucht in der Gemeindegrotte\"}]},{\"@type\":\"WebSite\",\"@id\":\"https:\\\/\\\/gemeentegrot.nl\\\/de\\\/#website\",\"url\":\"https:\\\/\\\/gemeentegrot.nl\\\/de\\\/\",\"name\":\"Gemeentegrot Valkenburg\",\"description\":\"\",\"potentialAction\":[{\"@type\":\"SearchAction\",\"target\":{\"@type\":\"EntryPoint\",\"urlTemplate\":\"https:\\\/\\\/gemeentegrot.nl\\\/de\\\/?s={search_term_string}\"},\"query-input\":{\"@type\":\"PropertyValueSpecification\",\"valueRequired\":true,\"valueName\":\"search_term_string\"}}],\"inLanguage\":\"de\"}]}<\/script>\n<!-- \/ Yoast SEO plugin. -->","yoast_head_json":{"title":"Zuflucht in der Gemeindegrotte - Gemeentegrot Valkenburg","robots":{"index":"index","follow":"follow","max-snippet":"max-snippet:-1","max-image-preview":"max-image-preview:large","max-video-preview":"max-video-preview:-1"},"canonical":"https:\/\/gemeentegrot.nl\/de\/unsere-fuehrungen\/fuehrung-zuflucht-in-der-gemeindegrotte\/","og_locale":"de_DE","og_type":"article","og_title":"Zuflucht in der Gemeindegrotte - Gemeentegrot Valkenburg","og_url":"https:\/\/gemeentegrot.nl\/de\/unsere-fuehrungen\/fuehrung-zuflucht-in-der-gemeindegrotte\/","og_site_name":"Gemeentegrot Valkenburg","article_modified_time":"2026-04-28T12:20:26+00:00","twitter_card":"summary_large_image","twitter_misc":{"Gesch\u00e4tzte Lesezeit":"6\u00a0Minuten"},"schema":{"@context":"https:\/\/schema.org","@graph":[{"@type":"WebPage","@id":"https:\/\/gemeentegrot.nl\/de\/unsere-fuehrungen\/fuehrung-zuflucht-in-der-gemeindegrotte\/","url":"https:\/\/gemeentegrot.nl\/de\/unsere-fuehrungen\/fuehrung-zuflucht-in-der-gemeindegrotte\/","name":"Zuflucht in der Gemeindegrotte - Gemeentegrot Valkenburg","isPartOf":{"@id":"https:\/\/gemeentegrot.nl\/de\/#website"},"datePublished":"2026-04-16T10:39:40+00:00","dateModified":"2026-04-28T12:20:26+00:00","breadcrumb":{"@id":"https:\/\/gemeentegrot.nl\/de\/unsere-fuehrungen\/fuehrung-zuflucht-in-der-gemeindegrotte\/#breadcrumb"},"inLanguage":"de","potentialAction":[{"@type":"ReadAction","target":["https:\/\/gemeentegrot.nl\/de\/unsere-fuehrungen\/fuehrung-zuflucht-in-der-gemeindegrotte\/"]}]},{"@type":"BreadcrumbList","@id":"https:\/\/gemeentegrot.nl\/de\/unsere-fuehrungen\/fuehrung-zuflucht-in-der-gemeindegrotte\/#breadcrumb","itemListElement":[{"@type":"ListItem","position":1,"name":"Home","item":"https:\/\/gemeentegrot.nl\/de\/"},{"@type":"ListItem","position":2,"name":"Unsere F\u00fchrungen","item":"https:\/\/gemeentegrot.nl\/de\/unsere-fuehrungen\/"},{"@type":"ListItem","position":3,"name":"Zuflucht in der Gemeindegrotte"}]},{"@type":"WebSite","@id":"https:\/\/gemeentegrot.nl\/de\/#website","url":"https:\/\/gemeentegrot.nl\/de\/","name":"Gemeentegrot Valkenburg","description":"","potentialAction":[{"@type":"SearchAction","target":{"@type":"EntryPoint","urlTemplate":"https:\/\/gemeentegrot.nl\/de\/?s={search_term_string}"},"query-input":{"@type":"PropertyValueSpecification","valueRequired":true,"valueName":"search_term_string"}}],"inLanguage":"de"}]}},"_links":{"self":[{"href":"https:\/\/gemeentegrot.nl\/de\/wp-json\/wp\/v2\/pages\/1422","targetHints":{"allow":["GET"]}}],"collection":[{"href":"https:\/\/gemeentegrot.nl\/de\/wp-json\/wp\/v2\/pages"}],"about":[{"href":"https:\/\/gemeentegrot.nl\/de\/wp-json\/wp\/v2\/types\/page"}],"author":[{"embeddable":true,"href":"https:\/\/gemeentegrot.nl\/de\/wp-json\/wp\/v2\/users\/2"}],"replies":[{"embeddable":true,"href":"https:\/\/gemeentegrot.nl\/de\/wp-json\/wp\/v2\/comments?post=1422"}],"version-history":[{"count":6,"href":"https:\/\/gemeentegrot.nl\/de\/wp-json\/wp\/v2\/pages\/1422\/revisions"}],"predecessor-version":[{"id":2662,"href":"https:\/\/gemeentegrot.nl\/de\/wp-json\/wp\/v2\/pages\/1422\/revisions\/2662"}],"up":[{"embeddable":true,"href":"https:\/\/gemeentegrot.nl\/de\/wp-json\/wp\/v2\/pages\/1329"}],"wp:attachment":[{"href":"https:\/\/gemeentegrot.nl\/de\/wp-json\/wp\/v2\/media?parent=1422"}],"curies":[{"name":"wp","href":"https:\/\/api.w.org\/{rel}","templated":true}]}}