{"id":1487,"date":"2026-03-04T14:13:34","date_gmt":"2026-03-04T14:13:34","guid":{"rendered":"https:\/\/gemeentegrot.nl\/?page_id=1487"},"modified":"2026-04-29T07:40:02","modified_gmt":"2026-04-29T07:40:02","slug":"home","status":"publish","type":"page","link":"https:\/\/gemeentegrot.nl\/de\/","title":{"rendered":"Home"},"content":{"rendered":"    <div class=\"loader-wrapper\">\n        <img decoding=\"async\" class=\"left\" src=\"https:\/\/gemeentegrot.nl\/wp-content\/themes\/gemeentegrotvalkenburg\/assets\/img\/animation-left.png\" alt=\"\" aria-hidden=\"true\" \/>\n        <img decoding=\"async\" class=\"top\" src=\"https:\/\/gemeentegrot.nl\/wp-content\/themes\/gemeentegrotvalkenburg\/assets\/img\/animation-top.png\" alt=\"\" aria-hidden=\"true\" \/>\n        <img decoding=\"async\" class=\"right\" src=\"https:\/\/gemeentegrot.nl\/wp-content\/themes\/gemeentegrotvalkenburg\/assets\/img\/animation-right.png\" alt=\"\" aria-hidden=\"true\" \/>\n        <img decoding=\"async\" class=\"bottom\" src=\"https:\/\/gemeentegrot.nl\/wp-content\/themes\/gemeentegrotvalkenburg\/assets\/img\/animation-bottom.png\" alt=\"\" aria-hidden=\"true\" \/>\n    <\/div>\n<section class=\"banner  hide-cave-animation align wp-block-acf-banner\" style=\"background: url(https:\/\/gemeentegrot.nl\/wp-content\/uploads\/2026\/03\/bg-banner.png) 50% 50% no-repeat; background-size: cover;\">\n    \n    <div class=\"container\">\n                <div class=\"row d-none d-lg-flex d-md-flex justify-content-center\">\n            <div class=\"col-xxl-5 text-center col-lg-7 col-md-12 col-12 pb-5 pb-lg-0\">\n                <h1 class=\"display-1\">Was du nicht <span>siehst<\/span>, wartet<br\/> darauf, entdeckt <br\/>zu werden.<\/h1><p>Von au\u00dfen sieht man nicht, was eine Grotte verbirgt. Doch wer einen Schritt hineinmacht, betritt eine Welt, in der die W\u00e4nde fl\u00fcstern. Geschichte um Geschichte. Schicht um Schicht. Wir erz\u00e4hlen diese wahre Geschichte, damit die Vergangenheit in der Zukunft weiterlebt.<\/p>\n                    <div class=\"buttons justify-content-center\">\n                                                        <a href=\"https:\/\/gemeentegrot.nl\/de\/tickets\/\"\n                                   class=\"btn btn-default\"\n                                   target=\"\">\n                                    Tickets<i class=\"fa fa-angle-right\"><\/i>\n                                <\/a>\n                                                                        <\/div>\n                \n                \n            <\/div>\n        <\/div>\n        \n        <div class=\"row d-flex d-lg-none d-md-none justify-content-center\">\n            <div class=\"col-xxl-5 text-center col-lg-12 col-md-12 col-10\">\n                <div class=\"text-wrapper\">\n                <h1 class=\"display-1\">Was du nicht <span>siehst<\/span>, wartet<br\/> darauf, entdeckt <br\/>zu werden.<\/h1><p>Von au\u00dfen sieht man nicht, was eine Grotte verbirgt. Doch wer einen Schritt hineinmacht, betritt eine Welt, in der die W\u00e4nde fl\u00fcstern. Geschichte um Geschichte. Schicht um Schicht. Wir erz\u00e4hlen diese wahre Geschichte, damit die Vergangenheit in der Zukunft weiterlebt.<\/p>\n  \n                                    <div class=\"buttons justify-content-center\">\n                                                        <a href=\"https:\/\/gemeentegrot.nl\/de\/tickets\/\"\n                                   class=\"btn btn-default\"\n                                   target=\"\">\n                                    Tickets <i class=\"fa fa-angle-right\"><\/i>\n                                <\/a>\n                                                                        <\/div>\n                                <\/div>\n            <\/div>\n        <\/div>\n    <\/div>\n    <img decoding=\"async\" class=\"art\" src=\"https:\/\/gemeentegrot.nl\/wp-content\/themes\/gemeentegrotvalkenburg\/assets\/img\/banner-art.png\" alt=\"\" \/>\n    <div class=\"texture\"><\/div>\n<\/section>\n\n\n<section class=\"text-carousel slider texture  align wp-block-acf-textcarousel\">\n    <div class=\"container-fluid\">\n        <div class=\"row\">\n            <div class=\"col-xxl-12 p-0 col-lg-12 col-md-12 col-12\">\n                <div class=\"owl-carousel owl-theme slider-carousel\">\n                                                                    <div class=\"item\">\n                            <div class=\"bg\" style=\"background: url(https:\/\/gemeentegrot.nl\/wp-content\/uploads\/2026\/03\/slider-bg-1.png) 50% 50% no-repeat; background-size: cover;\">\n                                <div>\n                                                                            <img decoding=\"async\" src=\"https:\/\/gemeentegrot.nl\/wp-content\/uploads\/2026\/03\/slider-icon-1.png\" alt=\"Echte und ehrliche Geschichten\" \/>\n                                                                                                                <!-- Debug: heading_level= display_class=display-3 -->\n                                        <h3 class=\"display-3\">Echte und ehrliche Geschichten<\/h3>\n                                                                    <\/div>\n                            <\/div>\n                        <\/div>\n                                                <div class=\"item\">\n                            <div class=\"bg\" style=\"background: url(https:\/\/gemeentegrot.nl\/wp-content\/uploads\/2026\/03\/slider-bg-2.png) 50% 50% no-repeat; background-size: cover;\">\n                                <div>\n                                                                            <img decoding=\"async\" src=\"https:\/\/gemeentegrot.nl\/wp-content\/uploads\/2026\/03\/slider-icon-2.png\" alt=\"Echtes historisches Erbe\" \/>\n                                                                                                                <!-- Debug: heading_level= display_class=display-3 -->\n                                        <h3 class=\"display-3\">Echtes historisches Erbe<\/h3>\n                                                                    <\/div>\n                            <\/div>\n                        <\/div>\n                                                <div class=\"item\">\n                            <div class=\"bg\" style=\"background: url(https:\/\/gemeentegrot.nl\/wp-content\/uploads\/2026\/03\/slider-bg-3.png) 50% 50% no-repeat; background-size: cover;\">\n                                <div>\n                                                                            <img decoding=\"async\" src=\"https:\/\/gemeentegrot.nl\/wp-content\/uploads\/2026\/03\/slider-icon-3.png\" alt=\"Leidenschaftliche Guides\" \/>\n                                                                                                                <!-- Debug: heading_level= display_class=display-3 -->\n                                        <h3 class=\"display-3\">Leidenschaftliche Guides<\/h3>\n                                                                    <\/div>\n                            <\/div>\n                        <\/div>\n                                                <div class=\"item\">\n                            <div class=\"bg\" style=\"background: url(https:\/\/gemeentegrot.nl\/wp-content\/uploads\/2026\/03\/slider-bg-4.png) 50% 50% no-repeat; background-size: cover;\">\n                                <div>\n                                                                            <img decoding=\"async\" src=\"https:\/\/gemeentegrot.nl\/wp-content\/uploads\/2026\/03\/slider-icon-4.png\" alt=\"Einzigartiges Zugerlebnis\" \/>\n                                                                                                                <!-- Debug: heading_level= display_class=display-3 -->\n                                        <h3 class=\"display-3\">Einzigartiges Zugerlebnis<\/h3>\n                                                                    <\/div>\n                            <\/div>\n                        <\/div>\n                                                <div class=\"item\">\n                            <div class=\"bg\" style=\"background: url(https:\/\/gemeentegrot.nl\/wp-content\/uploads\/2026\/04\/img-map.png) 50% 50% no-repeat; background-size: cover;\">\n                                <div>\n                                                                            <img decoding=\"async\" src=\"https:\/\/gemeentegrot.nl\/wp-content\/uploads\/2026\/04\/110-Hectare.png\" alt=\"110 Hektar Tunnelnetz\" \/>\n                                                                                                                <!-- Debug: heading_level= display_class=display-3 -->\n                                        <h3 class=\"display-3\">110 Hektar Tunnelnetz<\/h3>\n                                                                    <\/div>\n                            <\/div>\n                        <\/div>\n                                                <div class=\"item\">\n                            <div class=\"bg\" style=\"background: url(https:\/\/gemeentegrot.nl\/wp-content\/uploads\/2026\/04\/imgi_33_kimroufs_JR_gemeentegrot_mei2021-19-scaled-1.jpeg) 50% 50% no-repeat; background-size: cover;\">\n                                <div>\n                                                                            <img decoding=\"async\" src=\"https:\/\/gemeentegrot.nl\/wp-content\/uploads\/2026\/04\/Google-review.png\" alt=\"4,3 bei Google-Bewertungen\" \/>\n                                                                                                                <!-- Debug: heading_level= display_class=display-3 -->\n                                        <h3 class=\"display-3\">4,3 bei Google-Bewertungen<\/h3>\n                                                                    <\/div>\n                            <\/div>\n                        <\/div>\n                                                <div class=\"item\">\n                            <div class=\"bg\" style=\"background: url(https:\/\/gemeentegrot.nl\/wp-content\/uploads\/2026\/03\/plan-6-e1776242412198.png) 50% 50% no-repeat; background-size: cover;\">\n                                <div>\n                                                                            <img decoding=\"async\" src=\"https:\/\/gemeentegrot.nl\/wp-content\/uploads\/2026\/04\/Toegankelijkheid.png\" alt=\"F\u00fcr alle zug\u00e4nglich\" \/>\n                                                                                                                <!-- Debug: heading_level= display_class=display-3 -->\n                                        <h3 class=\"display-3\">F\u00fcr alle zug\u00e4nglich<\/h3>\n                                                                    <\/div>\n                            <\/div>\n                        <\/div>\n                                                            <\/div>\n                            <\/div>\n        <\/div>\n    <\/div>\n<\/section>\n\n\n<section class=\"discovery homepage texture  align wp-block-acf-discovery\">\n    <div class=\"container\">\n        <div class=\"row justify-content-center\">\n            <div class=\"col-xxl-6 text-center col-lg-8 col-md-12 col-12 \">\n                <div class=\"section-title\">\n                    <h2 class=\"display-2\">Die F\u00fchrungen<\/h2><p>Begib dich mit unseren begeisterten Guides auf ein Abenteuer durch die Gemeindegrotte. Erkunde die jahrhundertealten G\u00e4nge zu Fu\u00df oder mit dem Zug, entdecke die Verstecke aus dem Kalten Krieg und dem Zweiten Weltkrieg oder tauche ein in die Radsportgalerie.<\/p>\n                                            <div class=\"buttons justify-content-center\">\n                                                                <a href=\"https:\/\/gemeentegrot.nl\/de\/unsere-fuehrungen\/\"\n                                       class=\"btn btn-primary\"\n                                       target=\"\">\n                                        Unsere F\u00fchrungen <i class=\"fa fa-angle-right\"><\/i>\n                                    <\/a>\n                                                                    <a href=\"https:\/\/gemeentegrot.nl\/de\/tickets\/\"\n                                       class=\"btn btn-default\"\n                                       target=\"\">\n                                        Tickets <i class=\"fa fa-angle-right\"><\/i>\n                                    <\/a>\n                                                        <\/div>\n                                    <\/div>\n            <\/div>\n        <\/div>\n                <div class=\"row d-none d-lg-flex d-md-flex justify-content-center\">\n            <div class=\"col-xxl-6 col-lg-6 col-md-12 col-12 order-lg-1 order-md-1 order-1\">\n                <div class=\"row\">\n                    <div class=\"col-xxl-12 col-lg-12 col-md-12 col-12\">\n                                                <div class=\"bg\" style=\"background: url(https:\/\/gemeentegrot.nl\/wp-content\/uploads\/2026\/04\/Gemeentegrot-BrandinginMotion-LR-128.jpg) 50% 50% no-repeat; background-size: cover;\">\n                            <div>\n                                <h3 class=\"display-3\">F\u00fchrung zu Fu\u00df<\/h3><p>Komm mit auf eine Reise, schlendere durch die jahrhundertealten G\u00e4nge und sp\u00fcre den Atem derer, die einst hier lebten.<\/p>                                    <div class=\"buttons\">\n                                                                                        <a href=\"https:\/\/gemeentegrot.nl\/de\/unsere-fuehrungen\/\"\n                                                   class=\"btn btn-primary white\"\n                                                   target=\"\">\n                                                    Mehr Info <i class=\"fa fa-angle-right\"><\/i>\n                                                <\/a>\n                                                                                            <a href=\"https:\/\/gemeentegrot.nl\/de\/tickets\/\"\n                                                   class=\"btn btn-default\"\n                                                   target=\"\">\n                                                    Tickets <i class=\"fa fa-angle-right\"><\/i>\n                                                <\/a>\n                                                                                <\/div>\n                                                            <\/div>\n                        <\/div>\n                                            <\/div>\n                <\/div>\n                <div class=\"row\">\n                                        <div class=\"col-xxl-6 col-lg-6 col-md-6 col-12\">\n                        <div class=\"bg two\" style=\"background: url(https:\/\/gemeentegrot.nl\/wp-content\/uploads\/2026\/04\/Gemeentegrot-BrandinginMotion-LR-189.jpg) 50% 50% no-repeat; background-size: cover;\">\n                                                        <div>\n                                <h3 class=\"display-3\">Die Geschichte des Radsports<\/h3><p>Entdecke die Highlights aus der Welt des Radsports.<\/p>                                    <div class=\"buttons\">\n                                                                                        <a href=\"https:\/\/gemeentegrot.nl\/de\/geschichten-der-grotte\/radsport\/\"\n                                                   class=\"btn btn-primary white\"\n                                                   target=\"\">\n                                                    Mehr Info <i class=\"fa fa-angle-right\"><\/i>\n                                                <\/a>\n                                                                                <\/div>\n                                                            <\/div>\n                        <\/div>\n                    <\/div>\n                                        <div class=\"col-xxl-6 col-lg-6 col-md-6 col-12\">\n                        <div class=\"bg two\" style=\"background: url(https:\/\/gemeentegrot.nl\/wp-content\/uploads\/2026\/04\/Gemeentegrot-BrandinginMotion-LR-1-1.jpg) 50% 50% no-repeat; background-size: cover;\">\n                                                        <div>\n                                <h3 class=\"display-3\">Zuflucht in der Gemeindegrotte<\/h3><p>Entdecke die Schutzr\u00e4ume aus dem Kalten Krieg und dem Zweiten Weltkrieg.<\/p>                                    <div class=\"buttons\">\n                                                                                        <a href=\"https:\/\/gemeentegrot.nl\/de\/unsere-fuehrungen\/fuehrung-zuflucht-in-der-gemeindegrotte\/\"\n                                                   class=\"btn btn-primary white\"\n                                                   target=\"\">\n                                                    Mehr Info <i class=\"fa fa-angle-right\"><\/i>\n                                                <\/a>\n                                                                                <\/div>\n                                                            <\/div>\n                        <\/div>\n                    <\/div>\n                                    <\/div>\n            <\/div>\n            <div class=\"col-xxl-6 col-lg-6 col-md-12 col-12 order-lg-2 order-md-2 order-2\">\n                <div class=\"row\">\n                    <div class=\"col-xxl-12 col-lg-12 col-md-12 col-12\">\n                                                <div class=\"bg full\" style=\"background: url(https:\/\/gemeentegrot.nl\/wp-content\/uploads\/2026\/04\/Gemeentegrot-BrandinginMotion-LR-139.jpg) 50% 50% no-repeat; background-size: cover;\">\n                            <div>\n                                <h3 class=\"display-3\">F\u00fchrung mit dem Zug<\/h3><p>Erlebe die Geschichte und lass dich von der Vergangenheit zum Herzen des Caubergs entf\u00fchren.<\/p>                                    <div class=\"buttons\">\n                                                                                        <a href=\"https:\/\/gemeentegrot.nl\/de\/unsere-fuehrungen\/fuehrung-mit-dem-zug\/\"\n                                                   class=\"btn btn-primary white\"\n                                                   target=\"\">\n                                                    Mehr Info <i class=\"fa fa-angle-right\"><\/i>\n                                                <\/a>\n                                                                                            <a href=\"https:\/\/gemeentegrot.nl\/de\/tickets\/\"\n                                                   class=\"btn btn-default\"\n                                                   target=\"\">\n                                                    Tickets <i class=\"fa fa-angle-right\"><\/i>\n                                                <\/a>\n                                                                                <\/div>\n                                                            <\/div>\n                        <\/div>\n                                            <\/div>\n                <\/div>\n            <\/div>\n        <\/div>\n        <div class=\"row d-flex d-lg-none d-md-none justify-content-center\">\n            <div class=\"col-xxl-12 pe-0 col-lg-12 col-md-12 col-12\">\n                <div class=\"owl-carousel owl-theme discovery-mobile-carousel\">\n                                            <div class=\"item\">\n                            <div class=\"bg\" style=\"background: url(https:\/\/gemeentegrot.nl\/wp-content\/uploads\/2026\/04\/Gemeentegrot-BrandinginMotion-LR-128.jpg) 50% 50% no-repeat; background-size: cover;\">\n                                                                <div>\n                                    <h3 class=\"display-3\">F\u00fchrung zu Fu\u00df<\/h3><p>Komm mit auf eine Reise, schlendere durch die jahrhundertealten G\u00e4nge und sp\u00fcre den Atem derer, die einst hier lebten.<\/p>                                        <div class=\"buttons\">\n                                                                                                <a href=\"https:\/\/gemeentegrot.nl\/de\/unsere-fuehrungen\/\"\n                                                       class=\"btn btn-primary white\"\n                                                       target=\"\">\n                                                        Mehr Info <i class=\"fa fa-angle-right\"><\/i>\n                                                    <\/a>\n                                                                                                    <a href=\"https:\/\/gemeentegrot.nl\/de\/tickets\/\"\n                                                       class=\"btn btn-default\"\n                                                       target=\"\">\n                                                        Tickets <i class=\"fa fa-angle-right\"><\/i>\n                                                    <\/a>\n                                                                                        <\/div>\n                                                                    <\/div>\n                            <\/div>\n                        <\/div>\n                                            <div class=\"item\">\n                            <div class=\"bg\" style=\"background: url(https:\/\/gemeentegrot.nl\/wp-content\/uploads\/2026\/04\/Gemeentegrot-BrandinginMotion-LR-189.jpg) 50% 50% no-repeat; background-size: cover;\">\n                                                                <div>\n                                    <h3 class=\"display-3\">Die Geschichte des Radsports<\/h3><p>Entdecke die Highlights aus der Welt des Radsports.<\/p>                                        <div class=\"buttons\">\n                                                                                                <a href=\"https:\/\/gemeentegrot.nl\/de\/geschichten-der-grotte\/radsport\/\"\n                                                       class=\"btn btn-primary white\"\n                                                       target=\"\">\n                                                        Mehr Info <i class=\"fa fa-angle-right\"><\/i>\n                                                    <\/a>\n                                                                                        <\/div>\n                                                                    <\/div>\n                            <\/div>\n                        <\/div>\n                                            <div class=\"item\">\n                            <div class=\"bg\" style=\"background: url(https:\/\/gemeentegrot.nl\/wp-content\/uploads\/2026\/04\/Gemeentegrot-BrandinginMotion-LR-1-1.jpg) 50% 50% no-repeat; background-size: cover;\">\n                                                                <div>\n                                    <h3 class=\"display-3\">Zuflucht in der Gemeindegrotte<\/h3><p>Entdecke die Schutzr\u00e4ume aus dem Kalten Krieg und dem Zweiten Weltkrieg.<\/p>                                        <div class=\"buttons\">\n                                                                                                <a href=\"https:\/\/gemeentegrot.nl\/de\/unsere-fuehrungen\/fuehrung-zuflucht-in-der-gemeindegrotte\/\"\n                                                       class=\"btn btn-primary white\"\n                                                       target=\"\">\n                                                        Mehr Info <i class=\"fa fa-angle-right\"><\/i>\n                                                    <\/a>\n                                                                                        <\/div>\n                                                                    <\/div>\n                            <\/div>\n                        <\/div>\n                                            <div class=\"item\">\n                            <div class=\"bg\" style=\"background: url(https:\/\/gemeentegrot.nl\/wp-content\/uploads\/2026\/04\/Gemeentegrot-BrandinginMotion-LR-139.jpg) 50% 50% no-repeat; background-size: cover;\">\n                                                                <div>\n                                    <h3 class=\"display-3\">F\u00fchrung mit dem Zug<\/h3><p>Erlebe die Geschichte und lass dich von der Vergangenheit zum Herzen des Caubergs entf\u00fchren.<\/p>                                        <div class=\"buttons\">\n                                                                                                <a href=\"https:\/\/gemeentegrot.nl\/de\/unsere-fuehrungen\/fuehrung-mit-dem-zug\/\"\n                                                       class=\"btn btn-primary white\"\n                                                       target=\"\">\n                                                        Mehr Info <i class=\"fa fa-angle-right\"><\/i>\n                                                    <\/a>\n                                                                                                    <a href=\"https:\/\/gemeentegrot.nl\/de\/tickets\/\"\n                                                       class=\"btn btn-default\"\n                                                       target=\"\">\n                                                        Tickets <i class=\"fa fa-angle-right\"><\/i>\n                                                    <\/a>\n                                                                                        <\/div>\n                                                                    <\/div>\n                            <\/div>\n                        <\/div>\n                                    <\/div>\n            <\/div>\n            <div class=\"col-xxl-12 text-end col-lg-12 col-md-12 col-12\">\n                <div class=\"custom-arrow-align mt-3\">\n                    <div class=\"center-block\">\n                        <div class=\"custom-pagination-discovery-mobile custom-pager\">\n                            <span class=\"current\">1<\/span> \/ <span class=\"total\">1<\/span>\n                        <\/div>\n                    <\/div>\n                    <div class=\"custom-nav mt-2 owl-theme\">\n                    <\/div>\n                <\/div>\n            <\/div>\n        <\/div>\n            <\/div>\n<\/section>\n\n\n<section class=\"discovery-image discovery-stories texture has-background-color-licht-beige align wp-block-acf-discoveryimage\">\n    <div class=\"container\">\n        <div class=\"row justify-content-center\">\n            <div class=\"col-xxl-9 text-center col-lg-9 col-md-12 col-12\">\n                <div class=\"section-title\">\n                    <h2 class=\"display-2\">Entdecke die wahren Geschichten der Grotte<\/h2>                <\/div>\n            <\/div>\n        <\/div>\n        <div class=\"row\">\n            <div class=\"col-xxl-12 pe-0 pe-lg-4 pe-md-4 col-lg-12 col-md-12 col-12\">\n                <div class=\"owl-carousel owl-theme info-carousel\">\n                                        <div class=\"item\">\n                        <div class=\"imgbox\">\n                                                            <img decoding=\"async\" src=\"https:\/\/gemeentegrot.nl\/wp-content\/uploads\/2026\/03\/img-story.png\" alt=\"\" \/>\n                                                                                    <div class=\"infobtn\" style=\"top: 50%; left: 10%;\">\n                                <a class=\"tooltip-anchor\">\n                                    <img decoding=\"async\" src=\"https:\/\/gemeentegrot.nl\/wp-content\/themes\/gemeentegrotvalkenburg\/assets\/img\/info.png\" alt=\"\" aria-hidden=\"true\" \/>\n                                <\/a>\n                                <div class=\"infodiv d-none\">\n                                    <img decoding=\"async\" src=\"https:\/\/gemeentegrot.nl\/wp-content\/themes\/gemeentegrotvalkenburg\/assets\/img\/info2.png\" alt=\"\" aria-hidden=\"true\" \/>\n                                    <a class=\"closebtn\">\n                                        <img decoding=\"async\" src=\"https:\/\/gemeentegrot.nl\/wp-content\/themes\/gemeentegrotvalkenburg\/assets\/img\/close.png\" alt=\"\" aria-hidden=\"true\" \/>\n                                    <\/a>\n                                                                            <p>In der Gemeindegrotte gibt es im Tunnelsystem immer noch frisches Wasser.<\/p>\n                                                                    <\/div>\n                            <\/div>\n                                                        <div class=\"infobtn\" style=\"top: 20%; left: 60%;\">\n                                <a class=\"tooltip-anchor\">\n                                    <img decoding=\"async\" src=\"https:\/\/gemeentegrot.nl\/wp-content\/themes\/gemeentegrotvalkenburg\/assets\/img\/info.png\" alt=\"\" aria-hidden=\"true\" \/>\n                                <\/a>\n                                <div class=\"infodiv d-none\">\n                                    <img decoding=\"async\" src=\"https:\/\/gemeentegrot.nl\/wp-content\/themes\/gemeentegrotvalkenburg\/assets\/img\/info2.png\" alt=\"\" aria-hidden=\"true\" \/>\n                                    <a class=\"closebtn\">\n                                        <img decoding=\"async\" src=\"https:\/\/gemeentegrot.nl\/wp-content\/themes\/gemeentegrotvalkenburg\/assets\/img\/close.png\" alt=\"\" aria-hidden=\"true\" \/>\n                                    <\/a>\n                                                                            <p>Das Tunnelsystem der Gemeindegrotte entstand durch jahrhundertelangen Mergelabbau durch Steinbrecher.<\/p>\n                                                                    <\/div>\n                            <\/div>\n                                                    <\/div>\n                    <\/div>\n                                        <div class=\"item\">\n                        <div class=\"imgbox\">\n                                                            <img decoding=\"async\" src=\"https:\/\/gemeentegrot.nl\/wp-content\/uploads\/2026\/03\/bg-banner.png\" alt=\"\" \/>\n                                                                                    <div class=\"infobtn\" style=\"top: 30%; left: 40%;\">\n                                <a class=\"tooltip-anchor\">\n                                    <img decoding=\"async\" src=\"https:\/\/gemeentegrot.nl\/wp-content\/themes\/gemeentegrotvalkenburg\/assets\/img\/info.png\" alt=\"\" aria-hidden=\"true\" \/>\n                                <\/a>\n                                <div class=\"infodiv d-none\">\n                                    <img decoding=\"async\" src=\"https:\/\/gemeentegrot.nl\/wp-content\/themes\/gemeentegrotvalkenburg\/assets\/img\/info2.png\" alt=\"\" aria-hidden=\"true\" \/>\n                                    <a class=\"closebtn\">\n                                        <img decoding=\"async\" src=\"https:\/\/gemeentegrot.nl\/wp-content\/themes\/gemeentegrotvalkenburg\/assets\/img\/close.png\" alt=\"\" aria-hidden=\"true\" \/>\n                                    <\/a>\n                                                                            <p>Die Spuren der Arbeit der Steinbrecher sind in den Grotten noch immer sichtbar, wie zum Beispiel S\u00e4gespuren an den W\u00e4nden und Mei\u00dfelspuren an der Decke.<\/p>\n                                                                    <\/div>\n                            <\/div>\n                                                    <\/div>\n                    <\/div>\n                                    <\/div>\n                <div class=\"custom-pagination custom-pager\">\n                    <span class=\"current\">1<\/span> \/ <span class=\"total\">1<\/span>\n                <\/div>\n            <\/div>\n        <\/div>\n        <div class=\"row\">\n            <div class=\"col-xxl-12 btns text-center col-lg-12 col-md-9 col-12\">\n                            <\/div>\n        <\/div>\n    <\/div>\n<\/section>\n\n\n<section class=\"discovery-slider did-know texture has-background-color-grot align wp-block-acf-discoveryslider\" style=\"background: url(..\/img\/bg-didknow.png) 50% 50% no-repeat;\">\n            <img decoding=\"async\" class=\"art\" src=\"https:\/\/gemeentegrot.nl\/wp-content\/themes\/gemeentegrotvalkenburg\/assets\/img\/art-discovery.png\" alt=\"\" aria-hidden=\"true\" \/>\n        <div class=\"container\">\n        <div class=\"row align-items-center\">\n            <div class=\"col-xxl-4 col-lg-4 col-md-12 col-12 order-lg-1 order-md-2 order-1 \">\n                <div class=\"section-title\">\n                    <h2 class=\"display-2\">Wusstest du das?<\/h2><p>In den G\u00e4ngen der Grotte sind noch immer Spuren der Vergangenheit zu finden. Hinter jeder Ecke verbirgt sich ein besonderes Detail oder eine Geschichte. Wusstest du, dass\u2026<\/p>\n                                            <div class=\"buttons justify-content-center justify-content-lg-start\">\n                                                                <a href=\"https:\/\/gemeentegrot.nl\/de\/unsere-fuehrungen\/\"\n                                       class=\"btn btn-primary white\"\n                                       target=\"\">\n                                        Unsere Touren <i class=\"fa fa-angle-right\"><\/i>\n                                    <\/a>\n                                                                    <a href=\"https:\/\/gemeentegrot.nl\/de\/tickets\/\"\n                                       class=\"btn btn-default\"\n                                       target=\"\">\n                                        Tickets <i class=\"fa fa-angle-right\"><\/i>\n                                    <\/a>\n                                                        <\/div>\n                                    <\/div>\n            <\/div>\n            <div class=\"col-xxl-8 col-lg-8 col-md-12 col-12 order-lg- order-1 slider-col\">\n                <div class=\"owl-carousel owl-theme didknow-carousel\">\n                                                <div class=\"item\">\n                                <div class=\"bg\" style=\"background: url(https:\/\/gemeentegrot.nl\/wp-content\/uploads\/2026\/04\/imgi_4_het-ontstaan.jpeg) 50% 50% no-repeat; background-size: cover;\">\n                                    <div>\n                                        <p>\u2026der Luftschutzbunker Platz f\u00fcr etwa 10.000 Menschen bot, aber letztendlich nie genutzt wurde?<\/p>                                            <div class=\"buttons\">\n                                                                                            <\/div>\n                                                                            <\/div>\n                                <\/div>\n                            <\/div>\n                                                    <div class=\"item\">\n                                <div class=\"bg\" style=\"background: url(https:\/\/gemeentegrot.nl\/wp-content\/uploads\/2026\/03\/bg-know-2.png) 50% 50% no-repeat; background-size: cover;\">\n                                    <div>\n                                        <p>\u2026der Umbau des Luftschutzbunkers aus dem Kalten Krieg etwa 6,5 Millionen Gulden gekostet hat?<\/p>                                            <div class=\"buttons\">\n                                                                                            <\/div>\n                                                                            <\/div>\n                                <\/div>\n                            <\/div>\n                                                    <div class=\"item\">\n                                <div class=\"bg\" style=\"background: url(https:\/\/gemeentegrot.nl\/wp-content\/uploads\/2026\/03\/bg-know-1.png) 50% 50% no-repeat; background-size: cover;\">\n                                    <div>\n                                        <p>\u2026in den Steinbr\u00fcchen Fossilien gefunden wurden, darunter \u00dcberreste einer Riesenschildkr\u00f6te?<\/p>                                            <div class=\"buttons\">\n                                                                                            <\/div>\n                                                                            <\/div>\n                                <\/div>\n                            <\/div>\n                                                    <div class=\"item\">\n                                <div class=\"bg\" style=\"background: url(https:\/\/gemeentegrot.nl\/wp-content\/uploads\/2026\/04\/DSC06347.jpg) 50% 50% no-repeat; background-size: cover;\">\n                                    <div>\n                                        <p>\u2026in verschiedenen R\u00e4umen der Grotte noch Inschriften von Familien zu sehen sind, die hier w\u00e4hrend des Krieges Zuflucht suchten, oft mit ihrem Namen und der Dauer ihres Aufenthalts?<\/p>                                    <\/div>\n                                <\/div>\n                            <\/div>\n                                        <\/div>\n                <div class=\"custom-pagination2\">\n                    <span class=\"current\">1<\/span> \/ <span class=\"total\">1<\/span>\n                <\/div>\n            <\/div>\n        <\/div>\n    <\/div>\n<\/section>\n\n\n<section class=\"divider before-has-background-color-transparent  align wp-block-acf-divider\" >\n    <div class=\"texture\"><\/div>\n    <img decoding=\"async\" class=\" art\" src=\"https:\/\/gemeentegrot.nl\/wp-content\/uploads\/2026\/03\/stone-img-slider-scaled.png\" alt=\"\">            <div class=\"infobtn\" style=\"top: 30%; left: 20%;\">\n                <a class=\"tooltip-anchor active\">\n                    <img decoding=\"async\" src=\"https:\/\/gemeentegrot.nl\/wp-content\/themes\/gemeentegrotvalkenburg\/assets\/img\/info.png\" alt=\"\">\n                <\/a>\n                <div class=\"infodiv d-none\">\n                    <img decoding=\"async\" src=\"https:\/\/gemeentegrot.nl\/wp-content\/themes\/gemeentegrotvalkenburg\/assets\/img\/info2.png\" alt=\"\">\n                    <a class=\"closebtn\"><img decoding=\"async\" src=\"https:\/\/gemeentegrot.nl\/wp-content\/themes\/gemeentegrotvalkenburg\/blocks\/divider\/close.png\" alt=\"\"><\/a>\n                    <p>Mergel ist eine weiche Form von Kalkstein, die fr\u00fcher h\u00e4ufig als Baumaterial verwendet wurde.<\/p>\n                <\/div>\n            <\/div>\n                    <div class=\"infobtn\" style=\"top: 50%; left: 80%;\">\n                <a class=\"tooltip-anchor \">\n                    <img decoding=\"async\" src=\"https:\/\/gemeentegrot.nl\/wp-content\/themes\/gemeentegrotvalkenburg\/assets\/img\/info.png\" alt=\"\">\n                <\/a>\n                <div class=\"infodiv d-none\">\n                    <img decoding=\"async\" src=\"https:\/\/gemeentegrot.nl\/wp-content\/themes\/gemeentegrotvalkenburg\/assets\/img\/info2.png\" alt=\"\">\n                    <a class=\"closebtn\"><img decoding=\"async\" src=\"https:\/\/gemeentegrot.nl\/wp-content\/themes\/gemeentegrotvalkenburg\/blocks\/divider\/close.png\" alt=\"\"><\/a>\n                    <p>In die W\u00e4nde der Grotte wurden Buchungen und Markierungen eingeritzt, um festzuhalten, wo und wie viel Mergel abgebaut wurde.<\/p>\n                <\/div>\n            <\/div>\n        <\/section>\n\n\n<section class=\"img-slider homepage  align wp-block-acf-imgslider\">\n    <div class=\"container-fluid\">\n        <div class=\"row\">\n            <div class=\"col-xxl-12 p-0 col-lg-12 col-md-12 col-12\">\n                <div id=\"homepage-img-carousel\" class=\"owl-carousel owl-theme img-carousel\">\n                                                                    <div class=\"item\">\n                            <div class=\"main\">\n                                                                    <img decoding=\"async\" class=\"w-100 d-inline-block\" src=\"https:\/\/gemeentegrot.nl\/wp-content\/uploads\/2026\/04\/Gemeentegrot-BrandinginMotion-LR-156.jpg\" alt=\"\" \/>\n                                                                                            <\/div>\n                        <\/div>\n                                                <div class=\"item\">\n                            <div class=\"main\">\n                                                                    <img decoding=\"async\" class=\"w-100 d-inline-block\" src=\"https:\/\/gemeentegrot.nl\/wp-content\/uploads\/2026\/04\/Gemeentegrot-BrandinginMotion-LR-179.jpg\" alt=\"\" \/>\n                                                                                            <\/div>\n                        <\/div>\n                                                            <\/div>\n                <div class=\"container\">\n                    <div class=\"row align-items-end\">\n                        <div class=\"col-xxl-4 col-lg-6 col-md-12 col-12\">\n                            <div class=\"align-text\">\n                                <h2 class=\"display-3\">F\u00fcr jede Gruppe<\/h2><p>Egal, ob du mit einer Gruppe kommst, einen Schulausflug organisierst, mit Kindern unterwegs bist oder einen gemeinsamen Tagesausflug planst: Es gibt immer eine F\u00fchrung, die zu eurem Besuch passt.<\/p>\n                                                                    <div class=\"buttons\">\n                                                                                    <a href=\"https:\/\/gemeentegrot.nl\/de\/unsere-fuehrungen\/\" class=\"btn btn-primary white\" target=\"\">\n                                                Unsere F\u00fchrungen <i class=\"fa fa-angle-right\" aria-hidden=\"true\"><\/i>\n                                            <\/a>\n                                                                            <\/div>\n                                                            <\/div>\n                        <\/div>\n                    <\/div>\n                <\/div>\n                <div class=\"custom-pagination3 custom-pager white\">\n                    <span class=\"current\">1<\/span> \/ <span class=\"total\">1<\/span>\n                <\/div>\n                <div class=\"img-carousel-nav\">\n                    <button type=\"button\" role=\"presentation\" class=\"img-carousel-prev\" data-target=\"#homepage-img-carousel\"><img decoding=\"async\" src=\"https:\/\/gemeentegrot.nl\/wp-content\/themes\/gemeentegrotvalkenburg\/assets\/img\/arrow-left-white.png\" alt=\"\" aria-hidden=\"true\"><\/button>\n                    <button type=\"button\" role=\"presentation\" class=\"img-carousel-next\" data-target=\"#homepage-img-carousel\"><img decoding=\"async\" src=\"https:\/\/gemeentegrot.nl\/wp-content\/themes\/gemeentegrotvalkenburg\/assets\/img\/arrow-right-white.png\" alt=\"\" aria-hidden=\"true\"><\/button>\n                <\/div>\n            <\/div>\n        <\/div>\n    <\/div>\n<\/section>\n\n\n<section class=\"reviews texture has-background-color-donker-beige align wp-block-acf-reviews\">\n    <div class=\"container\">\n        <div class=\"row\">\n            <div class=\"col-xxl-4 col-lg-4 col-md-12 col-12\">\n                <div class=\"section-title\">\n                    <h3 class=\"display-3\">Erfahrungen unserer Besucher<\/h3><p>Entdecke die Geschichten der Menschen, die vor dir hier waren, und erfahre, warum sie die Gemeindegrotte Valkenburg als den idealen Tagesausflug betrachten. Von der beeindruckenden Geschichte bis hin zu den geheimnisvollen G\u00e4ngen, unsere Besucher teilen ihre einzigartigen Erlebnisse, die die F\u00fchrung zu einem unvergesslichen Erlebnis machen. Lies, warum auch du diesen besonderen Ort entdecken solltest!<\/p>\n                                            <div class=\"buttons\">\n                                                    <\/div>\n                                    <\/div>\n            <\/div>\n        \n            <div class=\"col-xxl-8 text-center col-lg-8 col-md-8 col-12\">\n                <div class=\"row equal-height\">\n                    <div class=\"col-xxl-4 text-center col-lg-5 col-md-4 col-6\">\n                        <div class=\"bg-reviews\" style=\"background: url(https:\/\/gemeentegrot.nl\/wp-content\/uploads\/2026\/03\/bg-stars.png) 50% 50% no-repeat; background-size: cover;\">\n                                                            <img decoding=\"async\" src=\"https:\/\/gemeentegrot.nl\/wp-content\/uploads\/2026\/03\/google.png\" alt=\"\" \/>\n                                                        <div class=\"stars\">\n                                <img decoding=\"async\" src=\"https:\/\/gemeentegrot.nl\/wp-content\/themes\/gemeentegrotvalkenburg\/assets\/img\/stars.png\" alt=\"\" \/>\n                            <\/div>\n                                                            <p>4,3 basierend auf 7.500 Bewertungen<\/p>\n                                                    <\/div>\n                    <\/div>\n                    <div class=\"col-xxl-8 col-lg-7 col-md-8 col-6\">\n                        <div class=\"owl-carousel owl-theme review-carousel\">\n                                                                                            <div class=\"item\">\n                                            <div class=\"bg\">\n                                                <div>\n                                                                                                            <h3 class=\"display-3\">Jeroen Bolhuis<\/h3>\n                                                                                                                                                                <p><p>Wir haben hier eine wundersch\u00f6ne F\u00fchrung zu Fu\u00df mit einem erfahrenen Guide gemacht. Es wurde sich in aller Ruhe Zeit genommen, um uns alles zu zeigen. Fragen wurden gut beantwortet und es war eine wirklich tolle F\u00fchrung.<\/p>\n<\/p>\n                                                                                                        <div class=\"stars\">\n                                                                                                                    <img decoding=\"async\" src=\"https:\/\/gemeentegrot.nl\/wp-content\/themes\/gemeentegrotvalkenburg\/assets\/img\/stars.png\" alt=\"\" \/>\n                                                                                                            <\/div>\n                                                                                                            <div class=\"date mt-2\">November 2025<\/div>\n                                                                                                    <\/div>\n                                            <\/div>\n                                        <\/div>\n                                                                    <div class=\"item\">\n                                            <div class=\"bg\">\n                                                <div>\n                                                                                                            <h3 class=\"display-3\">Diana Bastiaansen<\/h3>\n                                                                                                                                                                <p><p>Es war ein sch\u00f6nes Erlebnis, vor allem aber die Erkl\u00e4rungen unseres Guides und des Zugf\u00fchrers. Ein absolutes Muss, wenn du in Valkenburg bist.<\/p>\n<\/p>\n                                                                                                        <div class=\"stars\">\n                                                                                                                    <img decoding=\"async\" src=\"https:\/\/gemeentegrot.nl\/wp-content\/themes\/gemeentegrotvalkenburg\/assets\/img\/stars.png\" alt=\"\" \/>\n                                                                                                            <\/div>\n                                                                                                            <div class=\"date mt-2\">Oktober 2025<\/div>\n                                                                                                    <\/div>\n                                            <\/div>\n                                        <\/div>\n                                                                    <div class=\"item\">\n                                            <div class=\"bg\">\n                                                <div>\n                                                                                                            <h3 class=\"display-3\">Jeroen de W<\/h3>\n                                                                                                                                                                <p><p>Heute haben wir an der F\u00fchrung mit Zug teilgenommen. Ein sch\u00f6nes Erlebnis, und unser 8-j\u00e4hriger Sohn fand es toll. Sehr freundlicher Guide\/Schaffner\/Fahrer. Tolle Erkl\u00e4rungen, und man bekam einen guten Eindruck davon, wie gro\u00df diese Grotte ist.<\/p>\n<\/p>\n                                                                                                        <div class=\"stars\">\n                                                                                                                    <img decoding=\"async\" src=\"https:\/\/gemeentegrot.nl\/wp-content\/themes\/gemeentegrotvalkenburg\/assets\/img\/stars.png\" alt=\"\" \/>\n                                                                                                            <\/div>\n                                                                                                            <div class=\"date mt-2\">August 2026<\/div>\n                                                                                                    <\/div>\n                                            <\/div>\n                                        <\/div>\n                                                                    <div class=\"item\">\n                                            <div class=\"bg\">\n                                                <div>\n                                                                                                            <h3 class=\"display-3\">Chris Dhous<\/h3>\n                                                                                                                                                                <p><p>In jeder Hinsicht lehrreich: Geschichte, Handwerk und der Krieg. Alle Themen kommen zur Sprache, und vor allem ist es ein gem\u00fctlicher Spaziergang unter der Erde.<\/p>\n<\/p>\n                                                                                                        <div class=\"stars\">\n                                                                                                                    <img decoding=\"async\" src=\"https:\/\/gemeentegrot.nl\/wp-content\/themes\/gemeentegrotvalkenburg\/assets\/img\/stars.png\" alt=\"\" \/>\n                                                                                                            <\/div>\n                                                                                                            <div class=\"date mt-2\">April 2026<\/div>\n                                                                                                    <\/div>\n                                            <\/div>\n                                        <\/div>\n                                                                    <div class=\"item\">\n                                            <div class=\"bg\">\n                                                <div>\n                                                                                                            <h3 class=\"display-3\">Silvester den dekker<\/h3>\n                                                                                                                                                                <p><p>Ein echter Geheimtipp, wenn du in Valkenburg bist. Wir haben die F\u00fchrung zu Fu\u00df gemacht, das hat richtig Spa\u00df gemacht. Der Guide war total begeistert und hat zwischendurch auch mal einen Witz gemacht. Wir waren mit unseren beiden Kindern dabei, und die konnten das Tempo prima mithalten.<\/p>\n<\/p>\n                                                                                                        <div class=\"stars\">\n                                                                                                                    <img decoding=\"async\" src=\"https:\/\/gemeentegrot.nl\/wp-content\/themes\/gemeentegrotvalkenburg\/assets\/img\/stars.png\" alt=\"\" \/>\n                                                                                                            <\/div>\n                                                                                                            <div class=\"date mt-2\">April 2026<\/div>\n                                                                                                    <\/div>\n                                            <\/div>\n                                        <\/div>\n                                                                    <div class=\"item\">\n                                            <div class=\"bg\">\n                                                <div>\n                                                                                                            <h3 class=\"display-3\">Jan J<\/h3>\n                                                                                                                                                                <p><p>Ganz \u00fcberraschend. Eine verborgene Welt unter der Erde. Der Guide unseres kleinen Zuges musste seine Fahrk\u00fcnste mit spannenden Erz\u00e4hlungen \u00fcber die Geschichte, die Zeichnungen und die Skulpturen verbinden. Sogar unsere Teenager fanden es cool (und k\u00fchl, also Pullover\/Jacke mitnehmen).<\/p>\n<\/p>\n                                                                                                        <div class=\"stars\">\n                                                                                                                    <img decoding=\"async\" src=\"https:\/\/gemeentegrot.nl\/wp-content\/themes\/gemeentegrotvalkenburg\/assets\/img\/stars.png\" alt=\"\" \/>\n                                                                                                            <\/div>\n                                                                                                            <div class=\"date mt-2\">April 2026<\/div>\n                                                                                                    <\/div>\n                                            <\/div>\n                                        <\/div>\n                                                                    <div class=\"item\">\n                                            <div class=\"bg\">\n                                                <div>\n                                                                                                            <h3 class=\"display-3\">Ivo Theunissen<\/h3>\n                                                                                                                                                                <p><p>Ein super interessanter Ausflug \u00fcber das Leben der Steinbrecher in Valkenburg. Dazwischen gibt\u2019s interessante Kunstwerke und Darstellungen, wie Tiere und die Natur fr\u00fcher ausgesehen haben k\u00f6nnten.<\/p>\n<\/p>\n                                                                                                        <div class=\"stars\">\n                                                                                                                    <img decoding=\"async\" src=\"https:\/\/gemeentegrot.nl\/wp-content\/themes\/gemeentegrotvalkenburg\/assets\/img\/stars.png\" alt=\"\" \/>\n                                                                                                            <\/div>\n                                                                                                            <div class=\"date mt-2\">Oktober 2026<\/div>\n                                                                                                    <\/div>\n                                            <\/div>\n                                        <\/div>\n                                                                    <div class=\"item\">\n                                            <div class=\"bg\">\n                                                <div>\n                                                                                                            <h3 class=\"display-3\">Rob Kok<\/h3>\n                                                                                                                                                                <p><p>Ger, der Reiseleiter, ist einfach klasse. Wir waren mit acht Leuten und vier Kindern unterwegs, und es war super interessant und wurde total unterhaltsam erz\u00e4hlt.<\/p>\n<\/p>\n                                                                                                        <div class=\"stars\">\n                                                                                                                    <img decoding=\"async\" src=\"https:\/\/gemeentegrot.nl\/wp-content\/themes\/gemeentegrotvalkenburg\/assets\/img\/stars.png\" alt=\"\" \/>\n                                                                                                            <\/div>\n                                                                                                            <div class=\"date mt-2\">April 2026<\/div>\n                                                                                                    <\/div>\n                                            <\/div>\n                                        <\/div>\n                                    \n                                                    <\/div>\n                        <div class=\"custom-pagination4 custom-pager\">\n                            <span class=\"current\">1<\/span> \/ <span class=\"total\">1<\/span>\n                        <\/div>\n                    <\/div>\n                <\/div>\n            <\/div>\n        <\/div>\n    <\/div>\n<\/section>\n\n\n\n\n\n<section class=\"plans texture has-background-color-licht-beige has-background-color-licht-beige align wp-block-acf-plans\">\n    <div class=\"container\">\n        <div class=\"row justify-content-center\">\n            <div class=\"col-xxl-9 text-center col-lg-12 col-md-12 col-12\">\n                <div class=\"section-title\">\n                    <h2 class=\"display-2\">Plane deinen Besuch<\/h2><div class=\"section-intro\"><p>Hier findest du alle Informationen, die du brauchst, um einen abenteuerlichen Ausflug zur Gemeindegrotte zu planen. So erlebst du im Vorfeld keine \u00dcberraschungen \u2026 die heben wir uns f\u00fcr die Grotte selbst auf.<\/p>\n<\/div><div class=\"buttons\"><\/div>                <\/div>\n            <\/div>\n        <\/div>\n\n                    <div class=\"row\">\n                                <div class=\"col-xxl-4 col-lg-4 col-md-12 col-12\">\n                    <div class=\"box1\">\n                        <div class=\"imgbox\" style=\"background: url(https:\/\/gemeentegrot.nl\/wp-content\/uploads\/2026\/04\/Gemeentegrot-BrandinginMotion-LR-46-2-e1777025013114.jpg) 50% 50% no-repeat; background-size: cover;\">\n                            <div>\n                                <h3 class=\"display-3\">\u00d6ffnungszeiten<br><span>2026<\/span><\/h3>\n                            <\/div>\n                        <\/div>\n                                                <div class=\"content\">\n                                                        <div class=\"text\">\n                                <h3 class=\"display-3\">F\u00fchrungen mit dem Zug<\/h3>\n                                <p><p>Jeden Tag zu jeder vollen Stunde<br \/>\nvon 11:00 Uhr bis 16:00 Uhr<\/p>\n<\/p>\n                                <a href=\"https:\/\/gemeentegrot.nl\/de\/tickets\/\" class=\"btn btn-default\"> Tickets <i class=\"fa fa-angle-right\"><\/i><\/a>\n                            <\/div>\n                                                        <div class=\"text\">\n                                <h3 class=\"display-3\">F\u00fchrung zu Fu\u00df<\/h3>\n                                <p><p>Jeden Tag um 11:00 Uhr, 12:30 Uhr, 14:00 Uhr und 15:30 Uhr <\/p>\n<\/p>\n                                <a href=\"https:\/\/gemeentegrot.nl\/de\/tickets\/\" class=\"btn btn-default\"> Tickets <i class=\"fa fa-angle-right\"><\/i><\/a>\n                            <\/div>\n                                                    <\/div>\n                                            <\/div>\n                <\/div>\n                                                <div class=\"col-xxl-5 col-lg-4 col-md-6 col-12\">\n                    <div class=\"boxmiddle\">\n                        <h3 class=\"display-3\">Eintrittspreise<\/h3>\n                                                <div class=\"table-responsive\">\n                            <table class=\"table table-bordered\">\n                                <tbody>\n                                                                        <tr>\n                                        <td>Erwachsene<br><span>*Kasse 12,50 \u20ac<\/span><\/td>\n                                        <td>11,25 \u20ac<\/td>\n                                    <\/tr>\n                                                                        <tr>\n                                        <td>Kinder \u2028<br \/>\r\n(4 bis 11 Jahre)<br><span>*Kasse 10,00 \u20ac<\/span><\/td>\n                                        <td>8,75 \u20ac<\/td>\n                                    <\/tr>\n                                                                        <tr>\n                                        <td>Kinder <br \/>\r\n(bis 3 Jahre)<\/td>\n                                        <td>Kostenlos<\/td>\n                                    <\/tr>\n                                                                        <tr>\n                                        <td>Gruppenpreis*<br \/>\r\nErwachsene<br \/>\r\nKinder<br><span>*Ab 25 Personen<\/span><\/td>\n                                        <td>10,25 \u20ac<br \/>\r\n7,00 \u20ac<\/td>\n                                    <\/tr>\n                                                                        <tr>\n                                        <td>Kids Ranger Challenge-Paket<br><span>(An der Kasse erh\u00e4ltlich)<\/span><\/td>\n                                        <td>3,50 \u20ac<\/td>\n                                    <\/tr>\n                                                                    <\/tbody>\n                            <\/table>\n                        <\/div>\n                                                                            <a href=\"https:\/\/gemeentegrot.nl\/de\/tickets\/\" class=\"btn btn-default\"> Tickets <i class=\"fa fa-angle-right\"><\/i><\/a>\n                                            <\/div>\n                <\/div>\n                                                \n                <div class=\"col-xxl-3 d-block d-md-none d-lg-none d-xl-none d-xxl-none col-lg-4 col-md-6 col-12\">\n                    <div class=\"imgbox2 dark\" style=\"background: url(https:\/\/gemeentegrot.nl\/wp-content\/uploads\/2026\/04\/Gemeentegrot-Valkenburg-Map-LOS.png) 50% 50% no-repeat; background-size: cover;\">\n                        <div>\n                            <h3 class=\"display-3\">Lageplan<\/h3>\n                            <p><\/p>\n                                                                                                    <a href=\"\" class=\"btn btn-primary white\"> <i class=\"fa fa-angle-right\"><\/i><\/a>\n                                                                                        <\/div>\n                    <\/div>\n                <\/div>\n                                <div class=\"col-xxl-3 col-lg-4 col-md-6 col-12\">\n                    \n\n                                        <div class=\"imgbox2 d-lg-block\" style=\"background: url(https:\/\/gemeentegrot.nl\/wp-content\/uploads\/2026\/03\/plan-3.png) 50% 50% no-repeat; background-size: cover;\">\n                        <h3 class=\"display-3\">Geschenkgutschein<\/h3>\n                        <p>Verschenken Sie ein Abenteuer mit unserem Gutschein.<\/p>\n                                                                                    <a href=\"https:\/\/gemeentegrot.nl\/cadeaubonnen\/\" class=\"btn btn-primary white\">Meer informatie <i class=\"fa fa-angle-right\"><\/i><\/a>\n                                                                        <\/div>\n                                                                                        <div class=\"imgbox3 d-none d-lg-block\" style=\"background: url(https:\/\/gemeentegrot.nl\/wp-content\/uploads\/2026\/03\/plan-5.png) 50% 50% no-repeat; background-size: cover;\">\n                            <div>\n                                <h3 class=\"display-3\">Barrierefreiheit<\/h3>\n                                <p>Alle unsere F\u00fchrungen sind f\u00fcr Besucher mit eingeschr\u00e4nkter Mobilit\u00e4t zug\u00e4nglich.<\/p>\n                                                                                                            <a href=\"https:\/\/gemeentegrot.nl\/de\/kontakt\/\" class=\"btn btn-primary white\">Kontakt <i class=\"fa fa-angle-right\"><\/i><\/a>\n                                                                                                <\/div>\n                        <\/div>\n                                                                                    <div class=\"imgbox4 d-block d-md-none d-lg-none\" style=\"background: url(https:\/\/gemeentegrot.nl\/wp-content\/uploads\/2026\/04\/Gemeentegrot-BrandinginMotion-LR-175.jpg) 50% 50% no-repeat; background-size: cover;\">\n                        <div>\n                            <h3 class=\"display-3\">Zu beachten<\/h3>\n                            <p>Die Temperatur in der H\u00f6hle betr\u00e4gt 12 \u00b0C, bring also eine Jacke oder einen Pullover mit \u2026 auch im Sommer.<\/p>\n                                                    <\/div>\n                    <\/div>\n                                    <\/div>\n            <\/div>\n                        <div class=\"row\">\n                                                <div class=\"col-xxl-8 col-lg-8 col-md-12 col-12\">\n                    <div class=\"imgbox5\" style=\"background: url(https:\/\/gemeentegrot.nl\/wp-content\/uploads\/2026\/03\/plan-5.png) 50% 50% no-repeat; background-size: cover;\">\n                        <div>\n                            <h3 class=\"display-3\">Barrierefreiheit<\/h3>\n                            <p>Alle unsere F\u00fchrungen sind f\u00fcr Besucher mit eingeschr\u00e4nkter Mobilit\u00e4t zug\u00e4nglich.<\/p>\n                                                                                                <a href=\"https:\/\/gemeentegrot.nl\/de\/kontakt\/\" class=\"btn btn-primary white\">Kontakt <i class=\"fa fa-angle-right\"><\/i><\/a>\n                                                                                    <\/div>\n                    <\/div>\n                <\/div>\n            <\/div>\n            \n            <\/div>\n<\/section>\n\n\n<section class=\"contact texture has-background-color-licht-beige align wp-block-acf-contact\">\n    <div class=\"align\">\n        <div class=\"container\">\n            <div class=\"row justify-content-end\">\n                <div class=\"col-xxl-7 col-lg-7 col-md-7 col-12\">\n                    <div class=\"section-title\">\n                                                    <h2 class=\"display-2\">Kontakt<\/h2>                                                                            Hast du Fragen? Dann kontaktiere uns per Telefon oder E-Mail oder schau dir unsere h\u00e4ufig gestellten Fragen an, um schnelle Antworten zu erhalten.                        \n                                                                                    <div class=\"notes\">\n                                    <a href=\"mailto:gemeentegrot@valkenburg.nl\" target=\"\" class=\"contact-info-item\"><img decoding=\"async\" src=\"https:\/\/gemeentegrot.nl\/wp-content\/uploads\/2026\/04\/paper-plane-dark-1.svg\" alt=\"\" \/><span>gemeentegrot@valkenburg.nl<\/span><\/a><a href=\"tel:+3143-6012271\" target=\"\" class=\"contact-info-item\"><img decoding=\"async\" src=\"https:\/\/gemeentegrot.nl\/wp-content\/uploads\/2026\/04\/call-dark-1.svg\" alt=\"\" \/><span>043 601 2271<\/span><\/a><a href=\"http:\/\/de\/kontakt\/#faq\" target=\"\" class=\"contact-info-item\"><img decoding=\"async\" src=\"https:\/\/gemeentegrot.nl\/wp-content\/uploads\/2026\/04\/help-dark-1.svg\" alt=\"\" \/><span>H\u00e4ufig gestellte Fragen<\/span><\/a>                                <\/div>\n                                                                                                <\/div>\n                <\/div>\n            <\/div>\n        <\/div>\n    <\/div>\n            <img decoding=\"async\" class=\"w-100 contact-img d-none d-lg-inline-block d-md-inline-block\" src=\"https:\/\/gemeentegrot.nl\/wp-content\/uploads\/2026\/04\/Footer-afbeelding-mensen-stenen-V3.png\" alt=\"\" \/>\n                <img decoding=\"async\" class=\"w-100 contact-img d-inline-block d-lg-none d-md-none\" src=\"https:\/\/gemeentegrot.nl\/wp-content\/uploads\/2026\/04\/Footer-afbeelding-mensen-stenen-V3-mobile.png\" alt=\"\" \/>\n    <\/section>\n","protected":false},"excerpt":{"rendered":"","protected":false},"author":2,"featured_media":0,"parent":0,"menu_order":0,"comment_status":"closed","ping_status":"open","template":"","meta":{"_acf_changed":false,"footnotes":""},"class_list":["post-1487","page","type-page","status-publish","hentry"],"acf":[],"yoast_head":"<!-- This site is optimized with the Yoast SEO plugin v27.5 - https:\/\/yoast.com\/product\/yoast-seo-wordpress\/ -->\n<title>Home - Gemeentegrot Valkenburg<\/title>\n<meta name=\"robots\" content=\"index, follow, max-snippet:-1, max-image-preview:large, max-video-preview:-1\" \/>\n<link rel=\"canonical\" href=\"https:\/\/gemeentegrot.nl\/de\/\" \/>\n<meta property=\"og:locale\" content=\"de_DE\" \/>\n<meta property=\"og:type\" content=\"article\" \/>\n<meta property=\"og:title\" content=\"Home - Gemeentegrot Valkenburg\" \/>\n<meta property=\"og:url\" content=\"https:\/\/gemeentegrot.nl\/de\/\" \/>\n<meta property=\"og:site_name\" content=\"Gemeentegrot Valkenburg\" \/>\n<meta property=\"article:modified_time\" content=\"2026-04-29T07:40:02+00:00\" \/>\n<meta name=\"twitter:card\" content=\"summary_large_image\" \/>\n<meta name=\"twitter:label1\" content=\"Gesch\u00e4tzte Lesezeit\" \/>\n\t<meta name=\"twitter:data1\" content=\"9\u00a0Minuten\" \/>\n<script type=\"application\/ld+json\" class=\"yoast-schema-graph\">{\"@context\":\"https:\\\/\\\/schema.org\",\"@graph\":[{\"@type\":\"WebPage\",\"@id\":\"https:\\\/\\\/gemeentegrot.nl\\\/de\\\/\",\"url\":\"https:\\\/\\\/gemeentegrot.nl\\\/de\\\/\",\"name\":\"Home - Gemeentegrot Valkenburg\",\"isPartOf\":{\"@id\":\"https:\\\/\\\/gemeentegrot.nl\\\/de\\\/#website\"},\"datePublished\":\"2026-03-04T14:13:34+00:00\",\"dateModified\":\"2026-04-29T07:40:02+00:00\",\"breadcrumb\":{\"@id\":\"https:\\\/\\\/gemeentegrot.nl\\\/de\\\/#breadcrumb\"},\"inLanguage\":\"de\",\"potentialAction\":[{\"@type\":\"ReadAction\",\"target\":[\"https:\\\/\\\/gemeentegrot.nl\\\/de\\\/\"]}]},{\"@type\":\"BreadcrumbList\",\"@id\":\"https:\\\/\\\/gemeentegrot.nl\\\/de\\\/#breadcrumb\",\"itemListElement\":[{\"@type\":\"ListItem\",\"position\":1,\"name\":\"Home\",\"item\":\"https:\\\/\\\/gemeentegrot.nl\\\/de\\\/\"},{\"@type\":\"ListItem\",\"position\":2,\"name\":\"Home\"}]},{\"@type\":\"WebSite\",\"@id\":\"https:\\\/\\\/gemeentegrot.nl\\\/de\\\/#website\",\"url\":\"https:\\\/\\\/gemeentegrot.nl\\\/de\\\/\",\"name\":\"Gemeentegrot Valkenburg\",\"description\":\"\",\"potentialAction\":[{\"@type\":\"SearchAction\",\"target\":{\"@type\":\"EntryPoint\",\"urlTemplate\":\"https:\\\/\\\/gemeentegrot.nl\\\/de\\\/?s={search_term_string}\"},\"query-input\":{\"@type\":\"PropertyValueSpecification\",\"valueRequired\":true,\"valueName\":\"search_term_string\"}}],\"inLanguage\":\"de\"}]}<\/script>\n<!-- \/ Yoast SEO plugin. -->","yoast_head_json":{"title":"Home - Gemeentegrot Valkenburg","robots":{"index":"index","follow":"follow","max-snippet":"max-snippet:-1","max-image-preview":"max-image-preview:large","max-video-preview":"max-video-preview:-1"},"canonical":"https:\/\/gemeentegrot.nl\/de\/","og_locale":"de_DE","og_type":"article","og_title":"Home - Gemeentegrot Valkenburg","og_url":"https:\/\/gemeentegrot.nl\/de\/","og_site_name":"Gemeentegrot Valkenburg","article_modified_time":"2026-04-29T07:40:02+00:00","twitter_card":"summary_large_image","twitter_misc":{"Gesch\u00e4tzte Lesezeit":"9\u00a0Minuten"},"schema":{"@context":"https:\/\/schema.org","@graph":[{"@type":"WebPage","@id":"https:\/\/gemeentegrot.nl\/de\/","url":"https:\/\/gemeentegrot.nl\/de\/","name":"Home - Gemeentegrot Valkenburg","isPartOf":{"@id":"https:\/\/gemeentegrot.nl\/de\/#website"},"datePublished":"2026-03-04T14:13:34+00:00","dateModified":"2026-04-29T07:40:02+00:00","breadcrumb":{"@id":"https:\/\/gemeentegrot.nl\/de\/#breadcrumb"},"inLanguage":"de","potentialAction":[{"@type":"ReadAction","target":["https:\/\/gemeentegrot.nl\/de\/"]}]},{"@type":"BreadcrumbList","@id":"https:\/\/gemeentegrot.nl\/de\/#breadcrumb","itemListElement":[{"@type":"ListItem","position":1,"name":"Home","item":"https:\/\/gemeentegrot.nl\/de\/"},{"@type":"ListItem","position":2,"name":"Home"}]},{"@type":"WebSite","@id":"https:\/\/gemeentegrot.nl\/de\/#website","url":"https:\/\/gemeentegrot.nl\/de\/","name":"Gemeentegrot Valkenburg","description":"","potentialAction":[{"@type":"SearchAction","target":{"@type":"EntryPoint","urlTemplate":"https:\/\/gemeentegrot.nl\/de\/?s={search_term_string}"},"query-input":{"@type":"PropertyValueSpecification","valueRequired":true,"valueName":"search_term_string"}}],"inLanguage":"de"}]}},"_links":{"self":[{"href":"https:\/\/gemeentegrot.nl\/de\/wp-json\/wp\/v2\/pages\/1487","targetHints":{"allow":["GET"]}}],"collection":[{"href":"https:\/\/gemeentegrot.nl\/de\/wp-json\/wp\/v2\/pages"}],"about":[{"href":"https:\/\/gemeentegrot.nl\/de\/wp-json\/wp\/v2\/types\/page"}],"author":[{"embeddable":true,"href":"https:\/\/gemeentegrot.nl\/de\/wp-json\/wp\/v2\/users\/2"}],"replies":[{"embeddable":true,"href":"https:\/\/gemeentegrot.nl\/de\/wp-json\/wp\/v2\/comments?post=1487"}],"version-history":[{"count":19,"href":"https:\/\/gemeentegrot.nl\/de\/wp-json\/wp\/v2\/pages\/1487\/revisions"}],"predecessor-version":[{"id":3016,"href":"https:\/\/gemeentegrot.nl\/de\/wp-json\/wp\/v2\/pages\/1487\/revisions\/3016"}],"wp:attachment":[{"href":"https:\/\/gemeentegrot.nl\/de\/wp-json\/wp\/v2\/media?parent=1487"}],"curies":[{"name":"wp","href":"https:\/\/api.w.org\/{rel}","templated":true}]}}