{"id":2152,"date":"2026-04-15T06:37:30","date_gmt":"2026-04-15T06:37:30","guid":{"rendered":"https:\/\/gemeentegrot.nl\/?page_id=2152"},"modified":"2026-04-28T21:37:47","modified_gmt":"2026-04-28T21:37:47","slug":"geschichten-der-grotte","status":"publish","type":"page","link":"https:\/\/gemeentegrot.nl\/de\/geschichten-der-grotte\/","title":{"rendered":"Geschichten der Grotte"},"content":{"rendered":"<section class=\"experience-banner bg-experience-banner  align wp-block-acf-experiencebanner\">\n    <div class=\"experience-bg\" style=\"background-image: url('');\"><\/div>\n    <div class=\"page-banner employee-banner experience-banner\">\n        <div class=\"container\">\n            <div class=\"row justify-content-center\">\n                <div class=\"col-xxl-9 text-center col-lg-12 col-md-12 col-12\">\n                    <h1 class=\"display-1\">Entdecke die wahren Geschichten der Gemeindegrotte<\/h1><p>Wer auch nur einen Schritt in die H\u00f6hle macht, betritt eine Welt, in der die W\u00e4nde fl\u00fcstern. Eine Geschichte nach der anderen. Schicht f\u00fcr Schicht. Hier erz\u00e4hlen wir die wahre Geschichte, damit die Vergangenheit in der Zukunft weiterlebt.<\/p>\n                        <div class=\"buttons justify-content-center\">\n                                                    <a href=\"https:\/\/gemeentegrot.nl\/de\/tickets\/\"\n                               class=\"btn btn-default\"\n                               target=\"\">\n                                Tickets <i class=\"fa fa-angle-right\"><\/i>\n                            <\/a>\n                                                <\/div>\n                                    <\/div>\n            <\/div>\n        <\/div>\n            <\/div>\n    <div class=\"small-text-info\">\n        <div class=\"container\">\n            <div class=\"row justify-content-center\">\n                <div class=\"col-xxl-9 position-relative col-lg-12 col-md-12 col-12\">\n                    <img decoding=\"async\" class=\"line-align d-none d-lg-inline-block d-md-inline-block\" src=\"https:\/\/gemeentegrot.nl\/wp-content\/themes\/gemeentegrotvalkenburg\/assets\/img\/experience-banner-line.png\" alt=\"\" \/>\n                    <img decoding=\"async\" class=\"line-align d-inline-block d-lg-none d-md-none\" src=\"https:\/\/gemeentegrot.nl\/wp-content\/themes\/gemeentegrotvalkenburg\/assets\/img\/experience-banner-line-mobile.png\" alt=\"\" \/>\n                    <div class=\"row ms-lg-4\"><div class=\"col-xxl-4 col-lg-5 col-md-6 col-12\"><div class=\"textbox middlemod\"><h3 class=\"display-3\">Dein Besuch beginnt hier<\/h3><p><p>Erlebe bei dieser F\u00fchrung einen kleinen Einblick in die Grotte.<\/p>\n<\/p><\/div><\/div><\/div><div class=\"row mttop justify-content-end me-lg-4\"><div class=\"col-xxl-5 col-lg-5 col-md-6 col-12\"><div class=\"textbox last\"><h3 class=\"display-3\">Scrolle nach unten, aber geh nach rechts<\/h3><p><p>Wir geben dir schon mal einen kleinen Vorgeschmack darauf, was es in der Grotte zu entdecken gibt. Kannst du die versteckten Zeichnungen finden?<\/p>\n<\/p><\/div><\/div><\/div>                <\/div>\n            <\/div>\n        <\/div>\n    <\/div>\n    <div class=\"video-section\">\n        <div class=\"container\">\n            <div class=\"row justify-content-center\">\n                <div class=\"col-xxl-7 text-center col-lg-12 col-md-12 col-12\">\n                    <div class=\"video-section-large\">\n                        <img decoding=\"async\" class=\"w-100 bigimg\" src=\"https:\/\/gemeentegrot.nl\/wp-content\/uploads\/2026\/04\/DSC06645.jpg\" alt=\"\" \/>                                            <\/div>\n                <\/div>\n            <\/div>\n        <\/div>\n    <\/div>\n    \n<\/section>\n<div class=\"stones1\">\n    <img decoding=\"async\" class=\"stone1\" src=\"https:\/\/gemeentegrot.nl\/wp-content\/themes\/gemeentegrotvalkenburg\/assets\/img\/steen1.png\" alt=\"\" \/>\n    <img decoding=\"async\" class=\"stone2\" src=\"https:\/\/gemeentegrot.nl\/wp-content\/themes\/gemeentegrotvalkenburg\/assets\/img\/steen2.png\" alt=\"\" \/>\n<\/div>\n<div class=\"stones2\">\n    <img decoding=\"async\" class=\"stone3\" src=\"https:\/\/gemeentegrot.nl\/wp-content\/themes\/gemeentegrotvalkenburg\/assets\/img\/steen3.png\" alt=\"\" \/>\n<\/div>\n\n\n<section class=\"experience-img-slider img-slider aboutslider ovdetils experience-page  align wp-block-acf-experienceimgslider\">\n    <div class=\"container-fluid\">\n        <div class=\"row\">\n            <div class=\"col-xxl-12 p-0 col-lg-12 col-md-12 col-12\">\n                <div class=\"owl-carousel owl-theme experience-img-carousel\">\n                                                                        <div class=\"item\">\n                                <div class=\"main\">\n                                                                            <img decoding=\"async\" class=\"w-100 d-none d-lg-inline-block d-md-inline-block\" src=\"https:\/\/gemeentegrot.nl\/wp-content\/uploads\/2026\/04\/offerview-details.png\" alt=\"\" \/>\n                                                                                                                                                <div class=\"infobtn\" style=\"top: %; left: %;\">\n                                        <a class=\"tooltip-anchor\">\n                                            <img decoding=\"async\" src=\"https:\/\/gemeentegrot.nl\/wp-content\/themes\/gemeentegrotvalkenburg\/assets\/img\/info.png\" alt=\"\" aria-hidden=\"true\" \/>\n                                        <\/a>\n                                        <div class=\"infodiv d-none\">\n                                            <img decoding=\"async\" src=\"https:\/\/gemeentegrot.nl\/wp-content\/themes\/gemeentegrotvalkenburg\/assets\/img\/info2.png\" alt=\"\" aria-hidden=\"true\" \/>\n                                            <a class=\"closebtn\">\n                                                <img decoding=\"async\" src=\"https:\/\/gemeentegrot.nl\/wp-content\/themes\/gemeentegrotvalkenburg\/assets\/img\/close.png\" alt=\"\" aria-hidden=\"true\" \/>\n                                            <\/a>\n                                                                                    <\/div>\n                                    <\/div>\n                                                                        <div class=\"infobtn\" style=\"top: %; left: %;\">\n                                        <a class=\"tooltip-anchor\">\n                                            <img decoding=\"async\" src=\"https:\/\/gemeentegrot.nl\/wp-content\/themes\/gemeentegrotvalkenburg\/assets\/img\/info.png\" alt=\"\" aria-hidden=\"true\" \/>\n                                        <\/a>\n                                        <div class=\"infodiv d-none\">\n                                            <img decoding=\"async\" src=\"https:\/\/gemeentegrot.nl\/wp-content\/themes\/gemeentegrotvalkenburg\/assets\/img\/info2.png\" alt=\"\" aria-hidden=\"true\" \/>\n                                            <a class=\"closebtn\">\n                                                <img decoding=\"async\" src=\"https:\/\/gemeentegrot.nl\/wp-content\/themes\/gemeentegrotvalkenburg\/assets\/img\/close.png\" alt=\"\" aria-hidden=\"true\" \/>\n                                            <\/a>\n                                                                                    <\/div>\n                                    <\/div>\n                                                                    <\/div>\n                            <\/div>\n                                        <\/div>\n            <\/div>\n        <\/div>\n    <\/div>\n    <div class=\"container\">\n        <div class=\"row\">\n            <div class=\"col-xxl-12 position-relative col-lg-12 col-md-12 col-12\">\n                <div class=\"custom-pagination-experience custom-pager\">\n                    <span class=\"current\">1<\/span> \/ <span class=\"total\">1<\/span>\n                <\/div>\n                <div class=\"custom-nav owl-theme\"><\/div>\n            <\/div>\n        <\/div>\n    <\/div>\n    <div class=\"container-fluid\">\n        <div class=\"row align-items-center tps\">\n            <div class=\"col-xxl-5 p-0 col-lg-6 col-md-7 col-12\">\n                <img decoding=\"async\" class=\"align-img d-none d-lg-inline-block d-md-inline-block\" src=\"https:\/\/gemeentegrot.nl\/wp-content\/themes\/gemeentegrotvalkenburg\/assets\/img\/align-img-lrage.png\" \/>\n                <img decoding=\"async\" class=\"align-img d-inline-block d-lg-none d-md-none\" src=\"https:\/\/gemeentegrot.nl\/wp-content\/themes\/gemeentegrotvalkenburg\/assets\/img\/align-img-lrage-mobile.png\" \/>\n            <\/div>\n            <div class=\"col-xxl-3 col-lg-4 col-md-5 col-12\">\n                <div class=\"section-title ps-lg-5\">\n                                                        <\/div>\n            <\/div>\n        <\/div>\n    <\/div>\n<\/section>\n\n\n<section class=\"search-cave must-good  align wp-block-acf-searchcave\">\n    <div class=\"container\">\n        <div class=\"row position-relative justify-content-center\">\n                <img decoding=\"async\" class=\"art3\" src=\"https:\/\/gemeentegrot.nl\/wp-content\/themes\/gemeentegrotvalkenburg\/assets\/img\/good-art-3.png\" alt=\"\" aria-hidden=\"true\" \/>\n            <div class=\"col-xxl-6 text-center col-lg-10 col-md-11 col-12\">\n                <div class=\"section-title white\">\n                    <h2 class=\"display-2\">Du musst genau hinschauen.<\/h2>                                            <p>Finde die 10 versteckten Sch\u00e4tze im Bild. Deine Maus verwandelt sich in eine Taschenlampe oder eine Lupe. Mach dich auf die Suche und lass die Schatzsuche beginnen.<\/p>\n                                            <div class=\"buttons justify-content-center\">\n                            <a href=\"#startsearch\" class=\"btn btn-default white\">Begin met zoeken <i class=\"fa fa-search\"><\/i><\/a>\n                        <\/div>\n                <\/div>\n            <\/div>\n        <\/div>\n    <\/div>\n<\/section>\n\n\n<section class=\"map texture discovery-stories discover-system aboutpage  align wp-block-acf-map\">\n    <div class=\"container\">\n        <div class=\"row justify-content-center\">\n            <div class=\"col-xxl-9 position-relative text-center col-lg-12 col-md-12 col-12\">\n                <div class=\"section-title\">\n                    <h2 class=\"display-2\">Entdecke das Tunnelsystem<\/h2>                                                                <\/div>\n                <\/div>\n            <\/div>\n        <\/div>\n        <div class=\"row top d-none d-lg-flex d-md-flex\">\n            <div class=\"col-xxl-12 col-lg-12 col-md-12 col-12\">\n                <div class=\"item\">\n                    <div class=\"imgbox\">\n                        <div class=\"plus-minus\">\n\t\t\t\t\t\t\t<img decoding=\"async\" class=\"plus-img\" src=\"\/wp-content\/themes\/gemeentegrotvalkenburg\/assets\/img\/plus.png\" alt=\"\"><br>\n\t\t\t\t\t\t\t<img decoding=\"async\" class=\"minus-img disabled\" src=\"\/wp-content\/themes\/gemeentegrotvalkenburg\/assets\/img\/minus.png\" alt=\"\">\n\t\t\t\t\t\t<\/div>\n                        <div class=\"map-stage\">\n                            <img decoding=\"async\" class=\"map-img\" src=\"https:\/\/gemeentegrot.nl\/wp-content\/uploads\/2026\/04\/img-map.png\" alt=\"\" \/>                        <\/div>\n                    <\/div>\n                <\/div>\n            <\/div>\n        <\/div>\n    <\/div>\n<\/section>\n<div class=\"modal fade modal-openmap\" id=\"openmap-modal\" tabindex=\"-1\" style=\"display: none;\" aria-hidden=\"true\">\n\t<div class=\"modal-dialog modal-fullscreen\">\n\t\t<div class=\"modal-content\">\n            \n\t\t\t<button type=\"button\" class=\"btn-close\" data-bs-dismiss=\"modal\" aria-label=\"Close\"><\/button>\n\t\t\t<div class=\"modal-body discovery-stories discover-system\">\n                <div class=\"texture\"><\/div>\n\t\t\t\t<div class=\"openmap-stage\">\n                    <div class=\"map-stage\">\n                        <img decoding=\"async\" class=\"map-img\" src=\"https:\/\/gemeentegrot.nl\/wp-content\/uploads\/2026\/04\/img-map.png\" alt=\"\" \/>                    <\/div>\n                <\/div>\n\t\t\t<\/div>\n\t\t<\/div>\n\t<\/div>\n<\/div>\n\n<section class=\"image-gallery our-guides experience-slide-images texture  align wp-block-acf-imagegallery\">\n    <div class=\"container our-guides-rows position-relative\">\n        <div class=\"row\">\n            <div class=\"col-xxl-8 col-lg-8 col-md-12 col-12\">\n                <div class=\"row\">\n                                                <div class=\"col-xxl-4 text-center col-lg-4 col-md-4 col-12\">\n                                <div class=\"bg bg2\" style=\"background: url(https:\/\/gemeentegrot.nl\/wp-content\/uploads\/2026\/04\/DSC06349.jpg) 50% 50% no-repeat; background-size: cover;\">\n                                                                            <a class=\"plusimg\" href=\"https:\/\/gemeentegrot.nl\/wp-content\/uploads\/2026\/04\/DSC06349.jpg\" data-fancybox=\"gallery\" data-caption=\"Der Luftschutzbunker\">\n                                            <img decoding=\"async\" src=\"https:\/\/gemeentegrot.nl\/wp-content\/themes\/gemeentegrotvalkenburg\/assets\/img\/feature-icon.png\" alt=\"\" aria-hidden=\"true\" \/>\n                                        <\/a>\n                                                                        <div>\n                                        <h3 class=\"display-3\">Der Luftschutzbunker<\/h3>                                    <\/div>\n                                <\/div>\n                            <\/div>\n                                                    <div class=\"col-xxl-8 col-lg-8 col-md-8 col-12\">\n                                <div class=\"bg\" style=\"background: url(https:\/\/gemeentegrot.nl\/wp-content\/uploads\/2026\/04\/Gemeentegrot-BrandinginMotion-LR-19-e1776938794126.jpg) 50% 50% no-repeat; background-size: cover;\">\n                                                                            <a class=\"plusimg\" href=\"https:\/\/gemeentegrot.nl\/wp-content\/uploads\/2026\/04\/Gemeentegrot-BrandinginMotion-LR-19-e1776938794126.jpg\" data-fancybox=\"gallery\" data-caption=\"Spuren der Steinbrecher\">\n                                            <img decoding=\"async\" src=\"https:\/\/gemeentegrot.nl\/wp-content\/themes\/gemeentegrotvalkenburg\/assets\/img\/feature-icon.png\" alt=\"\" aria-hidden=\"true\" \/>\n                                        <\/a>\n                                                                        <div>\n                                        <h3 class=\"display-3\">Spuren der Steinbrecher<\/h3>                                    <\/div>\n                                <\/div>\n                            <\/div>\n                                                    <div class=\"col-xxl-8 col-lg-8 col-md-8 col-12\">\n                                <div class=\"bg\" style=\"background: url(https:\/\/gemeentegrot.nl\/wp-content\/uploads\/2026\/04\/DSC06310.jpg) 50% 50% no-repeat; background-size: cover;\">\n                                                                            <a class=\"plusimg\" href=\"https:\/\/gemeentegrot.nl\/wp-content\/uploads\/2026\/04\/DSC06310.jpg\" data-fancybox=\"gallery\" data-caption=\"Schutzr\u00e4ume\">\n                                            <img decoding=\"async\" src=\"https:\/\/gemeentegrot.nl\/wp-content\/themes\/gemeentegrotvalkenburg\/assets\/img\/feature-icon.png\" alt=\"\" aria-hidden=\"true\" \/>\n                                        <\/a>\n                                                                        <div>\n                                        <h3 class=\"display-3\">Schutzr\u00e4ume<\/h3>                                    <\/div>\n                                <\/div>\n                            <\/div>\n                                                    <div class=\"col-xxl-4 text-center col-lg-4 col-md-4 col-12\">\n                                <div class=\"bg bg2\" style=\"background: url(https:\/\/gemeentegrot.nl\/wp-content\/uploads\/2026\/04\/Gemeentegrot-BrandinginMotion-LR-24.jpg) 50% 50% no-repeat; background-size: cover;\">\n                                                                            <a class=\"plusimg\" href=\"https:\/\/gemeentegrot.nl\/wp-content\/uploads\/2026\/04\/Gemeentegrot-BrandinginMotion-LR-24.jpg\" data-fancybox=\"gallery\" data-caption=\"Buchhaltung der Steinbrecher\">\n                                            <img decoding=\"async\" src=\"https:\/\/gemeentegrot.nl\/wp-content\/themes\/gemeentegrotvalkenburg\/assets\/img\/feature-icon.png\" alt=\"\" aria-hidden=\"true\" \/>\n                                        <\/a>\n                                                                        <div>\n                                        <h3 class=\"display-3\">Buchhaltung der Steinbrecher<\/h3>                                    <\/div>\n                                <\/div>\n                            <\/div>\n                                                            <\/div>\n            <\/div>\n            <div class=\"col-xxl-4 col-lg-4 col-md-12 col-12\">\n                                    <div class=\"bg big\" style=\"background: url(https:\/\/gemeentegrot.nl\/wp-content\/uploads\/2026\/04\/DSC06215.jpg) 50% 50% no-repeat; background-size: cover;\">\n                                                    <a class=\"plusimg\" href=\"https:\/\/gemeentegrot.nl\/wp-content\/uploads\/2026\/04\/DSC06215.jpg\" data-fancybox=\"gallery\" data-caption=\"Gewinner eines Radrennens\">\n                                <img decoding=\"async\" src=\"https:\/\/gemeentegrot.nl\/wp-content\/themes\/gemeentegrotvalkenburg\/assets\/img\/feature-icon.png\" alt=\"\" aria-hidden=\"true\" \/>\n                            <\/a>\n                                                <div>\n                            <h3 class=\"display-3\">Gewinner eines Radrennens<\/h3>                        <\/div>\n                    <\/div>\n                            <\/div>\n        <\/div>\n    <\/div>\n<\/section>\n\n\n<section class=\"experience-cta advanture experience pb-0 texture  align wp-block-acf-experiencecta\">\n    <div class=\"container\">\n        <div class=\"row position-relative justify-content-center\">\n            <img decoding=\"async\" class=\"art1\" src=\"https:\/\/gemeentegrot.nl\/wp-content\/themes\/gemeentegrotvalkenburg\/assets\/img\/advanture-art.png\" alt=\"\">\n            <div class=\"col-xxl-7 text-center col-lg-12 col-md-12 col-12\">\n                <div class=\"section-title\">\n                    <h2 class=\"display-2\">Dein Abenteuer beginnt hier<\/h2><p>Neugierig auf die Geschichten aus der Grotte? Komm vorbei und mach eine F\u00fchrung mit, um die Geschichten zu entdecken, die in den G\u00e4ngen und W\u00e4nden verborgen liegen.<\/p>\n                    <div class=\"buttons justify-content-center\"><a href=\"https:\/\/gemeentegrot.nl\/de\/tickets\/\" class=\"btn btn-default\" target=\"\">Tickets <i class=\"fa fa-angle-right\"><\/i><\/a><\/div>                <\/div>\n            <\/div>\n        <\/div>\n    <\/div>\n    <img decoding=\"async\" class=\"w-100 align-img\" src=\"https:\/\/gemeentegrot.nl\/wp-content\/themes\/gemeentegrotvalkenburg\/assets\/img\/bg-contact3.png\" alt=\"\" aria-hidden=\"true\" \/>\n<\/section>\n","protected":false},"excerpt":{"rendered":"","protected":false},"author":2,"featured_media":0,"parent":0,"menu_order":2,"comment_status":"closed","ping_status":"closed","template":"","meta":{"_acf_changed":false,"footnotes":""},"class_list":["post-2152","page","type-page","status-publish","hentry"],"acf":[],"yoast_head":"<!-- This site is optimized with the Yoast SEO plugin v27.5 - https:\/\/yoast.com\/product\/yoast-seo-wordpress\/ -->\n<title>Geschichten der Grotte - Gemeentegrot Valkenburg<\/title>\n<meta name=\"robots\" content=\"index, follow, max-snippet:-1, max-image-preview:large, max-video-preview:-1\" \/>\n<link rel=\"canonical\" href=\"https:\/\/gemeentegrot.nl\/de\/geschichten-der-grotte\/\" \/>\n<meta property=\"og:locale\" content=\"de_DE\" \/>\n<meta property=\"og:type\" content=\"article\" \/>\n<meta property=\"og:title\" content=\"Geschichten der Grotte - Gemeentegrot Valkenburg\" \/>\n<meta property=\"og:url\" content=\"https:\/\/gemeentegrot.nl\/de\/geschichten-der-grotte\/\" \/>\n<meta property=\"og:site_name\" content=\"Gemeentegrot Valkenburg\" \/>\n<meta property=\"article:modified_time\" content=\"2026-04-28T21:37:47+00:00\" \/>\n<meta name=\"twitter:card\" content=\"summary_large_image\" \/>\n<meta name=\"twitter:label1\" content=\"Gesch\u00e4tzte Lesezeit\" \/>\n\t<meta name=\"twitter:data1\" content=\"3\u00a0Minuten\" \/>\n<script type=\"application\/ld+json\" class=\"yoast-schema-graph\">{\"@context\":\"https:\\\/\\\/schema.org\",\"@graph\":[{\"@type\":\"WebPage\",\"@id\":\"https:\\\/\\\/gemeentegrot.nl\\\/de\\\/geschichten-der-grotte\\\/\",\"url\":\"https:\\\/\\\/gemeentegrot.nl\\\/de\\\/geschichten-der-grotte\\\/\",\"name\":\"Geschichten der Grotte - Gemeentegrot Valkenburg\",\"isPartOf\":{\"@id\":\"https:\\\/\\\/gemeentegrot.nl\\\/de\\\/#website\"},\"datePublished\":\"2026-04-15T06:37:30+00:00\",\"dateModified\":\"2026-04-28T21:37:47+00:00\",\"breadcrumb\":{\"@id\":\"https:\\\/\\\/gemeentegrot.nl\\\/de\\\/geschichten-der-grotte\\\/#breadcrumb\"},\"inLanguage\":\"de\",\"potentialAction\":[{\"@type\":\"ReadAction\",\"target\":[\"https:\\\/\\\/gemeentegrot.nl\\\/de\\\/geschichten-der-grotte\\\/\"]}]},{\"@type\":\"BreadcrumbList\",\"@id\":\"https:\\\/\\\/gemeentegrot.nl\\\/de\\\/geschichten-der-grotte\\\/#breadcrumb\",\"itemListElement\":[{\"@type\":\"ListItem\",\"position\":1,\"name\":\"Home\",\"item\":\"https:\\\/\\\/gemeentegrot.nl\\\/de\\\/\"},{\"@type\":\"ListItem\",\"position\":2,\"name\":\"Geschichten der Grotte\"}]},{\"@type\":\"WebSite\",\"@id\":\"https:\\\/\\\/gemeentegrot.nl\\\/de\\\/#website\",\"url\":\"https:\\\/\\\/gemeentegrot.nl\\\/de\\\/\",\"name\":\"Gemeentegrot Valkenburg\",\"description\":\"\",\"potentialAction\":[{\"@type\":\"SearchAction\",\"target\":{\"@type\":\"EntryPoint\",\"urlTemplate\":\"https:\\\/\\\/gemeentegrot.nl\\\/de\\\/?s={search_term_string}\"},\"query-input\":{\"@type\":\"PropertyValueSpecification\",\"valueRequired\":true,\"valueName\":\"search_term_string\"}}],\"inLanguage\":\"de\"}]}<\/script>\n<!-- \/ Yoast SEO plugin. -->","yoast_head_json":{"title":"Geschichten der Grotte - Gemeentegrot Valkenburg","robots":{"index":"index","follow":"follow","max-snippet":"max-snippet:-1","max-image-preview":"max-image-preview:large","max-video-preview":"max-video-preview:-1"},"canonical":"https:\/\/gemeentegrot.nl\/de\/geschichten-der-grotte\/","og_locale":"de_DE","og_type":"article","og_title":"Geschichten der Grotte - Gemeentegrot Valkenburg","og_url":"https:\/\/gemeentegrot.nl\/de\/geschichten-der-grotte\/","og_site_name":"Gemeentegrot Valkenburg","article_modified_time":"2026-04-28T21:37:47+00:00","twitter_card":"summary_large_image","twitter_misc":{"Gesch\u00e4tzte Lesezeit":"3\u00a0Minuten"},"schema":{"@context":"https:\/\/schema.org","@graph":[{"@type":"WebPage","@id":"https:\/\/gemeentegrot.nl\/de\/geschichten-der-grotte\/","url":"https:\/\/gemeentegrot.nl\/de\/geschichten-der-grotte\/","name":"Geschichten der Grotte - Gemeentegrot Valkenburg","isPartOf":{"@id":"https:\/\/gemeentegrot.nl\/de\/#website"},"datePublished":"2026-04-15T06:37:30+00:00","dateModified":"2026-04-28T21:37:47+00:00","breadcrumb":{"@id":"https:\/\/gemeentegrot.nl\/de\/geschichten-der-grotte\/#breadcrumb"},"inLanguage":"de","potentialAction":[{"@type":"ReadAction","target":["https:\/\/gemeentegrot.nl\/de\/geschichten-der-grotte\/"]}]},{"@type":"BreadcrumbList","@id":"https:\/\/gemeentegrot.nl\/de\/geschichten-der-grotte\/#breadcrumb","itemListElement":[{"@type":"ListItem","position":1,"name":"Home","item":"https:\/\/gemeentegrot.nl\/de\/"},{"@type":"ListItem","position":2,"name":"Geschichten der Grotte"}]},{"@type":"WebSite","@id":"https:\/\/gemeentegrot.nl\/de\/#website","url":"https:\/\/gemeentegrot.nl\/de\/","name":"Gemeentegrot Valkenburg","description":"","potentialAction":[{"@type":"SearchAction","target":{"@type":"EntryPoint","urlTemplate":"https:\/\/gemeentegrot.nl\/de\/?s={search_term_string}"},"query-input":{"@type":"PropertyValueSpecification","valueRequired":true,"valueName":"search_term_string"}}],"inLanguage":"de"}]}},"_links":{"self":[{"href":"https:\/\/gemeentegrot.nl\/de\/wp-json\/wp\/v2\/pages\/2152","targetHints":{"allow":["GET"]}}],"collection":[{"href":"https:\/\/gemeentegrot.nl\/de\/wp-json\/wp\/v2\/pages"}],"about":[{"href":"https:\/\/gemeentegrot.nl\/de\/wp-json\/wp\/v2\/types\/page"}],"author":[{"embeddable":true,"href":"https:\/\/gemeentegrot.nl\/de\/wp-json\/wp\/v2\/users\/2"}],"replies":[{"embeddable":true,"href":"https:\/\/gemeentegrot.nl\/de\/wp-json\/wp\/v2\/comments?post=2152"}],"version-history":[{"count":3,"href":"https:\/\/gemeentegrot.nl\/de\/wp-json\/wp\/v2\/pages\/2152\/revisions"}],"predecessor-version":[{"id":2957,"href":"https:\/\/gemeentegrot.nl\/de\/wp-json\/wp\/v2\/pages\/2152\/revisions\/2957"}],"wp:attachment":[{"href":"https:\/\/gemeentegrot.nl\/de\/wp-json\/wp\/v2\/media?parent=2152"}],"curies":[{"name":"wp","href":"https:\/\/api.w.org\/{rel}","templated":true}]}}